{"id":351,"date":"2016-05-05T08:08:33","date_gmt":"2016-05-05T08:08:33","guid":{"rendered":"http:\/\/wp.nootheme.com\/mebla\/dummy\/?page_id=351"},"modified":"2024-05-15T03:14:20","modified_gmt":"2024-05-15T06:14:20","slug":"almofada-abajur-cristal-de-murano-movel-luminaria-tapete-lustres","status":"publish","type":"page","link":"https:\/\/anawawelberg.com.br\/","title":{"rendered":"Home Ana Luiza Wawelberg"},"content":{"rendered":"<div class=\"wpb-content-wrapper\"><p>[vc_row full_width=&#8221;stretch_row_content&#8221; content_placement=&#8221;top&#8221;][vc_column][vc_empty_space height=&#8221;10px&#8221;][vc_column_text css=&#8221;.vc_custom_1646940021542{margin-top: -1px !important;padding-top: 10px !important;padding-right: 10px !important;padding-bottom: 10px !important;padding-left: 10px !important;background-color: #154d4b !important;}&#8221;]<\/p>\n<p style=\"text-align: center;\"><span style=\"color: #ffffff; font-size: 1.2em;\"><strong><span class=\"LrzXr\">Visite nossa loja f\u00edsica ou solicite um or\u00e7amento na p\u00e1gina do produto ou via WhatsApp<\/span><\/strong><\/span><\/p>\n<p>[\/vc_column_text][vc_column_text css=&#8221;.vc_custom_1605994290631{margin-top: -1px !important;padding-right: 10px !important;padding-bottom: 10px !important;padding-left: 10px !important;background-color: #154d4b !important;}&#8221;]<\/p>\n<p style=\"text-align: center;\"><span style=\"color: #ffffff; font-size: 1em;\"><span class=\"LrzXr\">Alameda Gabriel Monteiro da Silva, 1113 &#8211; Jardim Am\u00e9rica, S\u00e3o Paulo &#8211; SP, CEP: 01441-000<\/span><\/span><\/p>\n<p>[\/vc_column_text][vc_empty_space height=&#8221;10px&#8221;][\/vc_column][\/vc_row][vc_row full_width=&#8221;stretch_row_content&#8221; full_height=&#8221;yes&#8221; equal_height=&#8221;yes&#8221;][vc_column el_class=&#8221;padding-box-product&#8221; css=&#8221;.vc_custom_1591205721109{margin-top: 50px !important;}&#8221;]            <div class=\"noo-shortcode-product-wrap\">\n            <div class=\"noo-product-header\">\n                <h3><span>ALMOFADAS<\/span><\/h3>\n\n                <p>Conforto e eleg\u00e2ncia para combinar com sua decora\u00e7\u00e3o<\/p>\n            <\/div>\n                        <div class=\"noo-sh-product-grid woocommerce \">\n            <div class=\"spinner\">\n                <div class=\"bounce1\"><\/div>\n                <div class=\"bounce2\"><\/div>\n                <div class=\"bounce3\"><\/div>\n            <\/div>\n            <div class=\"noo-sh-product-html columns_5 no_masonry two row is-flex\">\n            <div class=\"noo-product-item noo-product-sm-4 not_featured post-9674 product type-product status-publish has-post-thumbnail product_cat-almofadas product_cat-decoracao product_tag-almofada-be-star-blue-7 product_tag-almofada-best-mother-green-5-frente-em-la-bordada has-featured first outofstock featured taxable shipping-taxable purchasable product-type-simple\">\n    <div class=\"noo-product-inner noo-product-inner2\">\n        \t        <div class=\"noo-product-thumbnail\">\r\n\t            <a href=\"https:\/\/anawawelberg.com.br\/?product=almofada-best-mother-red\" class=\"noo-thumbnail-product hover-device\">\r\n\t\t\t\t\t\t                <img loading=\"lazy\" decoding=\"async\" width=\"650\" height=\"650\" src=\"https:\/\/anawawelberg.com.br\/wp-content\/uploads\/2021\/05\/Almofada-Best-Mother-Red-650x650.jpg\" class=\"attachment-noo-thumbnail-product size-noo-thumbnail-product wp-post-image\" alt=\"\" srcset=\"https:\/\/anawawelberg.com.br\/wp-content\/uploads\/2021\/05\/Almofada-Best-Mother-Red-650x650.jpg 650w, https:\/\/anawawelberg.com.br\/wp-content\/uploads\/2021\/05\/Almofada-Best-Mother-Red-300x300.jpg 300w, https:\/\/anawawelberg.com.br\/wp-content\/uploads\/2021\/05\/Almofada-Best-Mother-Red-150x150.jpg 150w, https:\/\/anawawelberg.com.br\/wp-content\/uploads\/2021\/05\/Almofada-Best-Mother-Red-768x768.jpg 768w, https:\/\/anawawelberg.com.br\/wp-content\/uploads\/2021\/05\/Almofada-Best-Mother-Red-30x30.jpg 30w, https:\/\/anawawelberg.com.br\/wp-content\/uploads\/2021\/05\/Almofada-Best-Mother-Red-600x600.jpg 600w, https:\/\/anawawelberg.com.br\/wp-content\/uploads\/2021\/05\/Almofada-Best-Mother-Red-100x100.jpg 100w, https:\/\/anawawelberg.com.br\/wp-content\/uploads\/2021\/05\/Almofada-Best-Mother-Red.jpg 800w\" sizes=\"auto, (max-width: 650px) 100vw, 650px\" \/><img loading=\"lazy\" decoding=\"async\" width=\"650\" height=\"650\" src=\"https:\/\/anawawelberg.com.br\/wp-content\/uploads\/2020\/11\/Almofada-Best-Mother-Green-5-035-x-020-AL04063-05-650x650.jpg\" class=\"second-img\" alt=\"\" srcset=\"https:\/\/anawawelberg.com.br\/wp-content\/uploads\/2020\/11\/Almofada-Best-Mother-Green-5-035-x-020-AL04063-05-650x650.jpg 650w, https:\/\/anawawelberg.com.br\/wp-content\/uploads\/2020\/11\/Almofada-Best-Mother-Green-5-035-x-020-AL04063-05-300x300.jpg 300w, https:\/\/anawawelberg.com.br\/wp-content\/uploads\/2020\/11\/Almofada-Best-Mother-Green-5-035-x-020-AL04063-05-150x150.jpg 150w, https:\/\/anawawelberg.com.br\/wp-content\/uploads\/2020\/11\/Almofada-Best-Mother-Green-5-035-x-020-AL04063-05-768x768.jpg 768w, https:\/\/anawawelberg.com.br\/wp-content\/uploads\/2020\/11\/Almofada-Best-Mother-Green-5-035-x-020-AL04063-05-30x30.jpg 30w, https:\/\/anawawelberg.com.br\/wp-content\/uploads\/2020\/11\/Almofada-Best-Mother-Green-5-035-x-020-AL04063-05-600x600.jpg 600w, https:\/\/anawawelberg.com.br\/wp-content\/uploads\/2020\/11\/Almofada-Best-Mother-Green-5-035-x-020-AL04063-05-100x100.jpg 100w, https:\/\/anawawelberg.com.br\/wp-content\/uploads\/2020\/11\/Almofada-Best-Mother-Green-5-035-x-020-AL04063-05.jpg 800w\" sizes=\"auto, (max-width: 650px) 100vw, 650px\" \/>\t\t\t\t\t            <\/a>\r\n\t            \t        <div class=\"noo-product-meta\">\r\n\t            \t            <span data-id=\"9674\" class=\"noo-quick-view icon_zoom-in_alt\"><\/span>\r\n\t        <\/div>\r\n\t        \t        <\/div>\r\n\t    <h3><a href=\"https:\/\/anawawelberg.com.br\/?product=almofada-best-mother-red\">Almofada Best Mother Red<\/a><\/h3><div class=\"shop-loo-after-item\">\n<\/div><div class=\"noo-loop-cart\">\t\t\t<input type=\"hidden\" class=\"wpmProductId\" data-id=\"9674\">\n\t\t\t\t\t<script>\n\t\t\t(window.wpmDataLayer = window.wpmDataLayer || {}).products             = window.wpmDataLayer.products || {};\n\t\t\twindow.wpmDataLayer.products[9674] = {\"id\":\"9674\",\"sku\":\"AL04050\",\"price\":200,\"brand\":\"\",\"quantity\":1,\"dyn_r_ids\":{\"post_id\":\"9674\",\"sku\":\"AL04050\",\"gpf\":\"woocommerce_gpf_9674\",\"gla\":\"gla_9674\"},\"is_variable\":false,\"type\":\"simple\",\"name\":\"Almofada Best Mother Red\",\"category\":[\"Almofadas\",\"Decora\u00e7\u00e3o\"],\"is_variation\":false};\n\t\t\t\t\twindow.pmw_product_position = window.pmw_product_position || 1;\n\t\twindow.wpmDataLayer.products[9674]['position'] = window.pmw_product_position++;\n\t\t\t\t<\/script>\n\t\t<\/div>    <\/div><!--end .noo-product-inner-->\n<\/div>\n<div class=\"noo-product-item noo-product-sm-4 not_featured post-9673 product type-product status-publish has-post-thumbnail product_cat-almofadas product_cat-decoracao product_tag-almofada-be-star-blue-7 product_tag-almofada-best-mother-green-5-frente-em-la-bordada has-featured  instock featured taxable shipping-taxable purchasable product-type-simple\">\n    <div class=\"noo-product-inner noo-product-inner2\">\n        \t        <div class=\"noo-product-thumbnail\">\r\n\t            <a href=\"https:\/\/anawawelberg.com.br\/?product=almofada-best-mother-blue\" class=\"noo-thumbnail-product hover-device\">\r\n\t\t\t\t\t\t                <img loading=\"lazy\" decoding=\"async\" width=\"650\" height=\"650\" src=\"https:\/\/anawawelberg.com.br\/wp-content\/uploads\/2021\/05\/Almofada-Best-Mother-Blue-650x650.jpg\" class=\"attachment-noo-thumbnail-product size-noo-thumbnail-product wp-post-image\" alt=\"\" srcset=\"https:\/\/anawawelberg.com.br\/wp-content\/uploads\/2021\/05\/Almofada-Best-Mother-Blue-650x650.jpg 650w, https:\/\/anawawelberg.com.br\/wp-content\/uploads\/2021\/05\/Almofada-Best-Mother-Blue-300x300.jpg 300w, https:\/\/anawawelberg.com.br\/wp-content\/uploads\/2021\/05\/Almofada-Best-Mother-Blue-150x150.jpg 150w, https:\/\/anawawelberg.com.br\/wp-content\/uploads\/2021\/05\/Almofada-Best-Mother-Blue-768x768.jpg 768w, https:\/\/anawawelberg.com.br\/wp-content\/uploads\/2021\/05\/Almofada-Best-Mother-Blue-30x30.jpg 30w, https:\/\/anawawelberg.com.br\/wp-content\/uploads\/2021\/05\/Almofada-Best-Mother-Blue-600x600.jpg 600w, https:\/\/anawawelberg.com.br\/wp-content\/uploads\/2021\/05\/Almofada-Best-Mother-Blue-100x100.jpg 100w, https:\/\/anawawelberg.com.br\/wp-content\/uploads\/2021\/05\/Almofada-Best-Mother-Blue.jpg 800w\" sizes=\"auto, (max-width: 650px) 100vw, 650px\" \/><img loading=\"lazy\" decoding=\"async\" width=\"650\" height=\"650\" src=\"https:\/\/anawawelberg.com.br\/wp-content\/uploads\/2020\/11\/Almofada-Best-Mother-Green-5-035-x-020-AL04063-05-650x650.jpg\" class=\"second-img\" alt=\"\" srcset=\"https:\/\/anawawelberg.com.br\/wp-content\/uploads\/2020\/11\/Almofada-Best-Mother-Green-5-035-x-020-AL04063-05-650x650.jpg 650w, https:\/\/anawawelberg.com.br\/wp-content\/uploads\/2020\/11\/Almofada-Best-Mother-Green-5-035-x-020-AL04063-05-300x300.jpg 300w, https:\/\/anawawelberg.com.br\/wp-content\/uploads\/2020\/11\/Almofada-Best-Mother-Green-5-035-x-020-AL04063-05-150x150.jpg 150w, https:\/\/anawawelberg.com.br\/wp-content\/uploads\/2020\/11\/Almofada-Best-Mother-Green-5-035-x-020-AL04063-05-768x768.jpg 768w, https:\/\/anawawelberg.com.br\/wp-content\/uploads\/2020\/11\/Almofada-Best-Mother-Green-5-035-x-020-AL04063-05-30x30.jpg 30w, https:\/\/anawawelberg.com.br\/wp-content\/uploads\/2020\/11\/Almofada-Best-Mother-Green-5-035-x-020-AL04063-05-600x600.jpg 600w, https:\/\/anawawelberg.com.br\/wp-content\/uploads\/2020\/11\/Almofada-Best-Mother-Green-5-035-x-020-AL04063-05-100x100.jpg 100w, https:\/\/anawawelberg.com.br\/wp-content\/uploads\/2020\/11\/Almofada-Best-Mother-Green-5-035-x-020-AL04063-05.jpg 800w\" sizes=\"auto, (max-width: 650px) 100vw, 650px\" \/>\t\t\t\t\t            <\/a>\r\n\t            \t        <div class=\"noo-product-meta\">\r\n\t            \t            <span data-id=\"9673\" class=\"noo-quick-view icon_zoom-in_alt\"><\/span>\r\n\t        <\/div>\r\n\t        \t        <\/div>\r\n\t    <h3><a href=\"https:\/\/anawawelberg.com.br\/?product=almofada-best-mother-blue\">Almofada Best Mother Blue<\/a><\/h3><div class=\"shop-loo-after-item\">\n<\/div><div class=\"noo-loop-cart\">\t\t\t<input type=\"hidden\" class=\"wpmProductId\" data-id=\"9673\">\n\t\t\t\t\t<script>\n\t\t\t(window.wpmDataLayer = window.wpmDataLayer || {}).products             = window.wpmDataLayer.products || {};\n\t\t\twindow.wpmDataLayer.products[9673] = {\"id\":\"9673\",\"sku\":\"AL04044\",\"price\":200,\"brand\":\"\",\"quantity\":1,\"dyn_r_ids\":{\"post_id\":\"9673\",\"sku\":\"AL04044\",\"gpf\":\"woocommerce_gpf_9673\",\"gla\":\"gla_9673\"},\"is_variable\":false,\"type\":\"simple\",\"name\":\"Almofada Best Mother Blue\",\"category\":[\"Almofadas\",\"Decora\u00e7\u00e3o\"],\"is_variation\":false};\n\t\t\t\t\twindow.pmw_product_position = window.pmw_product_position || 1;\n\t\twindow.wpmDataLayer.products[9673]['position'] = window.pmw_product_position++;\n\t\t\t\t<\/script>\n\t\t<\/div>    <\/div><!--end .noo-product-inner-->\n<\/div>\n<div class=\"noo-product-item noo-product-sm-4 not_featured post-9531 product type-product status-publish has-post-thumbnail product_cat-almofadas product_tag-almofada-em-linho-com-bordado-joy-comprimento-45cm-largura-15cm-altura-25cm product_tag-ana-luiza-wawelberg has-featured  instock featured taxable shipping-taxable purchasable product-type-simple\">\n    <div class=\"noo-product-inner noo-product-inner2\">\n        \t        <div class=\"noo-product-thumbnail\">\r\n\t            <a href=\"https:\/\/anawawelberg.com.br\/?product=almofada-em-linho-com-bordado-joy\" class=\"noo-thumbnail-product hover-device\">\r\n\t\t\t\t\t\t                <img loading=\"lazy\" decoding=\"async\" width=\"650\" height=\"650\" src=\"https:\/\/anawawelberg.com.br\/wp-content\/uploads\/2021\/03\/Almofada-Linho-Bordada-Joy-AL13428-5-650x650.jpg\" class=\"attachment-noo-thumbnail-product size-noo-thumbnail-product wp-post-image\" alt=\"\" srcset=\"https:\/\/anawawelberg.com.br\/wp-content\/uploads\/2021\/03\/Almofada-Linho-Bordada-Joy-AL13428-5-650x650.jpg 650w, https:\/\/anawawelberg.com.br\/wp-content\/uploads\/2021\/03\/Almofada-Linho-Bordada-Joy-AL13428-5-300x300.jpg 300w, https:\/\/anawawelberg.com.br\/wp-content\/uploads\/2021\/03\/Almofada-Linho-Bordada-Joy-AL13428-5-150x150.jpg 150w, https:\/\/anawawelberg.com.br\/wp-content\/uploads\/2021\/03\/Almofada-Linho-Bordada-Joy-AL13428-5-768x768.jpg 768w, https:\/\/anawawelberg.com.br\/wp-content\/uploads\/2021\/03\/Almofada-Linho-Bordada-Joy-AL13428-5-30x30.jpg 30w, https:\/\/anawawelberg.com.br\/wp-content\/uploads\/2021\/03\/Almofada-Linho-Bordada-Joy-AL13428-5-600x600.jpg 600w, https:\/\/anawawelberg.com.br\/wp-content\/uploads\/2021\/03\/Almofada-Linho-Bordada-Joy-AL13428-5-100x100.jpg 100w, https:\/\/anawawelberg.com.br\/wp-content\/uploads\/2021\/03\/Almofada-Linho-Bordada-Joy-AL13428-5.jpg 800w\" sizes=\"auto, (max-width: 650px) 100vw, 650px\" \/><img loading=\"lazy\" decoding=\"async\" width=\"650\" height=\"650\" src=\"https:\/\/anawawelberg.com.br\/wp-content\/uploads\/2021\/03\/Almofada-Linho-Bordada-Joy-AL13428-650x650.jpg\" class=\"second-img\" alt=\"\" srcset=\"https:\/\/anawawelberg.com.br\/wp-content\/uploads\/2021\/03\/Almofada-Linho-Bordada-Joy-AL13428-650x650.jpg 650w, https:\/\/anawawelberg.com.br\/wp-content\/uploads\/2021\/03\/Almofada-Linho-Bordada-Joy-AL13428-300x300.jpg 300w, https:\/\/anawawelberg.com.br\/wp-content\/uploads\/2021\/03\/Almofada-Linho-Bordada-Joy-AL13428-150x150.jpg 150w, https:\/\/anawawelberg.com.br\/wp-content\/uploads\/2021\/03\/Almofada-Linho-Bordada-Joy-AL13428-768x768.jpg 768w, https:\/\/anawawelberg.com.br\/wp-content\/uploads\/2021\/03\/Almofada-Linho-Bordada-Joy-AL13428-30x30.jpg 30w, https:\/\/anawawelberg.com.br\/wp-content\/uploads\/2021\/03\/Almofada-Linho-Bordada-Joy-AL13428-600x600.jpg 600w, https:\/\/anawawelberg.com.br\/wp-content\/uploads\/2021\/03\/Almofada-Linho-Bordada-Joy-AL13428-100x100.jpg 100w, https:\/\/anawawelberg.com.br\/wp-content\/uploads\/2021\/03\/Almofada-Linho-Bordada-Joy-AL13428.jpg 800w\" sizes=\"auto, (max-width: 650px) 100vw, 650px\" \/>\t\t\t\t\t            <\/a>\r\n\t            \t        <div class=\"noo-product-meta\">\r\n\t            \t            <span data-id=\"9531\" class=\"noo-quick-view icon_zoom-in_alt\"><\/span>\r\n\t        <\/div>\r\n\t        \t        <\/div>\r\n\t    <h3><a href=\"https:\/\/anawawelberg.com.br\/?product=almofada-em-linho-com-bordado-joy\">Almofada em Linho com Bordado Joy<\/a><\/h3><div class=\"shop-loo-after-item\">\n<\/div><div class=\"noo-loop-cart\">\t\t\t<input type=\"hidden\" class=\"wpmProductId\" data-id=\"9531\">\n\t\t\t\t\t<script>\n\t\t\t(window.wpmDataLayer = window.wpmDataLayer || {}).products             = window.wpmDataLayer.products || {};\n\t\t\twindow.wpmDataLayer.products[9531] = {\"id\":\"9531\",\"sku\":\"AL13428\",\"price\":514,\"brand\":\"\",\"quantity\":1,\"dyn_r_ids\":{\"post_id\":\"9531\",\"sku\":\"AL13428\",\"gpf\":\"woocommerce_gpf_9531\",\"gla\":\"gla_9531\"},\"is_variable\":false,\"type\":\"simple\",\"name\":\"Almofada em Linho com Bordado Joy\",\"category\":[\"Almofadas\"],\"is_variation\":false};\n\t\t\t\t\twindow.pmw_product_position = window.pmw_product_position || 1;\n\t\twindow.wpmDataLayer.products[9531]['position'] = window.pmw_product_position++;\n\t\t\t\t<\/script>\n\t\t<\/div>    <\/div><!--end .noo-product-inner-->\n<\/div>\n<div class=\"noo-product-item noo-product-sm-4 not_featured post-9530 product type-product status-publish has-post-thumbnail product_cat-almofadas product_tag-almofada-rinheira-em-linho-na-cor-laranja-com-bordado-relax product_tag-ana-luiza-wawelberg has-featured  instock featured taxable shipping-taxable purchasable product-type-simple\">\n    <div class=\"noo-product-inner noo-product-inner2\">\n        \t        <div class=\"noo-product-thumbnail\">\r\n\t            <a href=\"https:\/\/anawawelberg.com.br\/?product=almofada-rinheira-linho-laranja-relax\" class=\"noo-thumbnail-product hover-device\">\r\n\t\t\t\t\t\t                <img loading=\"lazy\" decoding=\"async\" width=\"650\" height=\"650\" src=\"https:\/\/anawawelberg.com.br\/wp-content\/uploads\/2021\/03\/Almofada-Rinheira-Linho-Laranja-05-x03-AL13395-5-650x650.jpg\" class=\"attachment-noo-thumbnail-product size-noo-thumbnail-product wp-post-image\" alt=\"\" srcset=\"https:\/\/anawawelberg.com.br\/wp-content\/uploads\/2021\/03\/Almofada-Rinheira-Linho-Laranja-05-x03-AL13395-5-650x650.jpg 650w, https:\/\/anawawelberg.com.br\/wp-content\/uploads\/2021\/03\/Almofada-Rinheira-Linho-Laranja-05-x03-AL13395-5-300x300.jpg 300w, https:\/\/anawawelberg.com.br\/wp-content\/uploads\/2021\/03\/Almofada-Rinheira-Linho-Laranja-05-x03-AL13395-5-150x150.jpg 150w, https:\/\/anawawelberg.com.br\/wp-content\/uploads\/2021\/03\/Almofada-Rinheira-Linho-Laranja-05-x03-AL13395-5-768x768.jpg 768w, https:\/\/anawawelberg.com.br\/wp-content\/uploads\/2021\/03\/Almofada-Rinheira-Linho-Laranja-05-x03-AL13395-5-30x30.jpg 30w, https:\/\/anawawelberg.com.br\/wp-content\/uploads\/2021\/03\/Almofada-Rinheira-Linho-Laranja-05-x03-AL13395-5-600x600.jpg 600w, https:\/\/anawawelberg.com.br\/wp-content\/uploads\/2021\/03\/Almofada-Rinheira-Linho-Laranja-05-x03-AL13395-5-100x100.jpg 100w, https:\/\/anawawelberg.com.br\/wp-content\/uploads\/2021\/03\/Almofada-Rinheira-Linho-Laranja-05-x03-AL13395-5.jpg 800w\" sizes=\"auto, (max-width: 650px) 100vw, 650px\" \/><img loading=\"lazy\" decoding=\"async\" width=\"650\" height=\"650\" src=\"https:\/\/anawawelberg.com.br\/wp-content\/uploads\/2021\/03\/Almofada-Rinheira-Linho-Laranja-05-x03-AL13395-650x650.jpg\" class=\"second-img\" alt=\"\" srcset=\"https:\/\/anawawelberg.com.br\/wp-content\/uploads\/2021\/03\/Almofada-Rinheira-Linho-Laranja-05-x03-AL13395-650x650.jpg 650w, https:\/\/anawawelberg.com.br\/wp-content\/uploads\/2021\/03\/Almofada-Rinheira-Linho-Laranja-05-x03-AL13395-300x300.jpg 300w, https:\/\/anawawelberg.com.br\/wp-content\/uploads\/2021\/03\/Almofada-Rinheira-Linho-Laranja-05-x03-AL13395-150x150.jpg 150w, https:\/\/anawawelberg.com.br\/wp-content\/uploads\/2021\/03\/Almofada-Rinheira-Linho-Laranja-05-x03-AL13395-768x768.jpg 768w, https:\/\/anawawelberg.com.br\/wp-content\/uploads\/2021\/03\/Almofada-Rinheira-Linho-Laranja-05-x03-AL13395-30x30.jpg 30w, https:\/\/anawawelberg.com.br\/wp-content\/uploads\/2021\/03\/Almofada-Rinheira-Linho-Laranja-05-x03-AL13395-600x600.jpg 600w, https:\/\/anawawelberg.com.br\/wp-content\/uploads\/2021\/03\/Almofada-Rinheira-Linho-Laranja-05-x03-AL13395-100x100.jpg 100w, https:\/\/anawawelberg.com.br\/wp-content\/uploads\/2021\/03\/Almofada-Rinheira-Linho-Laranja-05-x03-AL13395.jpg 800w\" sizes=\"auto, (max-width: 650px) 100vw, 650px\" \/>\t\t\t\t\t            <\/a>\r\n\t            \t        <div class=\"noo-product-meta\">\r\n\t            \t            <span data-id=\"9530\" class=\"noo-quick-view icon_zoom-in_alt\"><\/span>\r\n\t        <\/div>\r\n\t        \t        <\/div>\r\n\t    <h3><a href=\"https:\/\/anawawelberg.com.br\/?product=almofada-rinheira-linho-laranja-relax\">Almofada Rinheira em Linho na Cor Laranja com Bordado Relax<\/a><\/h3><div class=\"shop-loo-after-item\">\n<\/div><div class=\"noo-loop-cart\">\t\t\t<input type=\"hidden\" class=\"wpmProductId\" data-id=\"9530\">\n\t\t\t\t\t<script>\n\t\t\t(window.wpmDataLayer = window.wpmDataLayer || {}).products             = window.wpmDataLayer.products || {};\n\t\t\twindow.wpmDataLayer.products[9530] = {\"id\":\"9530\",\"sku\":\"AL13395\",\"price\":650,\"brand\":\"\",\"quantity\":1,\"dyn_r_ids\":{\"post_id\":\"9530\",\"sku\":\"AL13395\",\"gpf\":\"woocommerce_gpf_9530\",\"gla\":\"gla_9530\"},\"is_variable\":false,\"type\":\"simple\",\"name\":\"Almofada Rinheira em Linho na Cor Laranja com Bordado Relax\",\"category\":[\"Almofadas\"],\"is_variation\":false};\n\t\t\t\t\twindow.pmw_product_position = window.pmw_product_position || 1;\n\t\twindow.wpmDataLayer.products[9530]['position'] = window.pmw_product_position++;\n\t\t\t\t<\/script>\n\t\t<\/div>    <\/div><!--end .noo-product-inner-->\n<\/div>\n<div class=\"noo-product-item noo-product-sm-4 not_featured post-9524 product type-product status-publish has-post-thumbnail product_cat-almofadas product_tag-almofada-fish-em-linho-com-cordao-amarelo product_tag-ana-luiza-wawelberg has-featured last instock featured taxable shipping-taxable purchasable product-type-simple\">\n    <div class=\"noo-product-inner noo-product-inner2\">\n        \t        <div class=\"noo-product-thumbnail\">\r\n\t            <a href=\"https:\/\/anawawelberg.com.br\/?product=almofada-fish-em-linho-com-cordao-amarelo\" class=\"noo-thumbnail-product hover-device\">\r\n\t\t\t\t\t\t                <img loading=\"lazy\" decoding=\"async\" width=\"650\" height=\"650\" src=\"https:\/\/anawawelberg.com.br\/wp-content\/uploads\/2021\/03\/Almofada-Fish-Linho-Com-Cordao-Amarelo-AL13372-5-1-650x650.jpg\" class=\"attachment-noo-thumbnail-product size-noo-thumbnail-product wp-post-image\" alt=\"\" srcset=\"https:\/\/anawawelberg.com.br\/wp-content\/uploads\/2021\/03\/Almofada-Fish-Linho-Com-Cordao-Amarelo-AL13372-5-1-650x650.jpg 650w, https:\/\/anawawelberg.com.br\/wp-content\/uploads\/2021\/03\/Almofada-Fish-Linho-Com-Cordao-Amarelo-AL13372-5-1-300x300.jpg 300w, https:\/\/anawawelberg.com.br\/wp-content\/uploads\/2021\/03\/Almofada-Fish-Linho-Com-Cordao-Amarelo-AL13372-5-1-150x150.jpg 150w, https:\/\/anawawelberg.com.br\/wp-content\/uploads\/2021\/03\/Almofada-Fish-Linho-Com-Cordao-Amarelo-AL13372-5-1-768x768.jpg 768w, https:\/\/anawawelberg.com.br\/wp-content\/uploads\/2021\/03\/Almofada-Fish-Linho-Com-Cordao-Amarelo-AL13372-5-1-30x30.jpg 30w, https:\/\/anawawelberg.com.br\/wp-content\/uploads\/2021\/03\/Almofada-Fish-Linho-Com-Cordao-Amarelo-AL13372-5-1-600x600.jpg 600w, https:\/\/anawawelberg.com.br\/wp-content\/uploads\/2021\/03\/Almofada-Fish-Linho-Com-Cordao-Amarelo-AL13372-5-1-100x100.jpg 100w, https:\/\/anawawelberg.com.br\/wp-content\/uploads\/2021\/03\/Almofada-Fish-Linho-Com-Cordao-Amarelo-AL13372-5-1.jpg 800w\" sizes=\"auto, (max-width: 650px) 100vw, 650px\" \/><img loading=\"lazy\" decoding=\"async\" width=\"650\" height=\"650\" src=\"https:\/\/anawawelberg.com.br\/wp-content\/uploads\/2021\/03\/Almofada-Fish-Linho-Com-Cordao-Amarelo-AL13372-650x650.jpg\" class=\"second-img\" alt=\"\" srcset=\"https:\/\/anawawelberg.com.br\/wp-content\/uploads\/2021\/03\/Almofada-Fish-Linho-Com-Cordao-Amarelo-AL13372-650x650.jpg 650w, https:\/\/anawawelberg.com.br\/wp-content\/uploads\/2021\/03\/Almofada-Fish-Linho-Com-Cordao-Amarelo-AL13372-300x300.jpg 300w, https:\/\/anawawelberg.com.br\/wp-content\/uploads\/2021\/03\/Almofada-Fish-Linho-Com-Cordao-Amarelo-AL13372-150x150.jpg 150w, https:\/\/anawawelberg.com.br\/wp-content\/uploads\/2021\/03\/Almofada-Fish-Linho-Com-Cordao-Amarelo-AL13372-768x768.jpg 768w, https:\/\/anawawelberg.com.br\/wp-content\/uploads\/2021\/03\/Almofada-Fish-Linho-Com-Cordao-Amarelo-AL13372-30x30.jpg 30w, https:\/\/anawawelberg.com.br\/wp-content\/uploads\/2021\/03\/Almofada-Fish-Linho-Com-Cordao-Amarelo-AL13372-600x600.jpg 600w, https:\/\/anawawelberg.com.br\/wp-content\/uploads\/2021\/03\/Almofada-Fish-Linho-Com-Cordao-Amarelo-AL13372-100x100.jpg 100w, https:\/\/anawawelberg.com.br\/wp-content\/uploads\/2021\/03\/Almofada-Fish-Linho-Com-Cordao-Amarelo-AL13372.jpg 800w\" sizes=\"auto, (max-width: 650px) 100vw, 650px\" \/>\t\t\t\t\t            <\/a>\r\n\t            \t        <div class=\"noo-product-meta\">\r\n\t            \t            <span data-id=\"9524\" class=\"noo-quick-view icon_zoom-in_alt\"><\/span>\r\n\t        <\/div>\r\n\t        \t        <\/div>\r\n\t    <h3><a href=\"https:\/\/anawawelberg.com.br\/?product=almofada-fish-em-linho-com-cordao-amarelo\">Almofada Fish em Linho com Cord\u00e3o Amarelo<\/a><\/h3><div class=\"shop-loo-after-item\">\n<\/div><div class=\"noo-loop-cart\">\t\t\t<input type=\"hidden\" class=\"wpmProductId\" data-id=\"9524\">\n\t\t\t\t\t<script>\n\t\t\t(window.wpmDataLayer = window.wpmDataLayer || {}).products             = window.wpmDataLayer.products || {};\n\t\t\twindow.wpmDataLayer.products[9524] = {\"id\":\"9524\",\"sku\":\"AL13372\",\"price\":390,\"brand\":\"\",\"quantity\":1,\"dyn_r_ids\":{\"post_id\":\"9524\",\"sku\":\"AL13372\",\"gpf\":\"woocommerce_gpf_9524\",\"gla\":\"gla_9524\"},\"is_variable\":false,\"type\":\"simple\",\"name\":\"Almofada Fish em Linho com Cord\u00e3o Amarelo\",\"category\":[\"Almofadas\"],\"is_variation\":false};\n\t\t\t\t\twindow.pmw_product_position = window.pmw_product_position || 1;\n\t\twindow.wpmDataLayer.products[9524]['position'] = window.pmw_product_position++;\n\t\t\t\t<\/script>\n\t\t<\/div>    <\/div><!--end .noo-product-inner-->\n<\/div>\n<div class=\"noo-product-item noo-product-sm-4 not_featured post-9522 product type-product status-publish has-post-thumbnail product_cat-almofadas product_tag-almofada-marina-wave product_tag-ana-luiza-wawelberg has-featured first instock featured taxable shipping-taxable purchasable product-type-simple\">\n    <div class=\"noo-product-inner noo-product-inner2\">\n        \t        <div class=\"noo-product-thumbnail\">\r\n\t            <a href=\"https:\/\/anawawelberg.com.br\/?product=almofada-marina-wave-ana-luiza-wawelberg\" class=\"noo-thumbnail-product hover-device\">\r\n\t\t\t\t\t\t                <img loading=\"lazy\" decoding=\"async\" width=\"650\" height=\"650\" src=\"https:\/\/anawawelberg.com.br\/wp-content\/uploads\/2021\/03\/Almofada-sem-codigo-5-650x650.jpg\" class=\"attachment-noo-thumbnail-product size-noo-thumbnail-product wp-post-image\" alt=\"\" srcset=\"https:\/\/anawawelberg.com.br\/wp-content\/uploads\/2021\/03\/Almofada-sem-codigo-5-650x650.jpg 650w, https:\/\/anawawelberg.com.br\/wp-content\/uploads\/2021\/03\/Almofada-sem-codigo-5-300x300.jpg 300w, https:\/\/anawawelberg.com.br\/wp-content\/uploads\/2021\/03\/Almofada-sem-codigo-5-150x150.jpg 150w, https:\/\/anawawelberg.com.br\/wp-content\/uploads\/2021\/03\/Almofada-sem-codigo-5-768x768.jpg 768w, https:\/\/anawawelberg.com.br\/wp-content\/uploads\/2021\/03\/Almofada-sem-codigo-5-30x30.jpg 30w, https:\/\/anawawelberg.com.br\/wp-content\/uploads\/2021\/03\/Almofada-sem-codigo-5-600x600.jpg 600w, https:\/\/anawawelberg.com.br\/wp-content\/uploads\/2021\/03\/Almofada-sem-codigo-5-100x100.jpg 100w, https:\/\/anawawelberg.com.br\/wp-content\/uploads\/2021\/03\/Almofada-sem-codigo-5.jpg 800w\" sizes=\"auto, (max-width: 650px) 100vw, 650px\" \/><img loading=\"lazy\" decoding=\"async\" width=\"650\" height=\"650\" src=\"https:\/\/anawawelberg.com.br\/wp-content\/uploads\/2021\/03\/Almofada-sem-codigo-650x650.jpg\" class=\"second-img\" alt=\"\" srcset=\"https:\/\/anawawelberg.com.br\/wp-content\/uploads\/2021\/03\/Almofada-sem-codigo-650x650.jpg 650w, https:\/\/anawawelberg.com.br\/wp-content\/uploads\/2021\/03\/Almofada-sem-codigo-300x300.jpg 300w, https:\/\/anawawelberg.com.br\/wp-content\/uploads\/2021\/03\/Almofada-sem-codigo-150x150.jpg 150w, https:\/\/anawawelberg.com.br\/wp-content\/uploads\/2021\/03\/Almofada-sem-codigo-768x768.jpg 768w, https:\/\/anawawelberg.com.br\/wp-content\/uploads\/2021\/03\/Almofada-sem-codigo-30x30.jpg 30w, https:\/\/anawawelberg.com.br\/wp-content\/uploads\/2021\/03\/Almofada-sem-codigo-600x600.jpg 600w, https:\/\/anawawelberg.com.br\/wp-content\/uploads\/2021\/03\/Almofada-sem-codigo-100x100.jpg 100w, https:\/\/anawawelberg.com.br\/wp-content\/uploads\/2021\/03\/Almofada-sem-codigo.jpg 800w\" sizes=\"auto, (max-width: 650px) 100vw, 650px\" \/>\t\t\t\t\t            <\/a>\r\n\t            \t        <div class=\"noo-product-meta\">\r\n\t            \t            <span data-id=\"9522\" class=\"noo-quick-view icon_zoom-in_alt\"><\/span>\r\n\t        <\/div>\r\n\t        \t        <\/div>\r\n\t    <h3><a href=\"https:\/\/anawawelberg.com.br\/?product=almofada-marina-wave-ana-luiza-wawelberg\">Almofada Marina Wave<\/a><\/h3><div class=\"shop-loo-after-item\">\n<\/div><div class=\"noo-loop-cart\">\t\t\t<input type=\"hidden\" class=\"wpmProductId\" data-id=\"9522\">\n\t\t\t\t\t<script>\n\t\t\t(window.wpmDataLayer = window.wpmDataLayer || {}).products             = window.wpmDataLayer.products || {};\n\t\t\twindow.wpmDataLayer.products[9522] = {\"id\":\"9522\",\"sku\":\"AL11660\",\"price\":1274,\"brand\":\"\",\"quantity\":1,\"dyn_r_ids\":{\"post_id\":\"9522\",\"sku\":\"AL11660\",\"gpf\":\"woocommerce_gpf_9522\",\"gla\":\"gla_9522\"},\"is_variable\":false,\"type\":\"simple\",\"name\":\"Almofada Marina Wave\",\"category\":[\"Almofadas\"],\"is_variation\":false};\n\t\t\t\t\twindow.pmw_product_position = window.pmw_product_position || 1;\n\t\twindow.wpmDataLayer.products[9522]['position'] = window.pmw_product_position++;\n\t\t\t\t<\/script>\n\t\t<\/div>    <\/div><!--end .noo-product-inner-->\n<\/div>\n<div class=\"noo-product-item noo-product-sm-4 not_featured post-9523 product type-product status-publish has-post-thumbnail product_cat-almofadas product_tag-almofada-em-palha-zig-zag-comprimento-54cm-largura-15cm-altura-44cm product_tag-ana-luiza-wawelberg has-featured  instock featured taxable shipping-taxable purchasable product-type-simple\">\n    <div class=\"noo-product-inner noo-product-inner2\">\n        \t        <div class=\"noo-product-thumbnail\">\r\n\t            <a href=\"https:\/\/anawawelberg.com.br\/?product=almofada-em-palha-zig-zag\" class=\"noo-thumbnail-product hover-device\">\r\n\t\t\t\t\t\t                <img loading=\"lazy\" decoding=\"async\" width=\"650\" height=\"650\" src=\"https:\/\/anawawelberg.com.br\/wp-content\/uploads\/2021\/03\/Almofada-Palha-Zig-Zag-AL13308-5-650x650.jpg\" class=\"attachment-noo-thumbnail-product size-noo-thumbnail-product wp-post-image\" alt=\"\" srcset=\"https:\/\/anawawelberg.com.br\/wp-content\/uploads\/2021\/03\/Almofada-Palha-Zig-Zag-AL13308-5-650x650.jpg 650w, https:\/\/anawawelberg.com.br\/wp-content\/uploads\/2021\/03\/Almofada-Palha-Zig-Zag-AL13308-5-300x300.jpg 300w, https:\/\/anawawelberg.com.br\/wp-content\/uploads\/2021\/03\/Almofada-Palha-Zig-Zag-AL13308-5-150x150.jpg 150w, https:\/\/anawawelberg.com.br\/wp-content\/uploads\/2021\/03\/Almofada-Palha-Zig-Zag-AL13308-5-768x768.jpg 768w, https:\/\/anawawelberg.com.br\/wp-content\/uploads\/2021\/03\/Almofada-Palha-Zig-Zag-AL13308-5-30x30.jpg 30w, https:\/\/anawawelberg.com.br\/wp-content\/uploads\/2021\/03\/Almofada-Palha-Zig-Zag-AL13308-5-600x600.jpg 600w, https:\/\/anawawelberg.com.br\/wp-content\/uploads\/2021\/03\/Almofada-Palha-Zig-Zag-AL13308-5-100x100.jpg 100w, https:\/\/anawawelberg.com.br\/wp-content\/uploads\/2021\/03\/Almofada-Palha-Zig-Zag-AL13308-5.jpg 800w\" sizes=\"auto, (max-width: 650px) 100vw, 650px\" \/><img loading=\"lazy\" decoding=\"async\" width=\"650\" height=\"650\" src=\"https:\/\/anawawelberg.com.br\/wp-content\/uploads\/2021\/03\/Almofada-Palha-Zig-Zag-AL13308-650x650.jpg\" class=\"second-img\" alt=\"\" srcset=\"https:\/\/anawawelberg.com.br\/wp-content\/uploads\/2021\/03\/Almofada-Palha-Zig-Zag-AL13308-650x650.jpg 650w, https:\/\/anawawelberg.com.br\/wp-content\/uploads\/2021\/03\/Almofada-Palha-Zig-Zag-AL13308-300x300.jpg 300w, https:\/\/anawawelberg.com.br\/wp-content\/uploads\/2021\/03\/Almofada-Palha-Zig-Zag-AL13308-150x150.jpg 150w, https:\/\/anawawelberg.com.br\/wp-content\/uploads\/2021\/03\/Almofada-Palha-Zig-Zag-AL13308-768x768.jpg 768w, https:\/\/anawawelberg.com.br\/wp-content\/uploads\/2021\/03\/Almofada-Palha-Zig-Zag-AL13308-30x30.jpg 30w, https:\/\/anawawelberg.com.br\/wp-content\/uploads\/2021\/03\/Almofada-Palha-Zig-Zag-AL13308-600x600.jpg 600w, https:\/\/anawawelberg.com.br\/wp-content\/uploads\/2021\/03\/Almofada-Palha-Zig-Zag-AL13308-100x100.jpg 100w, https:\/\/anawawelberg.com.br\/wp-content\/uploads\/2021\/03\/Almofada-Palha-Zig-Zag-AL13308.jpg 800w\" sizes=\"auto, (max-width: 650px) 100vw, 650px\" \/>\t\t\t\t\t            <\/a>\r\n\t            \t        <div class=\"noo-product-meta\">\r\n\t            \t            <span data-id=\"9523\" class=\"noo-quick-view icon_zoom-in_alt\"><\/span>\r\n\t        <\/div>\r\n\t        \t        <\/div>\r\n\t    <h3><a href=\"https:\/\/anawawelberg.com.br\/?product=almofada-em-palha-zig-zag\">Almofada em Palha Zig Zag<\/a><\/h3><div class=\"shop-loo-after-item\">\n<\/div><div class=\"noo-loop-cart\">\t\t\t<input type=\"hidden\" class=\"wpmProductId\" data-id=\"9523\">\n\t\t\t\t\t<script>\n\t\t\t(window.wpmDataLayer = window.wpmDataLayer || {}).products             = window.wpmDataLayer.products || {};\n\t\t\twindow.wpmDataLayer.products[9523] = {\"id\":\"9523\",\"sku\":\"AL13308\",\"price\":494,\"brand\":\"\",\"quantity\":1,\"dyn_r_ids\":{\"post_id\":\"9523\",\"sku\":\"AL13308\",\"gpf\":\"woocommerce_gpf_9523\",\"gla\":\"gla_9523\"},\"is_variable\":false,\"type\":\"simple\",\"name\":\"Almofada em Palha Zig Zag\",\"category\":[\"Almofadas\"],\"is_variation\":false};\n\t\t\t\t\twindow.pmw_product_position = window.pmw_product_position || 1;\n\t\twindow.wpmDataLayer.products[9523]['position'] = window.pmw_product_position++;\n\t\t\t\t<\/script>\n\t\t<\/div>    <\/div><!--end .noo-product-inner-->\n<\/div>\n<div class=\"noo-product-item noo-product-sm-4 not_featured post-9521 product type-product status-publish has-post-thumbnail product_cat-almofadas product_tag-almofada-em-linho-cru-com-folhas-bordadas product_tag-ana-luiza-wawelberg has-featured  instock featured taxable shipping-taxable purchasable product-type-simple\">\n    <div class=\"noo-product-inner noo-product-inner2\">\n        \t        <div class=\"noo-product-thumbnail\">\r\n\t            <a href=\"https:\/\/anawawelberg.com.br\/?product=almofada-linho-cru-folhas-bordadas\" class=\"noo-thumbnail-product hover-device\">\r\n\t\t\t\t\t\t                <img loading=\"lazy\" decoding=\"async\" width=\"650\" height=\"650\" src=\"https:\/\/anawawelberg.com.br\/wp-content\/uploads\/2021\/03\/Almofadas-12916-5-650x650.jpg\" class=\"attachment-noo-thumbnail-product size-noo-thumbnail-product wp-post-image\" alt=\"\" srcset=\"https:\/\/anawawelberg.com.br\/wp-content\/uploads\/2021\/03\/Almofadas-12916-5-650x650.jpg 650w, https:\/\/anawawelberg.com.br\/wp-content\/uploads\/2021\/03\/Almofadas-12916-5-300x300.jpg 300w, https:\/\/anawawelberg.com.br\/wp-content\/uploads\/2021\/03\/Almofadas-12916-5-150x150.jpg 150w, https:\/\/anawawelberg.com.br\/wp-content\/uploads\/2021\/03\/Almofadas-12916-5-768x768.jpg 768w, https:\/\/anawawelberg.com.br\/wp-content\/uploads\/2021\/03\/Almofadas-12916-5-30x30.jpg 30w, https:\/\/anawawelberg.com.br\/wp-content\/uploads\/2021\/03\/Almofadas-12916-5-600x600.jpg 600w, https:\/\/anawawelberg.com.br\/wp-content\/uploads\/2021\/03\/Almofadas-12916-5-100x100.jpg 100w, https:\/\/anawawelberg.com.br\/wp-content\/uploads\/2021\/03\/Almofadas-12916-5.jpg 800w\" sizes=\"auto, (max-width: 650px) 100vw, 650px\" \/><img loading=\"lazy\" decoding=\"async\" width=\"650\" height=\"650\" src=\"https:\/\/anawawelberg.com.br\/wp-content\/uploads\/2021\/03\/Almofadas-12916-2-650x650.jpg\" class=\"second-img\" alt=\"\" srcset=\"https:\/\/anawawelberg.com.br\/wp-content\/uploads\/2021\/03\/Almofadas-12916-2-650x650.jpg 650w, https:\/\/anawawelberg.com.br\/wp-content\/uploads\/2021\/03\/Almofadas-12916-2-300x300.jpg 300w, https:\/\/anawawelberg.com.br\/wp-content\/uploads\/2021\/03\/Almofadas-12916-2-150x150.jpg 150w, https:\/\/anawawelberg.com.br\/wp-content\/uploads\/2021\/03\/Almofadas-12916-2-768x768.jpg 768w, https:\/\/anawawelberg.com.br\/wp-content\/uploads\/2021\/03\/Almofadas-12916-2-30x30.jpg 30w, https:\/\/anawawelberg.com.br\/wp-content\/uploads\/2021\/03\/Almofadas-12916-2-600x600.jpg 600w, https:\/\/anawawelberg.com.br\/wp-content\/uploads\/2021\/03\/Almofadas-12916-2-100x100.jpg 100w, https:\/\/anawawelberg.com.br\/wp-content\/uploads\/2021\/03\/Almofadas-12916-2.jpg 800w\" sizes=\"auto, (max-width: 650px) 100vw, 650px\" \/>\t\t\t\t\t            <\/a>\r\n\t            \t        <div class=\"noo-product-meta\">\r\n\t            \t            <span data-id=\"9521\" class=\"noo-quick-view icon_zoom-in_alt\"><\/span>\r\n\t        <\/div>\r\n\t        \t        <\/div>\r\n\t    <h3><a href=\"https:\/\/anawawelberg.com.br\/?product=almofada-linho-cru-folhas-bordadas\">Almofada em Linho Cru com Folhas Bordadas<\/a><\/h3><div class=\"shop-loo-after-item\">\n<\/div><div class=\"noo-loop-cart\">\t\t\t<input type=\"hidden\" class=\"wpmProductId\" data-id=\"9521\">\n\t\t\t\t\t<script>\n\t\t\t(window.wpmDataLayer = window.wpmDataLayer || {}).products             = window.wpmDataLayer.products || {};\n\t\t\twindow.wpmDataLayer.products[9521] = {\"id\":\"9521\",\"sku\":\"AL12916\",\"price\":1040,\"brand\":\"\",\"quantity\":1,\"dyn_r_ids\":{\"post_id\":\"9521\",\"sku\":\"AL12916\",\"gpf\":\"woocommerce_gpf_9521\",\"gla\":\"gla_9521\"},\"is_variable\":false,\"type\":\"simple\",\"name\":\"Almofada em Linho Cru com Folhas Bordadas\",\"category\":[\"Almofadas\"],\"is_variation\":false};\n\t\t\t\t\twindow.pmw_product_position = window.pmw_product_position || 1;\n\t\twindow.wpmDataLayer.products[9521]['position'] = window.pmw_product_position++;\n\t\t\t\t<\/script>\n\t\t<\/div>    <\/div><!--end .noo-product-inner-->\n<\/div>\n<div class=\"noo-product-item noo-product-sm-4 not_featured post-9520 product type-product status-publish has-post-thumbnail product_cat-almofadas product_tag-almofada-em-linho-com-bordado-peace-comprimento-50cm-largura-15cm-altura-30cm product_tag-ana-luiza-wawelberg has-featured  outofstock featured taxable shipping-taxable purchasable product-type-simple\">\n    <div class=\"noo-product-inner noo-product-inner2\">\n        \t        <div class=\"noo-product-thumbnail\">\r\n\t            <a href=\"https:\/\/anawawelberg.com.br\/?product=almofada-em-linho-com-bordado-peace\" class=\"noo-thumbnail-product hover-device\">\r\n\t\t\t\t\t\t                <img loading=\"lazy\" decoding=\"async\" width=\"650\" height=\"650\" src=\"https:\/\/anawawelberg.com.br\/wp-content\/uploads\/2021\/03\/Almofada-Linho-Peace-AL13432-5-650x650.jpg\" class=\"attachment-noo-thumbnail-product size-noo-thumbnail-product wp-post-image\" alt=\"\" srcset=\"https:\/\/anawawelberg.com.br\/wp-content\/uploads\/2021\/03\/Almofada-Linho-Peace-AL13432-5-650x650.jpg 650w, https:\/\/anawawelberg.com.br\/wp-content\/uploads\/2021\/03\/Almofada-Linho-Peace-AL13432-5-300x300.jpg 300w, https:\/\/anawawelberg.com.br\/wp-content\/uploads\/2021\/03\/Almofada-Linho-Peace-AL13432-5-150x150.jpg 150w, https:\/\/anawawelberg.com.br\/wp-content\/uploads\/2021\/03\/Almofada-Linho-Peace-AL13432-5-768x768.jpg 768w, https:\/\/anawawelberg.com.br\/wp-content\/uploads\/2021\/03\/Almofada-Linho-Peace-AL13432-5-30x30.jpg 30w, https:\/\/anawawelberg.com.br\/wp-content\/uploads\/2021\/03\/Almofada-Linho-Peace-AL13432-5-600x600.jpg 600w, https:\/\/anawawelberg.com.br\/wp-content\/uploads\/2021\/03\/Almofada-Linho-Peace-AL13432-5-100x100.jpg 100w, https:\/\/anawawelberg.com.br\/wp-content\/uploads\/2021\/03\/Almofada-Linho-Peace-AL13432-5.jpg 800w\" sizes=\"auto, (max-width: 650px) 100vw, 650px\" \/><img loading=\"lazy\" decoding=\"async\" width=\"650\" height=\"650\" src=\"https:\/\/anawawelberg.com.br\/wp-content\/uploads\/2021\/03\/Almofada-Linho-Peace-AL13432-650x650.jpg\" class=\"second-img\" alt=\"\" srcset=\"https:\/\/anawawelberg.com.br\/wp-content\/uploads\/2021\/03\/Almofada-Linho-Peace-AL13432-650x650.jpg 650w, https:\/\/anawawelberg.com.br\/wp-content\/uploads\/2021\/03\/Almofada-Linho-Peace-AL13432-300x300.jpg 300w, https:\/\/anawawelberg.com.br\/wp-content\/uploads\/2021\/03\/Almofada-Linho-Peace-AL13432-150x150.jpg 150w, https:\/\/anawawelberg.com.br\/wp-content\/uploads\/2021\/03\/Almofada-Linho-Peace-AL13432-768x768.jpg 768w, https:\/\/anawawelberg.com.br\/wp-content\/uploads\/2021\/03\/Almofada-Linho-Peace-AL13432-30x30.jpg 30w, https:\/\/anawawelberg.com.br\/wp-content\/uploads\/2021\/03\/Almofada-Linho-Peace-AL13432-600x600.jpg 600w, https:\/\/anawawelberg.com.br\/wp-content\/uploads\/2021\/03\/Almofada-Linho-Peace-AL13432-100x100.jpg 100w, https:\/\/anawawelberg.com.br\/wp-content\/uploads\/2021\/03\/Almofada-Linho-Peace-AL13432.jpg 800w\" sizes=\"auto, (max-width: 650px) 100vw, 650px\" \/>\t\t\t\t\t            <\/a>\r\n\t            \t        <div class=\"noo-product-meta\">\r\n\t            \t            <span data-id=\"9520\" class=\"noo-quick-view icon_zoom-in_alt\"><\/span>\r\n\t        <\/div>\r\n\t        \t        <\/div>\r\n\t    <h3><a href=\"https:\/\/anawawelberg.com.br\/?product=almofada-em-linho-com-bordado-peace\">Almofada em Linho com Bordado Peace<\/a><\/h3><div class=\"shop-loo-after-item\">\n<\/div><div class=\"noo-loop-cart\">\t\t\t<input type=\"hidden\" class=\"wpmProductId\" data-id=\"9520\">\n\t\t\t\t\t<script>\n\t\t\t(window.wpmDataLayer = window.wpmDataLayer || {}).products             = window.wpmDataLayer.products || {};\n\t\t\twindow.wpmDataLayer.products[9520] = {\"id\":\"9520\",\"sku\":\"AL13432\",\"price\":380,\"brand\":\"\",\"quantity\":1,\"dyn_r_ids\":{\"post_id\":\"9520\",\"sku\":\"AL13432\",\"gpf\":\"woocommerce_gpf_9520\",\"gla\":\"gla_9520\"},\"is_variable\":false,\"type\":\"simple\",\"name\":\"Almofada em Linho com Bordado Peace\",\"category\":[\"Almofadas\"],\"is_variation\":false};\n\t\t\t\t\twindow.pmw_product_position = window.pmw_product_position || 1;\n\t\twindow.wpmDataLayer.products[9520]['position'] = window.pmw_product_position++;\n\t\t\t\t<\/script>\n\t\t<\/div>    <\/div><!--end .noo-product-inner-->\n<\/div>\n<div class=\"noo-product-item noo-product-sm-4 not_featured post-9519 product type-product status-publish has-post-thumbnail product_cat-almofadas product_tag-almofada-em-linho-com-bordado-love product_tag-ana-luiza-wawelberg has-featured last instock featured taxable shipping-taxable purchasable product-type-simple\">\n    <div class=\"noo-product-inner noo-product-inner2\">\n        \t        <div class=\"noo-product-thumbnail\">\r\n\t            <a href=\"https:\/\/anawawelberg.com.br\/?product=almofada-em-linho-com-bordado-love\" class=\"noo-thumbnail-product hover-device\">\r\n\t\t\t\t\t\t                <img loading=\"lazy\" decoding=\"async\" width=\"650\" height=\"650\" src=\"https:\/\/anawawelberg.com.br\/wp-content\/uploads\/2021\/03\/Almofada-Linho-Love-AL13431-5-650x650.jpg\" class=\"attachment-noo-thumbnail-product size-noo-thumbnail-product wp-post-image\" alt=\"\" srcset=\"https:\/\/anawawelberg.com.br\/wp-content\/uploads\/2021\/03\/Almofada-Linho-Love-AL13431-5-650x650.jpg 650w, https:\/\/anawawelberg.com.br\/wp-content\/uploads\/2021\/03\/Almofada-Linho-Love-AL13431-5-300x300.jpg 300w, https:\/\/anawawelberg.com.br\/wp-content\/uploads\/2021\/03\/Almofada-Linho-Love-AL13431-5-150x150.jpg 150w, https:\/\/anawawelberg.com.br\/wp-content\/uploads\/2021\/03\/Almofada-Linho-Love-AL13431-5-768x768.jpg 768w, https:\/\/anawawelberg.com.br\/wp-content\/uploads\/2021\/03\/Almofada-Linho-Love-AL13431-5-30x30.jpg 30w, https:\/\/anawawelberg.com.br\/wp-content\/uploads\/2021\/03\/Almofada-Linho-Love-AL13431-5-600x600.jpg 600w, https:\/\/anawawelberg.com.br\/wp-content\/uploads\/2021\/03\/Almofada-Linho-Love-AL13431-5-100x100.jpg 100w, https:\/\/anawawelberg.com.br\/wp-content\/uploads\/2021\/03\/Almofada-Linho-Love-AL13431-5.jpg 800w\" sizes=\"auto, (max-width: 650px) 100vw, 650px\" \/><img loading=\"lazy\" decoding=\"async\" width=\"650\" height=\"650\" src=\"https:\/\/anawawelberg.com.br\/wp-content\/uploads\/2021\/03\/Almofada-Linho-Love-AL13431-650x650.jpg\" class=\"second-img\" alt=\"\" srcset=\"https:\/\/anawawelberg.com.br\/wp-content\/uploads\/2021\/03\/Almofada-Linho-Love-AL13431-650x650.jpg 650w, https:\/\/anawawelberg.com.br\/wp-content\/uploads\/2021\/03\/Almofada-Linho-Love-AL13431-300x300.jpg 300w, https:\/\/anawawelberg.com.br\/wp-content\/uploads\/2021\/03\/Almofada-Linho-Love-AL13431-150x150.jpg 150w, https:\/\/anawawelberg.com.br\/wp-content\/uploads\/2021\/03\/Almofada-Linho-Love-AL13431-768x768.jpg 768w, https:\/\/anawawelberg.com.br\/wp-content\/uploads\/2021\/03\/Almofada-Linho-Love-AL13431-30x30.jpg 30w, https:\/\/anawawelberg.com.br\/wp-content\/uploads\/2021\/03\/Almofada-Linho-Love-AL13431-600x600.jpg 600w, https:\/\/anawawelberg.com.br\/wp-content\/uploads\/2021\/03\/Almofada-Linho-Love-AL13431-100x100.jpg 100w, https:\/\/anawawelberg.com.br\/wp-content\/uploads\/2021\/03\/Almofada-Linho-Love-AL13431.jpg 800w\" sizes=\"auto, (max-width: 650px) 100vw, 650px\" \/>\t\t\t\t\t            <\/a>\r\n\t            \t        <div class=\"noo-product-meta\">\r\n\t            \t            <span data-id=\"9519\" class=\"noo-quick-view icon_zoom-in_alt\"><\/span>\r\n\t        <\/div>\r\n\t        \t        <\/div>\r\n\t    <h3><a href=\"https:\/\/anawawelberg.com.br\/?product=almofada-em-linho-com-bordado-love\">Almofada em Linho com Bordado Love<\/a><\/h3><div class=\"shop-loo-after-item\">\n<\/div><div class=\"noo-loop-cart\">\t\t\t<input type=\"hidden\" class=\"wpmProductId\" data-id=\"9519\">\n\t\t\t\t\t<script>\n\t\t\t(window.wpmDataLayer = window.wpmDataLayer || {}).products             = window.wpmDataLayer.products || {};\n\t\t\twindow.wpmDataLayer.products[9519] = {\"id\":\"9519\",\"sku\":\"AL13431\",\"price\":494,\"brand\":\"\",\"quantity\":1,\"dyn_r_ids\":{\"post_id\":\"9519\",\"sku\":\"AL13431\",\"gpf\":\"woocommerce_gpf_9519\",\"gla\":\"gla_9519\"},\"is_variable\":false,\"type\":\"simple\",\"name\":\"Almofada em Linho com Bordado Love\",\"category\":[\"Almofadas\"],\"is_variation\":false};\n\t\t\t\t\twindow.pmw_product_position = window.pmw_product_position || 1;\n\t\twindow.wpmDataLayer.products[9519]['position'] = window.pmw_product_position++;\n\t\t\t\t<\/script>\n\t\t<\/div>    <\/div><!--end .noo-product-inner-->\n<\/div>\n                    <\/div><!--end .noo-sh-product-html-->\n                <\/div><!--end .noo-sh-product-grid-->\n            <\/div><!--end .noo-shortcode-product-wrap-->\n                        [\/vc_column][\/vc_row][vc_row full_width=&#8221;stretch_row_content&#8221; full_height=&#8221;yes&#8221; equal_height=&#8221;yes&#8221;][vc_column el_class=&#8221;padding-box-product&#8221; css=&#8221;.vc_custom_1591205721109{margin-top: 50px !important;}&#8221;]            <div class=\"noo-shortcode-product-wrap\">\n            <div class=\"noo-product-header\">\n                <h3><span>Decora\u00e7\u00e3o<\/span><\/h3>\n\n                <p>Produtos para dar aquele toque especial na sua casa<\/p>\n            <\/div>\n                        <div class=\"noo-sh-product-grid woocommerce \">\n            <div class=\"spinner\">\n                <div class=\"bounce1\"><\/div>\n                <div class=\"bounce2\"><\/div>\n                <div class=\"bounce3\"><\/div>\n            <\/div>\n            <div class=\"noo-sh-product-html columns_5 no_masonry two row is-flex\">\n            <div class=\"noo-product-item noo-product-sm-4 not_featured post-9678 product type-product status-publish has-post-thumbnail product_cat-obejto_decoracao product_tag-ana-wawelberg product_tag-vela-perfumada-lair-du-matin has-featured first instock featured taxable shipping-taxable purchasable product-type-simple\">\n    <div class=\"noo-product-inner noo-product-inner2\">\n        \t        <div class=\"noo-product-thumbnail\">\r\n\t            <a href=\"https:\/\/anawawelberg.com.br\/?product=vela-perfumada-lair-du-matin-comprimento-9cm-largura-9cm-altura-9cm\" class=\"noo-thumbnail-product hover-device\">\r\n\t\t\t\t\t\t                <img loading=\"lazy\" decoding=\"async\" width=\"650\" height=\"650\" src=\"https:\/\/anawawelberg.com.br\/wp-content\/uploads\/2021\/05\/Vela-Perfumada-Lair-du-Matin-OD17485-1-650x650.jpg\" class=\"attachment-noo-thumbnail-product size-noo-thumbnail-product wp-post-image\" alt=\"\" srcset=\"https:\/\/anawawelberg.com.br\/wp-content\/uploads\/2021\/05\/Vela-Perfumada-Lair-du-Matin-OD17485-1-650x650.jpg 650w, https:\/\/anawawelberg.com.br\/wp-content\/uploads\/2021\/05\/Vela-Perfumada-Lair-du-Matin-OD17485-1-300x300.jpg 300w, https:\/\/anawawelberg.com.br\/wp-content\/uploads\/2021\/05\/Vela-Perfumada-Lair-du-Matin-OD17485-1-150x150.jpg 150w, https:\/\/anawawelberg.com.br\/wp-content\/uploads\/2021\/05\/Vela-Perfumada-Lair-du-Matin-OD17485-1-768x768.jpg 768w, https:\/\/anawawelberg.com.br\/wp-content\/uploads\/2021\/05\/Vela-Perfumada-Lair-du-Matin-OD17485-1-30x30.jpg 30w, https:\/\/anawawelberg.com.br\/wp-content\/uploads\/2021\/05\/Vela-Perfumada-Lair-du-Matin-OD17485-1-600x600.jpg 600w, https:\/\/anawawelberg.com.br\/wp-content\/uploads\/2021\/05\/Vela-Perfumada-Lair-du-Matin-OD17485-1-100x100.jpg 100w, https:\/\/anawawelberg.com.br\/wp-content\/uploads\/2021\/05\/Vela-Perfumada-Lair-du-Matin-OD17485-1.jpg 800w\" sizes=\"auto, (max-width: 650px) 100vw, 650px\" \/><img loading=\"lazy\" decoding=\"async\" width=\"650\" height=\"650\" src=\"https:\/\/anawawelberg.com.br\/wp-content\/uploads\/2021\/05\/Vela-Perfumada-Lair-du-Matin-OD17485-2-650x650.jpg\" class=\"second-img\" alt=\"\" srcset=\"https:\/\/anawawelberg.com.br\/wp-content\/uploads\/2021\/05\/Vela-Perfumada-Lair-du-Matin-OD17485-2-650x650.jpg 650w, https:\/\/anawawelberg.com.br\/wp-content\/uploads\/2021\/05\/Vela-Perfumada-Lair-du-Matin-OD17485-2-300x300.jpg 300w, https:\/\/anawawelberg.com.br\/wp-content\/uploads\/2021\/05\/Vela-Perfumada-Lair-du-Matin-OD17485-2-150x150.jpg 150w, https:\/\/anawawelberg.com.br\/wp-content\/uploads\/2021\/05\/Vela-Perfumada-Lair-du-Matin-OD17485-2-768x768.jpg 768w, https:\/\/anawawelberg.com.br\/wp-content\/uploads\/2021\/05\/Vela-Perfumada-Lair-du-Matin-OD17485-2-30x30.jpg 30w, https:\/\/anawawelberg.com.br\/wp-content\/uploads\/2021\/05\/Vela-Perfumada-Lair-du-Matin-OD17485-2-600x600.jpg 600w, https:\/\/anawawelberg.com.br\/wp-content\/uploads\/2021\/05\/Vela-Perfumada-Lair-du-Matin-OD17485-2-100x100.jpg 100w, https:\/\/anawawelberg.com.br\/wp-content\/uploads\/2021\/05\/Vela-Perfumada-Lair-du-Matin-OD17485-2.jpg 800w\" sizes=\"auto, (max-width: 650px) 100vw, 650px\" \/>\t\t\t\t\t            <\/a>\r\n\t            \t        <div class=\"noo-product-meta\">\r\n\t            \t            <span data-id=\"9678\" class=\"noo-quick-view icon_zoom-in_alt\"><\/span>\r\n\t        <\/div>\r\n\t        \t        <\/div>\r\n\t    <h3><a href=\"https:\/\/anawawelberg.com.br\/?product=vela-perfumada-lair-du-matin-comprimento-9cm-largura-9cm-altura-9cm\">Vela Perfumada &#8211; L&#8217;air du Matin<\/a><\/h3><div class=\"shop-loo-after-item\">\n<\/div><div class=\"noo-loop-cart\">\t\t\t<input type=\"hidden\" class=\"wpmProductId\" data-id=\"9678\">\n\t\t\t\t\t<script>\n\t\t\t(window.wpmDataLayer = window.wpmDataLayer || {}).products             = window.wpmDataLayer.products || {};\n\t\t\twindow.wpmDataLayer.products[9678] = {\"id\":\"9678\",\"sku\":\"OD17485\",\"price\":163,\"brand\":\"\",\"quantity\":1,\"dyn_r_ids\":{\"post_id\":\"9678\",\"sku\":\"OD17485\",\"gpf\":\"woocommerce_gpf_9678\",\"gla\":\"gla_9678\"},\"is_variable\":false,\"type\":\"simple\",\"name\":\"Vela Perfumada - L'air du Matin\",\"category\":[\"Objeto Decora\u00e7\u00e3o\"],\"is_variation\":false};\n\t\t\t\t\twindow.pmw_product_position = window.pmw_product_position || 1;\n\t\twindow.wpmDataLayer.products[9678]['position'] = window.pmw_product_position++;\n\t\t\t\t<\/script>\n\t\t<\/div>    <\/div><!--end .noo-product-inner-->\n<\/div>\n<div class=\"noo-product-item noo-product-sm-4 not_featured post-9540 product type-product status-publish has-post-thumbnail product_cat-obejto_decoracao product_tag-ana-luiza-wawelberg product_tag-caixa-cubo-em-cristal-de-rocha has-featured  instock featured taxable shipping-taxable purchasable product-type-simple\">\n    <div class=\"noo-product-inner noo-product-inner2\">\n        \t        <div class=\"noo-product-thumbnail\">\r\n\t            <a href=\"https:\/\/anawawelberg.com.br\/?product=caixa-cubo-em-cristal-de-rocha\" class=\"noo-thumbnail-product hover-device\">\r\n\t\t\t\t\t\t                <img loading=\"lazy\" decoding=\"async\" width=\"650\" height=\"650\" src=\"https:\/\/anawawelberg.com.br\/wp-content\/uploads\/2021\/03\/Caixa-Cubo-Cristal-de-Rocha-OD19020-650x650.jpg\" class=\"attachment-noo-thumbnail-product size-noo-thumbnail-product wp-post-image\" alt=\"\" srcset=\"https:\/\/anawawelberg.com.br\/wp-content\/uploads\/2021\/03\/Caixa-Cubo-Cristal-de-Rocha-OD19020-650x650.jpg 650w, https:\/\/anawawelberg.com.br\/wp-content\/uploads\/2021\/03\/Caixa-Cubo-Cristal-de-Rocha-OD19020-300x300.jpg 300w, https:\/\/anawawelberg.com.br\/wp-content\/uploads\/2021\/03\/Caixa-Cubo-Cristal-de-Rocha-OD19020-150x150.jpg 150w, https:\/\/anawawelberg.com.br\/wp-content\/uploads\/2021\/03\/Caixa-Cubo-Cristal-de-Rocha-OD19020-768x768.jpg 768w, https:\/\/anawawelberg.com.br\/wp-content\/uploads\/2021\/03\/Caixa-Cubo-Cristal-de-Rocha-OD19020-30x30.jpg 30w, https:\/\/anawawelberg.com.br\/wp-content\/uploads\/2021\/03\/Caixa-Cubo-Cristal-de-Rocha-OD19020-600x600.jpg 600w, https:\/\/anawawelberg.com.br\/wp-content\/uploads\/2021\/03\/Caixa-Cubo-Cristal-de-Rocha-OD19020-100x100.jpg 100w, https:\/\/anawawelberg.com.br\/wp-content\/uploads\/2021\/03\/Caixa-Cubo-Cristal-de-Rocha-OD19020.jpg 800w\" sizes=\"auto, (max-width: 650px) 100vw, 650px\" \/><img loading=\"lazy\" decoding=\"async\" width=\"650\" height=\"650\" src=\"https:\/\/anawawelberg.com.br\/wp-content\/uploads\/2021\/03\/Caixa-Cubo-Cristal-de-Rocha-4-OD19020-650x650.jpg\" class=\"second-img\" alt=\"\" srcset=\"https:\/\/anawawelberg.com.br\/wp-content\/uploads\/2021\/03\/Caixa-Cubo-Cristal-de-Rocha-4-OD19020-650x650.jpg 650w, https:\/\/anawawelberg.com.br\/wp-content\/uploads\/2021\/03\/Caixa-Cubo-Cristal-de-Rocha-4-OD19020-300x300.jpg 300w, https:\/\/anawawelberg.com.br\/wp-content\/uploads\/2021\/03\/Caixa-Cubo-Cristal-de-Rocha-4-OD19020-150x150.jpg 150w, https:\/\/anawawelberg.com.br\/wp-content\/uploads\/2021\/03\/Caixa-Cubo-Cristal-de-Rocha-4-OD19020-768x768.jpg 768w, https:\/\/anawawelberg.com.br\/wp-content\/uploads\/2021\/03\/Caixa-Cubo-Cristal-de-Rocha-4-OD19020-30x30.jpg 30w, https:\/\/anawawelberg.com.br\/wp-content\/uploads\/2021\/03\/Caixa-Cubo-Cristal-de-Rocha-4-OD19020-600x600.jpg 600w, https:\/\/anawawelberg.com.br\/wp-content\/uploads\/2021\/03\/Caixa-Cubo-Cristal-de-Rocha-4-OD19020-100x100.jpg 100w, https:\/\/anawawelberg.com.br\/wp-content\/uploads\/2021\/03\/Caixa-Cubo-Cristal-de-Rocha-4-OD19020.jpg 800w\" sizes=\"auto, (max-width: 650px) 100vw, 650px\" \/>\t\t\t\t\t            <\/a>\r\n\t            \t        <div class=\"noo-product-meta\">\r\n\t            \t            <span data-id=\"9540\" class=\"noo-quick-view icon_zoom-in_alt\"><\/span>\r\n\t        <\/div>\r\n\t        \t        <\/div>\r\n\t    <h3><a href=\"https:\/\/anawawelberg.com.br\/?product=caixa-cubo-em-cristal-de-rocha\">Caixa Cubo em Cristal de Rocha<\/a><\/h3><div class=\"shop-loo-after-item\">\n<\/div><div class=\"noo-loop-cart\">\t\t\t<input type=\"hidden\" class=\"wpmProductId\" data-id=\"9540\">\n\t\t\t\t\t<script>\n\t\t\t(window.wpmDataLayer = window.wpmDataLayer || {}).products             = window.wpmDataLayer.products || {};\n\t\t\twindow.wpmDataLayer.products[9540] = {\"id\":\"9540\",\"sku\":\"OD19020\",\"price\":12740,\"brand\":\"\",\"quantity\":1,\"dyn_r_ids\":{\"post_id\":\"9540\",\"sku\":\"OD19020\",\"gpf\":\"woocommerce_gpf_9540\",\"gla\":\"gla_9540\"},\"is_variable\":false,\"type\":\"simple\",\"name\":\"Caixa Cubo em Cristal de Rocha\",\"category\":[\"Objeto Decora\u00e7\u00e3o\"],\"is_variation\":false};\n\t\t\t\t\twindow.pmw_product_position = window.pmw_product_position || 1;\n\t\twindow.wpmDataLayer.products[9540]['position'] = window.pmw_product_position++;\n\t\t\t\t<\/script>\n\t\t<\/div>    <\/div><!--end .noo-product-inner-->\n<\/div>\n<div class=\"noo-product-item noo-product-sm-4 not_featured post-9539 product type-product status-publish has-post-thumbnail product_cat-obejto_decoracao product_tag-ana-luiza-wawelberg product_tag-vaso-lalique-opalinado-com-alcas-destalhes-em-flores has-featured  instock featured taxable shipping-taxable purchasable product-type-simple\">\n    <div class=\"noo-product-inner noo-product-inner2\">\n        \t        <div class=\"noo-product-thumbnail\">\r\n\t            <a href=\"https:\/\/anawawelberg.com.br\/?product=vaso-lalique-opalinado-com-alcas-detalhes-em-flores\" class=\"noo-thumbnail-product hover-device\">\r\n\t\t\t\t\t\t                <img loading=\"lazy\" decoding=\"async\" width=\"650\" height=\"650\" src=\"https:\/\/anawawelberg.com.br\/wp-content\/uploads\/2021\/03\/Vaso-Lalique-Opalinado-Com-Alcas-e-Detalhes-em-Flores-OD15654-650x650.jpg\" class=\"attachment-noo-thumbnail-product size-noo-thumbnail-product wp-post-image\" alt=\"\" srcset=\"https:\/\/anawawelberg.com.br\/wp-content\/uploads\/2021\/03\/Vaso-Lalique-Opalinado-Com-Alcas-e-Detalhes-em-Flores-OD15654-650x650.jpg 650w, https:\/\/anawawelberg.com.br\/wp-content\/uploads\/2021\/03\/Vaso-Lalique-Opalinado-Com-Alcas-e-Detalhes-em-Flores-OD15654-300x300.jpg 300w, https:\/\/anawawelberg.com.br\/wp-content\/uploads\/2021\/03\/Vaso-Lalique-Opalinado-Com-Alcas-e-Detalhes-em-Flores-OD15654-150x150.jpg 150w, https:\/\/anawawelberg.com.br\/wp-content\/uploads\/2021\/03\/Vaso-Lalique-Opalinado-Com-Alcas-e-Detalhes-em-Flores-OD15654-768x768.jpg 768w, https:\/\/anawawelberg.com.br\/wp-content\/uploads\/2021\/03\/Vaso-Lalique-Opalinado-Com-Alcas-e-Detalhes-em-Flores-OD15654-30x30.jpg 30w, https:\/\/anawawelberg.com.br\/wp-content\/uploads\/2021\/03\/Vaso-Lalique-Opalinado-Com-Alcas-e-Detalhes-em-Flores-OD15654-600x600.jpg 600w, https:\/\/anawawelberg.com.br\/wp-content\/uploads\/2021\/03\/Vaso-Lalique-Opalinado-Com-Alcas-e-Detalhes-em-Flores-OD15654-100x100.jpg 100w, https:\/\/anawawelberg.com.br\/wp-content\/uploads\/2021\/03\/Vaso-Lalique-Opalinado-Com-Alcas-e-Detalhes-em-Flores-OD15654.jpg 800w\" sizes=\"auto, (max-width: 650px) 100vw, 650px\" \/><img loading=\"lazy\" decoding=\"async\" width=\"650\" height=\"650\" src=\"https:\/\/anawawelberg.com.br\/wp-content\/uploads\/2021\/03\/Vaso-Lalique-Opalinado-Com-Alcas-e-Detalhes-em-Flores-OD15654-3-650x650.jpg\" class=\"second-img\" alt=\"\" srcset=\"https:\/\/anawawelberg.com.br\/wp-content\/uploads\/2021\/03\/Vaso-Lalique-Opalinado-Com-Alcas-e-Detalhes-em-Flores-OD15654-3-650x650.jpg 650w, https:\/\/anawawelberg.com.br\/wp-content\/uploads\/2021\/03\/Vaso-Lalique-Opalinado-Com-Alcas-e-Detalhes-em-Flores-OD15654-3-300x300.jpg 300w, https:\/\/anawawelberg.com.br\/wp-content\/uploads\/2021\/03\/Vaso-Lalique-Opalinado-Com-Alcas-e-Detalhes-em-Flores-OD15654-3-150x150.jpg 150w, https:\/\/anawawelberg.com.br\/wp-content\/uploads\/2021\/03\/Vaso-Lalique-Opalinado-Com-Alcas-e-Detalhes-em-Flores-OD15654-3-768x768.jpg 768w, https:\/\/anawawelberg.com.br\/wp-content\/uploads\/2021\/03\/Vaso-Lalique-Opalinado-Com-Alcas-e-Detalhes-em-Flores-OD15654-3-30x30.jpg 30w, https:\/\/anawawelberg.com.br\/wp-content\/uploads\/2021\/03\/Vaso-Lalique-Opalinado-Com-Alcas-e-Detalhes-em-Flores-OD15654-3-600x600.jpg 600w, https:\/\/anawawelberg.com.br\/wp-content\/uploads\/2021\/03\/Vaso-Lalique-Opalinado-Com-Alcas-e-Detalhes-em-Flores-OD15654-3-100x100.jpg 100w, https:\/\/anawawelberg.com.br\/wp-content\/uploads\/2021\/03\/Vaso-Lalique-Opalinado-Com-Alcas-e-Detalhes-em-Flores-OD15654-3.jpg 800w\" sizes=\"auto, (max-width: 650px) 100vw, 650px\" \/>\t\t\t\t\t            <\/a>\r\n\t            \t        <div class=\"noo-product-meta\">\r\n\t            \t            <span data-id=\"9539\" class=\"noo-quick-view icon_zoom-in_alt\"><\/span>\r\n\t        <\/div>\r\n\t        \t        <\/div>\r\n\t    <h3><a href=\"https:\/\/anawawelberg.com.br\/?product=vaso-lalique-opalinado-com-alcas-detalhes-em-flores\">Vaso Lalique Opalinado com Al\u00e7as Detalhes em Flores<\/a><\/h3><div class=\"shop-loo-after-item\">\n<\/div><div class=\"noo-loop-cart\">\t\t\t<input type=\"hidden\" class=\"wpmProductId\" data-id=\"9539\">\n\t\t\t\t\t<script>\n\t\t\t(window.wpmDataLayer = window.wpmDataLayer || {}).products             = window.wpmDataLayer.products || {};\n\t\t\twindow.wpmDataLayer.products[9539] = {\"id\":\"9539\",\"sku\":\"OD15654\",\"price\":15873,\"brand\":\"\",\"quantity\":1,\"dyn_r_ids\":{\"post_id\":\"9539\",\"sku\":\"OD15654\",\"gpf\":\"woocommerce_gpf_9539\",\"gla\":\"gla_9539\"},\"is_variable\":false,\"type\":\"simple\",\"name\":\"Vaso Lalique Opalinado com Al\u00e7as Detalhes em Flores\",\"category\":[\"Objeto Decora\u00e7\u00e3o\"],\"is_variation\":false};\n\t\t\t\t\twindow.pmw_product_position = window.pmw_product_position || 1;\n\t\twindow.wpmDataLayer.products[9539]['position'] = window.pmw_product_position++;\n\t\t\t\t<\/script>\n\t\t<\/div>    <\/div><!--end .noo-product-inner-->\n<\/div>\n<div class=\"noo-product-item noo-product-sm-4 not_featured post-9536 product type-product status-publish has-post-thumbnail product_cat-obejto_decoracao product_tag-ana-luiza-wawelberg product_tag-bandeja-de-porcelana has-featured  instock featured taxable shipping-taxable purchasable product-type-simple\">\n    <div class=\"noo-product-inner noo-product-inner2\">\n        \t        <div class=\"noo-product-thumbnail\">\r\n\t            <a href=\"https:\/\/anawawelberg.com.br\/?product=bandeja-de-porcelana\" class=\"noo-thumbnail-product hover-device\">\r\n\t\t\t\t\t\t                <img loading=\"lazy\" decoding=\"async\" width=\"650\" height=\"650\" src=\"https:\/\/anawawelberg.com.br\/wp-content\/uploads\/2021\/03\/Bendeja-de-Porcelana-OD18820-1-650x650.jpg\" class=\"attachment-noo-thumbnail-product size-noo-thumbnail-product wp-post-image\" alt=\"\" srcset=\"https:\/\/anawawelberg.com.br\/wp-content\/uploads\/2021\/03\/Bendeja-de-Porcelana-OD18820-1-650x650.jpg 650w, https:\/\/anawawelberg.com.br\/wp-content\/uploads\/2021\/03\/Bendeja-de-Porcelana-OD18820-1-300x300.jpg 300w, https:\/\/anawawelberg.com.br\/wp-content\/uploads\/2021\/03\/Bendeja-de-Porcelana-OD18820-1-150x150.jpg 150w, https:\/\/anawawelberg.com.br\/wp-content\/uploads\/2021\/03\/Bendeja-de-Porcelana-OD18820-1-768x768.jpg 768w, https:\/\/anawawelberg.com.br\/wp-content\/uploads\/2021\/03\/Bendeja-de-Porcelana-OD18820-1-30x30.jpg 30w, https:\/\/anawawelberg.com.br\/wp-content\/uploads\/2021\/03\/Bendeja-de-Porcelana-OD18820-1-600x600.jpg 600w, https:\/\/anawawelberg.com.br\/wp-content\/uploads\/2021\/03\/Bendeja-de-Porcelana-OD18820-1-100x100.jpg 100w, https:\/\/anawawelberg.com.br\/wp-content\/uploads\/2021\/03\/Bendeja-de-Porcelana-OD18820-1.jpg 800w\" sizes=\"auto, (max-width: 650px) 100vw, 650px\" \/><img loading=\"lazy\" decoding=\"async\" width=\"650\" height=\"650\" src=\"https:\/\/anawawelberg.com.br\/wp-content\/uploads\/2021\/03\/Bendeja-de-Porcelana-OD18820-2-650x650.jpg\" class=\"second-img\" alt=\"\" srcset=\"https:\/\/anawawelberg.com.br\/wp-content\/uploads\/2021\/03\/Bendeja-de-Porcelana-OD18820-2-650x650.jpg 650w, https:\/\/anawawelberg.com.br\/wp-content\/uploads\/2021\/03\/Bendeja-de-Porcelana-OD18820-2-300x300.jpg 300w, https:\/\/anawawelberg.com.br\/wp-content\/uploads\/2021\/03\/Bendeja-de-Porcelana-OD18820-2-150x150.jpg 150w, https:\/\/anawawelberg.com.br\/wp-content\/uploads\/2021\/03\/Bendeja-de-Porcelana-OD18820-2-768x768.jpg 768w, https:\/\/anawawelberg.com.br\/wp-content\/uploads\/2021\/03\/Bendeja-de-Porcelana-OD18820-2-30x30.jpg 30w, https:\/\/anawawelberg.com.br\/wp-content\/uploads\/2021\/03\/Bendeja-de-Porcelana-OD18820-2-600x600.jpg 600w, https:\/\/anawawelberg.com.br\/wp-content\/uploads\/2021\/03\/Bendeja-de-Porcelana-OD18820-2-100x100.jpg 100w, https:\/\/anawawelberg.com.br\/wp-content\/uploads\/2021\/03\/Bendeja-de-Porcelana-OD18820-2.jpg 800w\" sizes=\"auto, (max-width: 650px) 100vw, 650px\" \/>\t\t\t\t\t            <\/a>\r\n\t            \t        <div class=\"noo-product-meta\">\r\n\t            \t            <span data-id=\"9536\" class=\"noo-quick-view icon_zoom-in_alt\"><\/span>\r\n\t        <\/div>\r\n\t        \t        <\/div>\r\n\t    <h3><a href=\"https:\/\/anawawelberg.com.br\/?product=bandeja-de-porcelana\">Bandeja de Porcelana<\/a><\/h3><div class=\"shop-loo-after-item\">\n<\/div><div class=\"noo-loop-cart\">\t\t\t<input type=\"hidden\" class=\"wpmProductId\" data-id=\"9536\">\n\t\t\t\t\t<script>\n\t\t\t(window.wpmDataLayer = window.wpmDataLayer || {}).products             = window.wpmDataLayer.products || {};\n\t\t\twindow.wpmDataLayer.products[9536] = {\"id\":\"9536\",\"sku\":\"OD18820\",\"price\":1040,\"brand\":\"\",\"quantity\":1,\"dyn_r_ids\":{\"post_id\":\"9536\",\"sku\":\"OD18820\",\"gpf\":\"woocommerce_gpf_9536\",\"gla\":\"gla_9536\"},\"is_variable\":false,\"type\":\"simple\",\"name\":\"Bandeja de Porcelana\",\"category\":[\"Objeto Decora\u00e7\u00e3o\"],\"is_variation\":false};\n\t\t\t\t\twindow.pmw_product_position = window.pmw_product_position || 1;\n\t\twindow.wpmDataLayer.products[9536]['position'] = window.pmw_product_position++;\n\t\t\t\t<\/script>\n\t\t<\/div>    <\/div><!--end .noo-product-inner-->\n<\/div>\n<div class=\"noo-product-item noo-product-sm-4 not_featured post-9537 product type-product status-publish has-post-thumbnail product_cat-obejto_decoracao product_tag-ana-luiza-wawelberg product_tag-bowl-frances-art-deco-opalinado-passaro has-featured last instock featured taxable shipping-taxable purchasable product-type-simple\">\n    <div class=\"noo-product-inner noo-product-inner2\">\n        \t        <div class=\"noo-product-thumbnail\">\r\n\t            <a href=\"https:\/\/anawawelberg.com.br\/?product=bowl-frances-art-deco-opalinado-passaro\" class=\"noo-thumbnail-product hover-device\">\r\n\t\t\t\t\t\t                <img loading=\"lazy\" decoding=\"async\" width=\"650\" height=\"650\" src=\"https:\/\/anawawelberg.com.br\/wp-content\/uploads\/2021\/03\/Bowl-Frances-Art-Deco-Opalinado-Passaro-OD18924-2-650x650.jpg\" class=\"attachment-noo-thumbnail-product size-noo-thumbnail-product wp-post-image\" alt=\"\" srcset=\"https:\/\/anawawelberg.com.br\/wp-content\/uploads\/2021\/03\/Bowl-Frances-Art-Deco-Opalinado-Passaro-OD18924-2-650x650.jpg 650w, https:\/\/anawawelberg.com.br\/wp-content\/uploads\/2021\/03\/Bowl-Frances-Art-Deco-Opalinado-Passaro-OD18924-2-300x300.jpg 300w, https:\/\/anawawelberg.com.br\/wp-content\/uploads\/2021\/03\/Bowl-Frances-Art-Deco-Opalinado-Passaro-OD18924-2-150x150.jpg 150w, https:\/\/anawawelberg.com.br\/wp-content\/uploads\/2021\/03\/Bowl-Frances-Art-Deco-Opalinado-Passaro-OD18924-2-768x768.jpg 768w, https:\/\/anawawelberg.com.br\/wp-content\/uploads\/2021\/03\/Bowl-Frances-Art-Deco-Opalinado-Passaro-OD18924-2-30x30.jpg 30w, https:\/\/anawawelberg.com.br\/wp-content\/uploads\/2021\/03\/Bowl-Frances-Art-Deco-Opalinado-Passaro-OD18924-2-600x600.jpg 600w, https:\/\/anawawelberg.com.br\/wp-content\/uploads\/2021\/03\/Bowl-Frances-Art-Deco-Opalinado-Passaro-OD18924-2-100x100.jpg 100w, https:\/\/anawawelberg.com.br\/wp-content\/uploads\/2021\/03\/Bowl-Frances-Art-Deco-Opalinado-Passaro-OD18924-2.jpg 800w\" sizes=\"auto, (max-width: 650px) 100vw, 650px\" \/><img loading=\"lazy\" decoding=\"async\" width=\"650\" height=\"650\" src=\"https:\/\/anawawelberg.com.br\/wp-content\/uploads\/2021\/03\/Bowl-Frances-Art-Deco-Opalinado-Passaro-OD18924-3-650x650.jpg\" class=\"second-img\" alt=\"\" srcset=\"https:\/\/anawawelberg.com.br\/wp-content\/uploads\/2021\/03\/Bowl-Frances-Art-Deco-Opalinado-Passaro-OD18924-3-650x650.jpg 650w, https:\/\/anawawelberg.com.br\/wp-content\/uploads\/2021\/03\/Bowl-Frances-Art-Deco-Opalinado-Passaro-OD18924-3-300x300.jpg 300w, https:\/\/anawawelberg.com.br\/wp-content\/uploads\/2021\/03\/Bowl-Frances-Art-Deco-Opalinado-Passaro-OD18924-3-150x150.jpg 150w, https:\/\/anawawelberg.com.br\/wp-content\/uploads\/2021\/03\/Bowl-Frances-Art-Deco-Opalinado-Passaro-OD18924-3-768x768.jpg 768w, https:\/\/anawawelberg.com.br\/wp-content\/uploads\/2021\/03\/Bowl-Frances-Art-Deco-Opalinado-Passaro-OD18924-3-30x30.jpg 30w, https:\/\/anawawelberg.com.br\/wp-content\/uploads\/2021\/03\/Bowl-Frances-Art-Deco-Opalinado-Passaro-OD18924-3-600x600.jpg 600w, https:\/\/anawawelberg.com.br\/wp-content\/uploads\/2021\/03\/Bowl-Frances-Art-Deco-Opalinado-Passaro-OD18924-3-100x100.jpg 100w, https:\/\/anawawelberg.com.br\/wp-content\/uploads\/2021\/03\/Bowl-Frances-Art-Deco-Opalinado-Passaro-OD18924-3.jpg 800w\" sizes=\"auto, (max-width: 650px) 100vw, 650px\" \/>\t\t\t\t\t            <\/a>\r\n\t            \t        <div class=\"noo-product-meta\">\r\n\t            \t            <span data-id=\"9537\" class=\"noo-quick-view icon_zoom-in_alt\"><\/span>\r\n\t        <\/div>\r\n\t        \t        <\/div>\r\n\t    <h3><a href=\"https:\/\/anawawelberg.com.br\/?product=bowl-frances-art-deco-opalinado-passaro\">Bowl Franc\u00eas Art Deco Opalinado P\u00e1ssaro<\/a><\/h3><div class=\"shop-loo-after-item\">\n<\/div><div class=\"noo-loop-cart\">\t\t\t<input type=\"hidden\" class=\"wpmProductId\" data-id=\"9537\">\n\t\t\t\t\t<script>\n\t\t\t(window.wpmDataLayer = window.wpmDataLayer || {}).products             = window.wpmDataLayer.products || {};\n\t\t\twindow.wpmDataLayer.products[9537] = {\"id\":\"9537\",\"sku\":\"OD18924\",\"price\":17550,\"brand\":\"\",\"quantity\":1,\"dyn_r_ids\":{\"post_id\":\"9537\",\"sku\":\"OD18924\",\"gpf\":\"woocommerce_gpf_9537\",\"gla\":\"gla_9537\"},\"is_variable\":false,\"type\":\"simple\",\"name\":\"Bowl Franc\u00eas Art Deco Opalinado P\u00e1ssaro\",\"category\":[\"Objeto Decora\u00e7\u00e3o\"],\"is_variation\":false};\n\t\t\t\t\twindow.pmw_product_position = window.pmw_product_position || 1;\n\t\twindow.wpmDataLayer.products[9537]['position'] = window.pmw_product_position++;\n\t\t\t\t<\/script>\n\t\t<\/div>    <\/div><!--end .noo-product-inner-->\n<\/div>\n<div class=\"noo-product-item noo-product-sm-4 not_featured post-9535 product type-product status-publish has-post-thumbnail product_cat-obejto_decoracao product_tag-ana-luiza-wawelberg product_tag-centro-de-mesa-em-madeira has-featured first outofstock featured taxable shipping-taxable purchasable product-type-simple\">\n    <div class=\"noo-product-inner noo-product-inner2\">\n        \t        <div class=\"noo-product-thumbnail\">\r\n\t            <a href=\"https:\/\/anawawelberg.com.br\/?product=centro-de-mesa-em-madeira-2\" class=\"noo-thumbnail-product hover-device\">\r\n\t\t\t\t\t\t                <img loading=\"lazy\" decoding=\"async\" width=\"650\" height=\"650\" src=\"https:\/\/anawawelberg.com.br\/wp-content\/uploads\/2021\/03\/Centro-de-Mesa-em-Madeira-OD18404-650x650.jpg\" class=\"attachment-noo-thumbnail-product size-noo-thumbnail-product wp-post-image\" alt=\"\" srcset=\"https:\/\/anawawelberg.com.br\/wp-content\/uploads\/2021\/03\/Centro-de-Mesa-em-Madeira-OD18404-650x650.jpg 650w, https:\/\/anawawelberg.com.br\/wp-content\/uploads\/2021\/03\/Centro-de-Mesa-em-Madeira-OD18404-300x300.jpg 300w, https:\/\/anawawelberg.com.br\/wp-content\/uploads\/2021\/03\/Centro-de-Mesa-em-Madeira-OD18404-150x150.jpg 150w, https:\/\/anawawelberg.com.br\/wp-content\/uploads\/2021\/03\/Centro-de-Mesa-em-Madeira-OD18404-768x768.jpg 768w, https:\/\/anawawelberg.com.br\/wp-content\/uploads\/2021\/03\/Centro-de-Mesa-em-Madeira-OD18404-30x30.jpg 30w, https:\/\/anawawelberg.com.br\/wp-content\/uploads\/2021\/03\/Centro-de-Mesa-em-Madeira-OD18404-600x600.jpg 600w, https:\/\/anawawelberg.com.br\/wp-content\/uploads\/2021\/03\/Centro-de-Mesa-em-Madeira-OD18404-100x100.jpg 100w, https:\/\/anawawelberg.com.br\/wp-content\/uploads\/2021\/03\/Centro-de-Mesa-em-Madeira-OD18404.jpg 800w\" sizes=\"auto, (max-width: 650px) 100vw, 650px\" \/><img loading=\"lazy\" decoding=\"async\" width=\"650\" height=\"650\" src=\"https:\/\/anawawelberg.com.br\/wp-content\/uploads\/2021\/03\/Centro-de-Mesa-em-Madeira-2-OD18404-650x650.jpg\" class=\"second-img\" alt=\"\" srcset=\"https:\/\/anawawelberg.com.br\/wp-content\/uploads\/2021\/03\/Centro-de-Mesa-em-Madeira-2-OD18404-650x650.jpg 650w, https:\/\/anawawelberg.com.br\/wp-content\/uploads\/2021\/03\/Centro-de-Mesa-em-Madeira-2-OD18404-300x300.jpg 300w, https:\/\/anawawelberg.com.br\/wp-content\/uploads\/2021\/03\/Centro-de-Mesa-em-Madeira-2-OD18404-150x150.jpg 150w, https:\/\/anawawelberg.com.br\/wp-content\/uploads\/2021\/03\/Centro-de-Mesa-em-Madeira-2-OD18404-768x768.jpg 768w, https:\/\/anawawelberg.com.br\/wp-content\/uploads\/2021\/03\/Centro-de-Mesa-em-Madeira-2-OD18404-30x30.jpg 30w, https:\/\/anawawelberg.com.br\/wp-content\/uploads\/2021\/03\/Centro-de-Mesa-em-Madeira-2-OD18404-600x600.jpg 600w, https:\/\/anawawelberg.com.br\/wp-content\/uploads\/2021\/03\/Centro-de-Mesa-em-Madeira-2-OD18404-100x100.jpg 100w, https:\/\/anawawelberg.com.br\/wp-content\/uploads\/2021\/03\/Centro-de-Mesa-em-Madeira-2-OD18404.jpg 800w\" sizes=\"auto, (max-width: 650px) 100vw, 650px\" \/>\t\t\t\t\t            <\/a>\r\n\t            \t        <div class=\"noo-product-meta\">\r\n\t            \t            <span data-id=\"9535\" class=\"noo-quick-view icon_zoom-in_alt\"><\/span>\r\n\t        <\/div>\r\n\t        \t        <\/div>\r\n\t    <h3><a href=\"https:\/\/anawawelberg.com.br\/?product=centro-de-mesa-em-madeira-2\">Centro de Mesa em Madeira<\/a><\/h3><div class=\"shop-loo-after-item\">\n<\/div><div class=\"noo-loop-cart\">\t\t\t<input type=\"hidden\" class=\"wpmProductId\" data-id=\"9535\">\n\t\t\t\t\t<script>\n\t\t\t(window.wpmDataLayer = window.wpmDataLayer || {}).products             = window.wpmDataLayer.products || {};\n\t\t\twindow.wpmDataLayer.products[9535] = {\"id\":\"9535\",\"sku\":\"OD18404\",\"price\":1340,\"brand\":\"\",\"quantity\":1,\"dyn_r_ids\":{\"post_id\":\"9535\",\"sku\":\"OD18404\",\"gpf\":\"woocommerce_gpf_9535\",\"gla\":\"gla_9535\"},\"is_variable\":false,\"type\":\"simple\",\"name\":\"Centro de Mesa em Madeira\",\"category\":[\"Objeto Decora\u00e7\u00e3o\"],\"is_variation\":false};\n\t\t\t\t\twindow.pmw_product_position = window.pmw_product_position || 1;\n\t\twindow.wpmDataLayer.products[9535]['position'] = window.pmw_product_position++;\n\t\t\t\t<\/script>\n\t\t<\/div>    <\/div><!--end .noo-product-inner-->\n<\/div>\n<div class=\"noo-product-item noo-product-sm-4 not_featured post-9533 product type-product status-publish has-post-thumbnail product_cat-obejto_decoracao product_tag-ana-luiza-wawelberg product_tag-cesto-em-rattan-com-espelho-tamanho-pequeno has-featured  instock featured taxable shipping-taxable purchasable product-type-simple\">\n    <div class=\"noo-product-inner noo-product-inner2\">\n        \t        <div class=\"noo-product-thumbnail\">\r\n\t            <a href=\"https:\/\/anawawelberg.com.br\/?product=cesto-em-rattan-com-espelho-tamanho-pequeno\" class=\"noo-thumbnail-product hover-device\">\r\n\t\t\t\t\t\t                <img loading=\"lazy\" decoding=\"async\" width=\"650\" height=\"650\" src=\"https:\/\/anawawelberg.com.br\/wp-content\/uploads\/2021\/03\/Cesta-em-Rattan-Com-Espelho-4-OD16572-650x650.jpg\" class=\"attachment-noo-thumbnail-product size-noo-thumbnail-product wp-post-image\" alt=\"\" srcset=\"https:\/\/anawawelberg.com.br\/wp-content\/uploads\/2021\/03\/Cesta-em-Rattan-Com-Espelho-4-OD16572-650x650.jpg 650w, https:\/\/anawawelberg.com.br\/wp-content\/uploads\/2021\/03\/Cesta-em-Rattan-Com-Espelho-4-OD16572-300x300.jpg 300w, https:\/\/anawawelberg.com.br\/wp-content\/uploads\/2021\/03\/Cesta-em-Rattan-Com-Espelho-4-OD16572-150x150.jpg 150w, https:\/\/anawawelberg.com.br\/wp-content\/uploads\/2021\/03\/Cesta-em-Rattan-Com-Espelho-4-OD16572-768x768.jpg 768w, https:\/\/anawawelberg.com.br\/wp-content\/uploads\/2021\/03\/Cesta-em-Rattan-Com-Espelho-4-OD16572-30x30.jpg 30w, https:\/\/anawawelberg.com.br\/wp-content\/uploads\/2021\/03\/Cesta-em-Rattan-Com-Espelho-4-OD16572-600x600.jpg 600w, https:\/\/anawawelberg.com.br\/wp-content\/uploads\/2021\/03\/Cesta-em-Rattan-Com-Espelho-4-OD16572-100x100.jpg 100w, https:\/\/anawawelberg.com.br\/wp-content\/uploads\/2021\/03\/Cesta-em-Rattan-Com-Espelho-4-OD16572.jpg 800w\" sizes=\"auto, (max-width: 650px) 100vw, 650px\" \/><img loading=\"lazy\" decoding=\"async\" width=\"650\" height=\"650\" src=\"https:\/\/anawawelberg.com.br\/wp-content\/uploads\/2021\/03\/Cesta-em-Rattan-Com-Espelho-OD16572-650x650.jpg\" class=\"second-img\" alt=\"\" srcset=\"https:\/\/anawawelberg.com.br\/wp-content\/uploads\/2021\/03\/Cesta-em-Rattan-Com-Espelho-OD16572-650x650.jpg 650w, https:\/\/anawawelberg.com.br\/wp-content\/uploads\/2021\/03\/Cesta-em-Rattan-Com-Espelho-OD16572-300x300.jpg 300w, https:\/\/anawawelberg.com.br\/wp-content\/uploads\/2021\/03\/Cesta-em-Rattan-Com-Espelho-OD16572-150x150.jpg 150w, https:\/\/anawawelberg.com.br\/wp-content\/uploads\/2021\/03\/Cesta-em-Rattan-Com-Espelho-OD16572-768x768.jpg 768w, https:\/\/anawawelberg.com.br\/wp-content\/uploads\/2021\/03\/Cesta-em-Rattan-Com-Espelho-OD16572-30x30.jpg 30w, https:\/\/anawawelberg.com.br\/wp-content\/uploads\/2021\/03\/Cesta-em-Rattan-Com-Espelho-OD16572-600x600.jpg 600w, https:\/\/anawawelberg.com.br\/wp-content\/uploads\/2021\/03\/Cesta-em-Rattan-Com-Espelho-OD16572-100x100.jpg 100w, https:\/\/anawawelberg.com.br\/wp-content\/uploads\/2021\/03\/Cesta-em-Rattan-Com-Espelho-OD16572.jpg 800w\" sizes=\"auto, (max-width: 650px) 100vw, 650px\" \/>\t\t\t\t\t            <\/a>\r\n\t            \t        <div class=\"noo-product-meta\">\r\n\t            \t            <span data-id=\"9533\" class=\"noo-quick-view icon_zoom-in_alt\"><\/span>\r\n\t        <\/div>\r\n\t        \t        <\/div>\r\n\t    <h3><a href=\"https:\/\/anawawelberg.com.br\/?product=cesto-em-rattan-com-espelho-tamanho-pequeno\">Cesto em Rattan com Espelho Tamanho Pequeno<\/a><\/h3><div class=\"shop-loo-after-item\">\n<\/div><div class=\"noo-loop-cart\">\t\t\t<input type=\"hidden\" class=\"wpmProductId\" data-id=\"9533\">\n\t\t\t\t\t<script>\n\t\t\t(window.wpmDataLayer = window.wpmDataLayer || {}).products             = window.wpmDataLayer.products || {};\n\t\t\twindow.wpmDataLayer.products[9533] = {\"id\":\"9533\",\"sku\":\"OD16572\",\"price\":455,\"brand\":\"\",\"quantity\":1,\"dyn_r_ids\":{\"post_id\":\"9533\",\"sku\":\"OD16572\",\"gpf\":\"woocommerce_gpf_9533\",\"gla\":\"gla_9533\"},\"is_variable\":false,\"type\":\"simple\",\"name\":\"Cesto em Rattan com Espelho Tamanho Pequeno\",\"category\":[\"Objeto Decora\u00e7\u00e3o\"],\"is_variation\":false};\n\t\t\t\t\twindow.pmw_product_position = window.pmw_product_position || 1;\n\t\twindow.wpmDataLayer.products[9533]['position'] = window.pmw_product_position++;\n\t\t\t\t<\/script>\n\t\t<\/div>    <\/div><!--end .noo-product-inner-->\n<\/div>\n<div class=\"noo-product-item noo-product-sm-4 not_featured post-9534 product type-product status-publish has-post-thumbnail product_cat-obejto_decoracao product_tag-ana-luiza-wawelberg product_tag-cesto-em-rattan-com-espelho-comprimento-29cm-largura-18cm-altura-8cm has-featured  instock featured taxable shipping-taxable purchasable product-type-simple\">\n    <div class=\"noo-product-inner noo-product-inner2\">\n        \t        <div class=\"noo-product-thumbnail\">\r\n\t            <a href=\"https:\/\/anawawelberg.com.br\/?product=cesto-em-rattan-com-espelho\" class=\"noo-thumbnail-product hover-device\">\r\n\t\t\t\t\t\t                <img loading=\"lazy\" decoding=\"async\" width=\"650\" height=\"650\" src=\"https:\/\/anawawelberg.com.br\/wp-content\/uploads\/2021\/03\/Cesto-em-Rattan-Com-Espelho-OD16574-650x650.jpg\" class=\"attachment-noo-thumbnail-product size-noo-thumbnail-product wp-post-image\" alt=\"\" srcset=\"https:\/\/anawawelberg.com.br\/wp-content\/uploads\/2021\/03\/Cesto-em-Rattan-Com-Espelho-OD16574-650x650.jpg 650w, https:\/\/anawawelberg.com.br\/wp-content\/uploads\/2021\/03\/Cesto-em-Rattan-Com-Espelho-OD16574-300x300.jpg 300w, https:\/\/anawawelberg.com.br\/wp-content\/uploads\/2021\/03\/Cesto-em-Rattan-Com-Espelho-OD16574-150x150.jpg 150w, https:\/\/anawawelberg.com.br\/wp-content\/uploads\/2021\/03\/Cesto-em-Rattan-Com-Espelho-OD16574-768x768.jpg 768w, https:\/\/anawawelberg.com.br\/wp-content\/uploads\/2021\/03\/Cesto-em-Rattan-Com-Espelho-OD16574-30x30.jpg 30w, https:\/\/anawawelberg.com.br\/wp-content\/uploads\/2021\/03\/Cesto-em-Rattan-Com-Espelho-OD16574-600x600.jpg 600w, https:\/\/anawawelberg.com.br\/wp-content\/uploads\/2021\/03\/Cesto-em-Rattan-Com-Espelho-OD16574-100x100.jpg 100w, https:\/\/anawawelberg.com.br\/wp-content\/uploads\/2021\/03\/Cesto-em-Rattan-Com-Espelho-OD16574.jpg 800w\" sizes=\"auto, (max-width: 650px) 100vw, 650px\" \/><img loading=\"lazy\" decoding=\"async\" width=\"650\" height=\"650\" src=\"https:\/\/anawawelberg.com.br\/wp-content\/uploads\/2021\/03\/Cesto-em-Rattan-Com-Espelho-2-OD16574-650x650.jpg\" class=\"second-img\" alt=\"\" srcset=\"https:\/\/anawawelberg.com.br\/wp-content\/uploads\/2021\/03\/Cesto-em-Rattan-Com-Espelho-2-OD16574-650x650.jpg 650w, https:\/\/anawawelberg.com.br\/wp-content\/uploads\/2021\/03\/Cesto-em-Rattan-Com-Espelho-2-OD16574-300x300.jpg 300w, https:\/\/anawawelberg.com.br\/wp-content\/uploads\/2021\/03\/Cesto-em-Rattan-Com-Espelho-2-OD16574-150x150.jpg 150w, https:\/\/anawawelberg.com.br\/wp-content\/uploads\/2021\/03\/Cesto-em-Rattan-Com-Espelho-2-OD16574-768x768.jpg 768w, https:\/\/anawawelberg.com.br\/wp-content\/uploads\/2021\/03\/Cesto-em-Rattan-Com-Espelho-2-OD16574-30x30.jpg 30w, https:\/\/anawawelberg.com.br\/wp-content\/uploads\/2021\/03\/Cesto-em-Rattan-Com-Espelho-2-OD16574-600x600.jpg 600w, https:\/\/anawawelberg.com.br\/wp-content\/uploads\/2021\/03\/Cesto-em-Rattan-Com-Espelho-2-OD16574-100x100.jpg 100w, https:\/\/anawawelberg.com.br\/wp-content\/uploads\/2021\/03\/Cesto-em-Rattan-Com-Espelho-2-OD16574.jpg 800w\" sizes=\"auto, (max-width: 650px) 100vw, 650px\" \/>\t\t\t\t\t            <\/a>\r\n\t            \t        <div class=\"noo-product-meta\">\r\n\t            \t            <span data-id=\"9534\" class=\"noo-quick-view icon_zoom-in_alt\"><\/span>\r\n\t        <\/div>\r\n\t        \t        <\/div>\r\n\t    <h3><a href=\"https:\/\/anawawelberg.com.br\/?product=cesto-em-rattan-com-espelho\">Cesto em Rattan com Espelho<\/a><\/h3><div class=\"shop-loo-after-item\">\n<\/div><div class=\"noo-loop-cart\">\t\t\t<input type=\"hidden\" class=\"wpmProductId\" data-id=\"9534\">\n\t\t\t\t\t<script>\n\t\t\t(window.wpmDataLayer = window.wpmDataLayer || {}).products             = window.wpmDataLayer.products || {};\n\t\t\twindow.wpmDataLayer.products[9534] = {\"id\":\"9534\",\"sku\":\"OD16574\",\"price\":572,\"brand\":\"\",\"quantity\":1,\"dyn_r_ids\":{\"post_id\":\"9534\",\"sku\":\"OD16574\",\"gpf\":\"woocommerce_gpf_9534\",\"gla\":\"gla_9534\"},\"is_variable\":false,\"type\":\"simple\",\"name\":\"Cesto em Rattan com Espelho\",\"category\":[\"Objeto Decora\u00e7\u00e3o\"],\"is_variation\":false};\n\t\t\t\t\twindow.pmw_product_position = window.pmw_product_position || 1;\n\t\twindow.wpmDataLayer.products[9534]['position'] = window.pmw_product_position++;\n\t\t\t\t<\/script>\n\t\t<\/div>    <\/div><!--end .noo-product-inner-->\n<\/div>\n<div class=\"noo-product-item noo-product-sm-4 not_featured post-9532 product type-product status-publish has-post-thumbnail product_cat-obejto_decoracao product_tag-ana-luiza-wawelberg product_tag-cesta-em-rattan-comprimento-20cm-largura-13cm-altura-5cm has-featured  instock featured taxable shipping-taxable purchasable product-type-simple\">\n    <div class=\"noo-product-inner noo-product-inner2\">\n        \t        <div class=\"noo-product-thumbnail\">\r\n\t            <a href=\"https:\/\/anawawelberg.com.br\/?product=cesta-em-rattan\" class=\"noo-thumbnail-product hover-device\">\r\n\t\t\t\t\t\t                <img loading=\"lazy\" decoding=\"async\" width=\"650\" height=\"650\" src=\"https:\/\/anawawelberg.com.br\/wp-content\/uploads\/2021\/03\/Cesta-em-Rattan-OD15364-650x650.jpg\" class=\"attachment-noo-thumbnail-product size-noo-thumbnail-product wp-post-image\" alt=\"\" srcset=\"https:\/\/anawawelberg.com.br\/wp-content\/uploads\/2021\/03\/Cesta-em-Rattan-OD15364-650x650.jpg 650w, https:\/\/anawawelberg.com.br\/wp-content\/uploads\/2021\/03\/Cesta-em-Rattan-OD15364-300x300.jpg 300w, https:\/\/anawawelberg.com.br\/wp-content\/uploads\/2021\/03\/Cesta-em-Rattan-OD15364-150x150.jpg 150w, https:\/\/anawawelberg.com.br\/wp-content\/uploads\/2021\/03\/Cesta-em-Rattan-OD15364-768x768.jpg 768w, https:\/\/anawawelberg.com.br\/wp-content\/uploads\/2021\/03\/Cesta-em-Rattan-OD15364-30x30.jpg 30w, https:\/\/anawawelberg.com.br\/wp-content\/uploads\/2021\/03\/Cesta-em-Rattan-OD15364-600x600.jpg 600w, https:\/\/anawawelberg.com.br\/wp-content\/uploads\/2021\/03\/Cesta-em-Rattan-OD15364-100x100.jpg 100w, https:\/\/anawawelberg.com.br\/wp-content\/uploads\/2021\/03\/Cesta-em-Rattan-OD15364.jpg 800w\" sizes=\"auto, (max-width: 650px) 100vw, 650px\" \/><img loading=\"lazy\" decoding=\"async\" width=\"650\" height=\"650\" src=\"https:\/\/anawawelberg.com.br\/wp-content\/uploads\/2021\/03\/Cesta-em-Rattan-2-OD15364-650x650.jpg\" class=\"second-img\" alt=\"\" srcset=\"https:\/\/anawawelberg.com.br\/wp-content\/uploads\/2021\/03\/Cesta-em-Rattan-2-OD15364-650x650.jpg 650w, https:\/\/anawawelberg.com.br\/wp-content\/uploads\/2021\/03\/Cesta-em-Rattan-2-OD15364-300x300.jpg 300w, https:\/\/anawawelberg.com.br\/wp-content\/uploads\/2021\/03\/Cesta-em-Rattan-2-OD15364-150x150.jpg 150w, https:\/\/anawawelberg.com.br\/wp-content\/uploads\/2021\/03\/Cesta-em-Rattan-2-OD15364-768x768.jpg 768w, https:\/\/anawawelberg.com.br\/wp-content\/uploads\/2021\/03\/Cesta-em-Rattan-2-OD15364-30x30.jpg 30w, https:\/\/anawawelberg.com.br\/wp-content\/uploads\/2021\/03\/Cesta-em-Rattan-2-OD15364-600x600.jpg 600w, https:\/\/anawawelberg.com.br\/wp-content\/uploads\/2021\/03\/Cesta-em-Rattan-2-OD15364-100x100.jpg 100w, https:\/\/anawawelberg.com.br\/wp-content\/uploads\/2021\/03\/Cesta-em-Rattan-2-OD15364.jpg 800w\" sizes=\"auto, (max-width: 650px) 100vw, 650px\" \/>\t\t\t\t\t            <\/a>\r\n\t            \t        <div class=\"noo-product-meta\">\r\n\t            \t            <span data-id=\"9532\" class=\"noo-quick-view icon_zoom-in_alt\"><\/span>\r\n\t        <\/div>\r\n\t        \t        <\/div>\r\n\t    <h3><a href=\"https:\/\/anawawelberg.com.br\/?product=cesta-em-rattan\">Cesta em Rattan<\/a><\/h3><div class=\"shop-loo-after-item\">\n<\/div><div class=\"noo-loop-cart\">\t\t\t<input type=\"hidden\" class=\"wpmProductId\" data-id=\"9532\">\n\t\t\t\t\t<script>\n\t\t\t(window.wpmDataLayer = window.wpmDataLayer || {}).products             = window.wpmDataLayer.products || {};\n\t\t\twindow.wpmDataLayer.products[9532] = {\"id\":\"9532\",\"sku\":\"OD15364\",\"price\":52,\"brand\":\"\",\"quantity\":1,\"dyn_r_ids\":{\"post_id\":\"9532\",\"sku\":\"OD15364\",\"gpf\":\"woocommerce_gpf_9532\",\"gla\":\"gla_9532\"},\"is_variable\":false,\"type\":\"simple\",\"name\":\"Cesta em Rattan\",\"category\":[\"Objeto Decora\u00e7\u00e3o\"],\"is_variation\":false};\n\t\t\t\t\twindow.pmw_product_position = window.pmw_product_position || 1;\n\t\twindow.wpmDataLayer.products[9532]['position'] = window.pmw_product_position++;\n\t\t\t\t<\/script>\n\t\t<\/div>    <\/div><!--end .noo-product-inner-->\n<\/div>\n<div class=\"noo-product-item noo-product-sm-4 not_featured post-9528 product type-product status-publish has-post-thumbnail product_cat-obejto_decoracao product_tag-ana-luiza-wawelberg product_tag-objeto-decorativo-ovelha has-featured last instock featured taxable shipping-taxable purchasable product-type-simple\">\n    <div class=\"noo-product-inner noo-product-inner2\">\n        \t        <div class=\"noo-product-thumbnail\">\r\n\t            <a href=\"https:\/\/anawawelberg.com.br\/?product=objeto-decorativo-ovelha\" class=\"noo-thumbnail-product hover-device\">\r\n\t\t\t\t\t\t                <img loading=\"lazy\" decoding=\"async\" width=\"650\" height=\"650\" src=\"https:\/\/anawawelberg.com.br\/wp-content\/uploads\/2021\/03\/Objeto-Decorativo-Ovelha-OD18493-650x650.jpg\" class=\"attachment-noo-thumbnail-product size-noo-thumbnail-product wp-post-image\" alt=\"\" srcset=\"https:\/\/anawawelberg.com.br\/wp-content\/uploads\/2021\/03\/Objeto-Decorativo-Ovelha-OD18493-650x650.jpg 650w, https:\/\/anawawelberg.com.br\/wp-content\/uploads\/2021\/03\/Objeto-Decorativo-Ovelha-OD18493-300x300.jpg 300w, https:\/\/anawawelberg.com.br\/wp-content\/uploads\/2021\/03\/Objeto-Decorativo-Ovelha-OD18493-150x150.jpg 150w, https:\/\/anawawelberg.com.br\/wp-content\/uploads\/2021\/03\/Objeto-Decorativo-Ovelha-OD18493-768x768.jpg 768w, https:\/\/anawawelberg.com.br\/wp-content\/uploads\/2021\/03\/Objeto-Decorativo-Ovelha-OD18493-30x30.jpg 30w, https:\/\/anawawelberg.com.br\/wp-content\/uploads\/2021\/03\/Objeto-Decorativo-Ovelha-OD18493-600x600.jpg 600w, https:\/\/anawawelberg.com.br\/wp-content\/uploads\/2021\/03\/Objeto-Decorativo-Ovelha-OD18493-100x100.jpg 100w, https:\/\/anawawelberg.com.br\/wp-content\/uploads\/2021\/03\/Objeto-Decorativo-Ovelha-OD18493.jpg 800w\" sizes=\"auto, (max-width: 650px) 100vw, 650px\" \/><img loading=\"lazy\" decoding=\"async\" width=\"650\" height=\"650\" src=\"https:\/\/anawawelberg.com.br\/wp-content\/uploads\/2021\/03\/Objeto-Decorativo-Ovelha-3-OD18493-650x650.jpg\" class=\"second-img\" alt=\"\" srcset=\"https:\/\/anawawelberg.com.br\/wp-content\/uploads\/2021\/03\/Objeto-Decorativo-Ovelha-3-OD18493-650x650.jpg 650w, https:\/\/anawawelberg.com.br\/wp-content\/uploads\/2021\/03\/Objeto-Decorativo-Ovelha-3-OD18493-300x300.jpg 300w, https:\/\/anawawelberg.com.br\/wp-content\/uploads\/2021\/03\/Objeto-Decorativo-Ovelha-3-OD18493-150x150.jpg 150w, https:\/\/anawawelberg.com.br\/wp-content\/uploads\/2021\/03\/Objeto-Decorativo-Ovelha-3-OD18493-768x768.jpg 768w, https:\/\/anawawelberg.com.br\/wp-content\/uploads\/2021\/03\/Objeto-Decorativo-Ovelha-3-OD18493-30x30.jpg 30w, https:\/\/anawawelberg.com.br\/wp-content\/uploads\/2021\/03\/Objeto-Decorativo-Ovelha-3-OD18493-600x600.jpg 600w, https:\/\/anawawelberg.com.br\/wp-content\/uploads\/2021\/03\/Objeto-Decorativo-Ovelha-3-OD18493-100x100.jpg 100w, https:\/\/anawawelberg.com.br\/wp-content\/uploads\/2021\/03\/Objeto-Decorativo-Ovelha-3-OD18493.jpg 800w\" sizes=\"auto, (max-width: 650px) 100vw, 650px\" \/>\t\t\t\t\t            <\/a>\r\n\t            \t        <div class=\"noo-product-meta\">\r\n\t            \t            <span data-id=\"9528\" class=\"noo-quick-view icon_zoom-in_alt\"><\/span>\r\n\t        <\/div>\r\n\t        \t        <\/div>\r\n\t    <h3><a href=\"https:\/\/anawawelberg.com.br\/?product=objeto-decorativo-ovelha\">Objeto Decorativo Ovelha<\/a><\/h3><div class=\"shop-loo-after-item\">\n<\/div><div class=\"noo-loop-cart\">\t\t\t<input type=\"hidden\" class=\"wpmProductId\" data-id=\"9528\">\n\t\t\t\t\t<script>\n\t\t\t(window.wpmDataLayer = window.wpmDataLayer || {}).products             = window.wpmDataLayer.products || {};\n\t\t\twindow.wpmDataLayer.products[9528] = {\"id\":\"9528\",\"sku\":\"OD18493\",\"price\":80,\"brand\":\"\",\"quantity\":1,\"dyn_r_ids\":{\"post_id\":\"9528\",\"sku\":\"OD18493\",\"gpf\":\"woocommerce_gpf_9528\",\"gla\":\"gla_9528\"},\"is_variable\":false,\"type\":\"simple\",\"name\":\"Objeto Decorativo Ovelha\",\"category\":[\"Objeto Decora\u00e7\u00e3o\"],\"is_variation\":false};\n\t\t\t\t\twindow.pmw_product_position = window.pmw_product_position || 1;\n\t\twindow.wpmDataLayer.products[9528]['position'] = window.pmw_product_position++;\n\t\t\t\t<\/script>\n\t\t<\/div>    <\/div><!--end .noo-product-inner-->\n<\/div>\n                    <\/div><!--end .noo-sh-product-html-->\n                <\/div><!--end .noo-sh-product-grid-->\n            <\/div><!--end .noo-shortcode-product-wrap-->\n                        [\/vc_column][\/vc_row][vc_row full_width=&#8221;stretch_row_content_no_spaces&#8221;][vc_column]            <div class=\"noo-shortcode-product-wrap\">\n            <div class=\"noo-product-header\">\n                <h3><span>Novidades<\/span><\/h3>\n\n                <p>Produtos em destaque na nossa loja.<\/p>\n            <\/div>\n                        <div class=\"noo-sh-product-grid woocommerce \">\n            <div class=\"spinner\">\n                <div class=\"bounce1\"><\/div>\n                <div class=\"bounce2\"><\/div>\n                <div class=\"bounce3\"><\/div>\n            <\/div>\n            <div class=\"noo-sh-product-html columns_5 no_masonry two row is-flex\">\n            <div class=\"noo-product-item noo-product-sm-4 not_featured post-2436 product type-product status-publish has-post-thumbnail product_cat-almofadas product_tag-almofada-de-fragmento-aubusson-com-grelot-e-costas-de-veludo has-featured first instock featured taxable shipping-taxable purchasable product-type-simple\">\n    <div class=\"noo-product-inner noo-product-inner2\">\n        \t        <div class=\"noo-product-thumbnail\">\r\n\t            <a href=\"https:\/\/anawawelberg.com.br\/?product=almofada-de-fragmento-tapete-aubusson-com-grelot-e-costas-de-veludo\" class=\"noo-thumbnail-product hover-device\">\r\n\t\t\t\t\t\t                <img loading=\"lazy\" decoding=\"async\" width=\"650\" height=\"650\" src=\"https:\/\/anawawelberg.com.br\/wp-content\/uploads\/2019\/09\/Almofada_Aubussom_1712-BC-1_1de1_055x048_Ana_Luiza_Wawelberg_AL04629_2-650x650.jpg\" class=\"attachment-noo-thumbnail-product size-noo-thumbnail-product wp-post-image\" alt=\"\" srcset=\"https:\/\/anawawelberg.com.br\/wp-content\/uploads\/2019\/09\/Almofada_Aubussom_1712-BC-1_1de1_055x048_Ana_Luiza_Wawelberg_AL04629_2-650x650.jpg 650w, https:\/\/anawawelberg.com.br\/wp-content\/uploads\/2019\/09\/Almofada_Aubussom_1712-BC-1_1de1_055x048_Ana_Luiza_Wawelberg_AL04629_2-150x150.jpg 150w, https:\/\/anawawelberg.com.br\/wp-content\/uploads\/2019\/09\/Almofada_Aubussom_1712-BC-1_1de1_055x048_Ana_Luiza_Wawelberg_AL04629_2-100x100.jpg 100w, https:\/\/anawawelberg.com.br\/wp-content\/uploads\/2019\/09\/Almofada_Aubussom_1712-BC-1_1de1_055x048_Ana_Luiza_Wawelberg_AL04629_2-600x600.jpg 600w, https:\/\/anawawelberg.com.br\/wp-content\/uploads\/2019\/09\/Almofada_Aubussom_1712-BC-1_1de1_055x048_Ana_Luiza_Wawelberg_AL04629_2-300x300.jpg 300w, https:\/\/anawawelberg.com.br\/wp-content\/uploads\/2019\/09\/Almofada_Aubussom_1712-BC-1_1de1_055x048_Ana_Luiza_Wawelberg_AL04629_2-768x768.jpg 768w, https:\/\/anawawelberg.com.br\/wp-content\/uploads\/2019\/09\/Almofada_Aubussom_1712-BC-1_1de1_055x048_Ana_Luiza_Wawelberg_AL04629_2.jpg 1000w\" sizes=\"auto, (max-width: 650px) 100vw, 650px\" \/><img loading=\"lazy\" decoding=\"async\" width=\"650\" height=\"650\" src=\"https:\/\/anawawelberg.com.br\/wp-content\/uploads\/2019\/09\/Almofada_Aubussom_1712-BC-1_1de1_055x048_Ana_Luiza_Wawelberg_AL04629_3-650x650.jpg\" class=\"second-img\" alt=\"\" srcset=\"https:\/\/anawawelberg.com.br\/wp-content\/uploads\/2019\/09\/Almofada_Aubussom_1712-BC-1_1de1_055x048_Ana_Luiza_Wawelberg_AL04629_3-650x650.jpg 650w, https:\/\/anawawelberg.com.br\/wp-content\/uploads\/2019\/09\/Almofada_Aubussom_1712-BC-1_1de1_055x048_Ana_Luiza_Wawelberg_AL04629_3-150x150.jpg 150w, https:\/\/anawawelberg.com.br\/wp-content\/uploads\/2019\/09\/Almofada_Aubussom_1712-BC-1_1de1_055x048_Ana_Luiza_Wawelberg_AL04629_3-100x100.jpg 100w, https:\/\/anawawelberg.com.br\/wp-content\/uploads\/2019\/09\/Almofada_Aubussom_1712-BC-1_1de1_055x048_Ana_Luiza_Wawelberg_AL04629_3-600x600.jpg 600w, https:\/\/anawawelberg.com.br\/wp-content\/uploads\/2019\/09\/Almofada_Aubussom_1712-BC-1_1de1_055x048_Ana_Luiza_Wawelberg_AL04629_3-300x300.jpg 300w, https:\/\/anawawelberg.com.br\/wp-content\/uploads\/2019\/09\/Almofada_Aubussom_1712-BC-1_1de1_055x048_Ana_Luiza_Wawelberg_AL04629_3-768x768.jpg 768w, https:\/\/anawawelberg.com.br\/wp-content\/uploads\/2019\/09\/Almofada_Aubussom_1712-BC-1_1de1_055x048_Ana_Luiza_Wawelberg_AL04629_3.jpg 1000w\" sizes=\"auto, (max-width: 650px) 100vw, 650px\" \/>\t\t\t\t\t            <\/a>\r\n\t            \t        <div class=\"noo-product-meta\">\r\n\t            \t            <span data-id=\"2436\" class=\"noo-quick-view icon_zoom-in_alt\"><\/span>\r\n\t        <\/div>\r\n\t        \t        <\/div>\r\n\t    <h3><a href=\"https:\/\/anawawelberg.com.br\/?product=almofada-de-fragmento-tapete-aubusson-com-grelot-e-costas-de-veludo\">Almofada de Fragmento Aubusson com Grelot e Costas de Veludo<\/a><\/h3><div class=\"shop-loo-after-item\">\n<\/div><div class=\"noo-loop-cart\">\t\t\t<input type=\"hidden\" class=\"wpmProductId\" data-id=\"2436\">\n\t\t\t\t\t<script>\n\t\t\t(window.wpmDataLayer = window.wpmDataLayer || {}).products             = window.wpmDataLayer.products || {};\n\t\t\twindow.wpmDataLayer.products[2436] = {\"id\":\"2436\",\"sku\":\"AL04629\",\"price\":6305,\"brand\":\"\",\"quantity\":1,\"dyn_r_ids\":{\"post_id\":\"2436\",\"sku\":\"AL04629\",\"gpf\":\"woocommerce_gpf_2436\",\"gla\":\"gla_2436\"},\"is_variable\":false,\"type\":\"simple\",\"name\":\"Almofada de Fragmento Aubusson com Grelot e Costas de Veludo\",\"category\":[\"Almofadas\"],\"is_variation\":false};\n\t\t\t\t\twindow.pmw_product_position = window.pmw_product_position || 1;\n\t\twindow.wpmDataLayer.products[2436]['position'] = window.pmw_product_position++;\n\t\t\t\t<\/script>\n\t\t<\/div>    <\/div><!--end .noo-product-inner-->\n<\/div>\n<div class=\"noo-product-item noo-product-sm-4 not_featured post-2438 product type-product status-publish has-post-thumbnail product_cat-almofadas product_tag-almofada-seda-estampada-ikat-e-costas-tecido-liso has-featured  instock featured taxable shipping-taxable purchasable product-type-simple\">\n    <div class=\"noo-product-inner noo-product-inner2\">\n        \t        <div class=\"noo-product-thumbnail\">\r\n\t            <a href=\"https:\/\/anawawelberg.com.br\/?product=almofada-seda-estampada-ikat-e-costas-tecido-liso\" class=\"noo-thumbnail-product hover-device\">\r\n\t\t\t\t\t\t                <img loading=\"lazy\" decoding=\"async\" width=\"650\" height=\"650\" src=\"https:\/\/anawawelberg.com.br\/wp-content\/uploads\/2019\/09\/Almofada_Seda_Abrantes_045x045_Ana_Luiza_Wawelberg_AL10697-2-650x650.jpg\" class=\"attachment-noo-thumbnail-product size-noo-thumbnail-product wp-post-image\" alt=\"\" srcset=\"https:\/\/anawawelberg.com.br\/wp-content\/uploads\/2019\/09\/Almofada_Seda_Abrantes_045x045_Ana_Luiza_Wawelberg_AL10697-2-650x650.jpg 650w, https:\/\/anawawelberg.com.br\/wp-content\/uploads\/2019\/09\/Almofada_Seda_Abrantes_045x045_Ana_Luiza_Wawelberg_AL10697-2-150x150.jpg 150w, https:\/\/anawawelberg.com.br\/wp-content\/uploads\/2019\/09\/Almofada_Seda_Abrantes_045x045_Ana_Luiza_Wawelberg_AL10697-2-100x100.jpg 100w, https:\/\/anawawelberg.com.br\/wp-content\/uploads\/2019\/09\/Almofada_Seda_Abrantes_045x045_Ana_Luiza_Wawelberg_AL10697-2-600x600.jpg 600w, https:\/\/anawawelberg.com.br\/wp-content\/uploads\/2019\/09\/Almofada_Seda_Abrantes_045x045_Ana_Luiza_Wawelberg_AL10697-2-300x300.jpg 300w, https:\/\/anawawelberg.com.br\/wp-content\/uploads\/2019\/09\/Almofada_Seda_Abrantes_045x045_Ana_Luiza_Wawelberg_AL10697-2-768x768.jpg 768w, https:\/\/anawawelberg.com.br\/wp-content\/uploads\/2019\/09\/Almofada_Seda_Abrantes_045x045_Ana_Luiza_Wawelberg_AL10697-2.jpg 1000w\" sizes=\"auto, (max-width: 650px) 100vw, 650px\" \/><img loading=\"lazy\" decoding=\"async\" width=\"650\" height=\"650\" src=\"https:\/\/anawawelberg.com.br\/wp-content\/uploads\/2019\/09\/Almofada_Seda_Abrantes_045x045_Ana_Luiza_Wawelberg_AL10697-10-650x650.jpg\" class=\"second-img\" alt=\"\" srcset=\"https:\/\/anawawelberg.com.br\/wp-content\/uploads\/2019\/09\/Almofada_Seda_Abrantes_045x045_Ana_Luiza_Wawelberg_AL10697-10-650x650.jpg 650w, https:\/\/anawawelberg.com.br\/wp-content\/uploads\/2019\/09\/Almofada_Seda_Abrantes_045x045_Ana_Luiza_Wawelberg_AL10697-10-150x150.jpg 150w, https:\/\/anawawelberg.com.br\/wp-content\/uploads\/2019\/09\/Almofada_Seda_Abrantes_045x045_Ana_Luiza_Wawelberg_AL10697-10-100x100.jpg 100w, https:\/\/anawawelberg.com.br\/wp-content\/uploads\/2019\/09\/Almofada_Seda_Abrantes_045x045_Ana_Luiza_Wawelberg_AL10697-10-600x600.jpg 600w, https:\/\/anawawelberg.com.br\/wp-content\/uploads\/2019\/09\/Almofada_Seda_Abrantes_045x045_Ana_Luiza_Wawelberg_AL10697-10-300x300.jpg 300w, https:\/\/anawawelberg.com.br\/wp-content\/uploads\/2019\/09\/Almofada_Seda_Abrantes_045x045_Ana_Luiza_Wawelberg_AL10697-10-768x768.jpg 768w, https:\/\/anawawelberg.com.br\/wp-content\/uploads\/2019\/09\/Almofada_Seda_Abrantes_045x045_Ana_Luiza_Wawelberg_AL10697-10.jpg 1000w\" sizes=\"auto, (max-width: 650px) 100vw, 650px\" \/>\t\t\t\t\t            <\/a>\r\n\t            \t        <div class=\"noo-product-meta\">\r\n\t            \t            <span data-id=\"2438\" class=\"noo-quick-view icon_zoom-in_alt\"><\/span>\r\n\t        <\/div>\r\n\t        \t        <\/div>\r\n\t    <h3><a href=\"https:\/\/anawawelberg.com.br\/?product=almofada-seda-estampada-ikat-e-costas-tecido-liso\">Almofada Seda Estampada Ikat e Costas Tecido Liso<\/a><\/h3><div class=\"shop-loo-after-item\">\n<\/div><div class=\"noo-loop-cart\">\t\t\t<input type=\"hidden\" class=\"wpmProductId\" data-id=\"2438\">\n\t\t\t\t\t<script>\n\t\t\t(window.wpmDataLayer = window.wpmDataLayer || {}).products             = window.wpmDataLayer.products || {};\n\t\t\twindow.wpmDataLayer.products[2438] = {\"id\":\"2438\",\"sku\":\"AL10697\",\"price\":377,\"brand\":\"\",\"quantity\":1,\"dyn_r_ids\":{\"post_id\":\"2438\",\"sku\":\"AL10697\",\"gpf\":\"woocommerce_gpf_2438\",\"gla\":\"gla_2438\"},\"is_variable\":false,\"type\":\"simple\",\"name\":\"Almofada Seda Estampada Ikat e Costas Tecido Liso\",\"category\":[\"Almofadas\"],\"is_variation\":false};\n\t\t\t\t\twindow.pmw_product_position = window.pmw_product_position || 1;\n\t\twindow.wpmDataLayer.products[2438]['position'] = window.pmw_product_position++;\n\t\t\t\t<\/script>\n\t\t<\/div>    <\/div><!--end .noo-product-inner-->\n<\/div>\n<div class=\"noo-product-item noo-product-sm-4 not_featured post-2439 product type-product status-publish has-post-thumbnail product_cat-almofadas product_cat-sale product_tag-almofada-tecido-estampado-importado-document-na-frente-e-liso-nas-costas product_tag-ana-wawelberg has-featured  instock featured taxable shipping-taxable purchasable product-type-simple\">\n    <div class=\"noo-product-inner noo-product-inner2\">\n        \t        <div class=\"noo-product-thumbnail\">\r\n\t            <a href=\"https:\/\/anawawelberg.com.br\/?product=almofada-tecido-estampado-importado-document-e-tecido-liso-nas-costas\" class=\"noo-thumbnail-product hover-device\">\r\n\t\t\t\t\t\t                <img loading=\"lazy\" decoding=\"async\" width=\"650\" height=\"650\" src=\"https:\/\/anawawelberg.com.br\/wp-content\/uploads\/2019\/09\/Almofada_Linho_Document_05x05_Ana_Luiza_Wawelberg_AL10866-3-650x650.jpg\" class=\"attachment-noo-thumbnail-product size-noo-thumbnail-product wp-post-image\" alt=\"\" srcset=\"https:\/\/anawawelberg.com.br\/wp-content\/uploads\/2019\/09\/Almofada_Linho_Document_05x05_Ana_Luiza_Wawelberg_AL10866-3-650x650.jpg 650w, https:\/\/anawawelberg.com.br\/wp-content\/uploads\/2019\/09\/Almofada_Linho_Document_05x05_Ana_Luiza_Wawelberg_AL10866-3-150x150.jpg 150w, https:\/\/anawawelberg.com.br\/wp-content\/uploads\/2019\/09\/Almofada_Linho_Document_05x05_Ana_Luiza_Wawelberg_AL10866-3-100x100.jpg 100w, https:\/\/anawawelberg.com.br\/wp-content\/uploads\/2019\/09\/Almofada_Linho_Document_05x05_Ana_Luiza_Wawelberg_AL10866-3-600x600.jpg 600w, https:\/\/anawawelberg.com.br\/wp-content\/uploads\/2019\/09\/Almofada_Linho_Document_05x05_Ana_Luiza_Wawelberg_AL10866-3-300x300.jpg 300w, https:\/\/anawawelberg.com.br\/wp-content\/uploads\/2019\/09\/Almofada_Linho_Document_05x05_Ana_Luiza_Wawelberg_AL10866-3-768x768.jpg 768w, https:\/\/anawawelberg.com.br\/wp-content\/uploads\/2019\/09\/Almofada_Linho_Document_05x05_Ana_Luiza_Wawelberg_AL10866-3.jpg 1000w\" sizes=\"auto, (max-width: 650px) 100vw, 650px\" \/><img loading=\"lazy\" decoding=\"async\" width=\"650\" height=\"650\" src=\"https:\/\/anawawelberg.com.br\/wp-content\/uploads\/2019\/09\/Almofada_Linho_Document_05x05_Ana_Luiza_Wawelberg_AL10866-13-650x650.jpg\" class=\"second-img\" alt=\"\" srcset=\"https:\/\/anawawelberg.com.br\/wp-content\/uploads\/2019\/09\/Almofada_Linho_Document_05x05_Ana_Luiza_Wawelberg_AL10866-13-650x650.jpg 650w, https:\/\/anawawelberg.com.br\/wp-content\/uploads\/2019\/09\/Almofada_Linho_Document_05x05_Ana_Luiza_Wawelberg_AL10866-13-150x150.jpg 150w, https:\/\/anawawelberg.com.br\/wp-content\/uploads\/2019\/09\/Almofada_Linho_Document_05x05_Ana_Luiza_Wawelberg_AL10866-13-100x100.jpg 100w, https:\/\/anawawelberg.com.br\/wp-content\/uploads\/2019\/09\/Almofada_Linho_Document_05x05_Ana_Luiza_Wawelberg_AL10866-13-600x600.jpg 600w, https:\/\/anawawelberg.com.br\/wp-content\/uploads\/2019\/09\/Almofada_Linho_Document_05x05_Ana_Luiza_Wawelberg_AL10866-13-300x300.jpg 300w, https:\/\/anawawelberg.com.br\/wp-content\/uploads\/2019\/09\/Almofada_Linho_Document_05x05_Ana_Luiza_Wawelberg_AL10866-13-768x768.jpg 768w, https:\/\/anawawelberg.com.br\/wp-content\/uploads\/2019\/09\/Almofada_Linho_Document_05x05_Ana_Luiza_Wawelberg_AL10866-13.jpg 1000w\" sizes=\"auto, (max-width: 650px) 100vw, 650px\" \/>\t\t\t\t\t            <\/a>\r\n\t            \t        <div class=\"noo-product-meta\">\r\n\t            \t            <span data-id=\"2439\" class=\"noo-quick-view icon_zoom-in_alt\"><\/span>\r\n\t        <\/div>\r\n\t        \t        <\/div>\r\n\t    <h3><a href=\"https:\/\/anawawelberg.com.br\/?product=almofada-tecido-estampado-importado-document-e-tecido-liso-nas-costas\">Almofada Tecido Estampado Importado Document na Frente e Liso nas Costas<\/a><\/h3><div class=\"shop-loo-after-item\">\n<\/div><div class=\"noo-loop-cart\">\t\t\t<input type=\"hidden\" class=\"wpmProductId\" data-id=\"2439\">\n\t\t\t\t\t<script>\n\t\t\t(window.wpmDataLayer = window.wpmDataLayer || {}).products             = window.wpmDataLayer.products || {};\n\t\t\twindow.wpmDataLayer.products[2439] = {\"id\":\"2439\",\"sku\":\"AL10854\",\"price\":364,\"brand\":\"\",\"quantity\":1,\"dyn_r_ids\":{\"post_id\":\"2439\",\"sku\":\"AL10854\",\"gpf\":\"woocommerce_gpf_2439\",\"gla\":\"gla_2439\"},\"is_variable\":false,\"type\":\"simple\",\"name\":\"Almofada Tecido Estampado Importado Document na Frente e Liso nas Costas\",\"category\":[\"Almofadas\",\"Sale\"],\"is_variation\":false};\n\t\t\t\t\twindow.pmw_product_position = window.pmw_product_position || 1;\n\t\twindow.wpmDataLayer.products[2439]['position'] = window.pmw_product_position++;\n\t\t\t\t<\/script>\n\t\t<\/div>    <\/div><!--end .noo-product-inner-->\n<\/div>\n<div class=\"noo-product-item noo-product-sm-4 not_featured post-2440 product type-product status-publish has-post-thumbnail product_cat-almofadas product_cat-sale product_tag-almofada-tecido-estampado-importado-indiano-na-frente-e-tecido-liso-nas-costas product_tag-ana-wawelberg has-featured  instock featured taxable shipping-taxable purchasable product-type-simple\">\n    <div class=\"noo-product-inner noo-product-inner2\">\n        \t        <div class=\"noo-product-thumbnail\">\r\n\t            <a href=\"https:\/\/anawawelberg.com.br\/?product=almofada-tecido-estampado-importado-indiano-e-tecido-liso-nas-costas\" class=\"noo-thumbnail-product hover-device\">\r\n\t\t\t\t\t\t                <img loading=\"lazy\" decoding=\"async\" width=\"650\" height=\"650\" src=\"https:\/\/anawawelberg.com.br\/wp-content\/uploads\/2019\/09\/Almofada_Estampada_Amarela_5de8_05x05_Ana_Luiza_Wawelberg_AL10952_2-650x650.jpg\" class=\"attachment-noo-thumbnail-product size-noo-thumbnail-product wp-post-image\" alt=\"\" srcset=\"https:\/\/anawawelberg.com.br\/wp-content\/uploads\/2019\/09\/Almofada_Estampada_Amarela_5de8_05x05_Ana_Luiza_Wawelberg_AL10952_2-650x650.jpg 650w, https:\/\/anawawelberg.com.br\/wp-content\/uploads\/2019\/09\/Almofada_Estampada_Amarela_5de8_05x05_Ana_Luiza_Wawelberg_AL10952_2-150x150.jpg 150w, https:\/\/anawawelberg.com.br\/wp-content\/uploads\/2019\/09\/Almofada_Estampada_Amarela_5de8_05x05_Ana_Luiza_Wawelberg_AL10952_2-100x100.jpg 100w, https:\/\/anawawelberg.com.br\/wp-content\/uploads\/2019\/09\/Almofada_Estampada_Amarela_5de8_05x05_Ana_Luiza_Wawelberg_AL10952_2-600x600.jpg 600w, https:\/\/anawawelberg.com.br\/wp-content\/uploads\/2019\/09\/Almofada_Estampada_Amarela_5de8_05x05_Ana_Luiza_Wawelberg_AL10952_2-300x300.jpg 300w, https:\/\/anawawelberg.com.br\/wp-content\/uploads\/2019\/09\/Almofada_Estampada_Amarela_5de8_05x05_Ana_Luiza_Wawelberg_AL10952_2-768x768.jpg 768w, https:\/\/anawawelberg.com.br\/wp-content\/uploads\/2019\/09\/Almofada_Estampada_Amarela_5de8_05x05_Ana_Luiza_Wawelberg_AL10952_2.jpg 1000w\" sizes=\"auto, (max-width: 650px) 100vw, 650px\" \/><img loading=\"lazy\" decoding=\"async\" width=\"650\" height=\"650\" src=\"https:\/\/anawawelberg.com.br\/wp-content\/uploads\/2019\/09\/Almofada_Estampada_Amarela_5de8_05x05_Ana_Luiza_Wawelberg_AL10952_9-650x650.jpg\" class=\"second-img\" alt=\"\" srcset=\"https:\/\/anawawelberg.com.br\/wp-content\/uploads\/2019\/09\/Almofada_Estampada_Amarela_5de8_05x05_Ana_Luiza_Wawelberg_AL10952_9-650x650.jpg 650w, https:\/\/anawawelberg.com.br\/wp-content\/uploads\/2019\/09\/Almofada_Estampada_Amarela_5de8_05x05_Ana_Luiza_Wawelberg_AL10952_9-150x150.jpg 150w, https:\/\/anawawelberg.com.br\/wp-content\/uploads\/2019\/09\/Almofada_Estampada_Amarela_5de8_05x05_Ana_Luiza_Wawelberg_AL10952_9-100x100.jpg 100w, https:\/\/anawawelberg.com.br\/wp-content\/uploads\/2019\/09\/Almofada_Estampada_Amarela_5de8_05x05_Ana_Luiza_Wawelberg_AL10952_9-600x600.jpg 600w, https:\/\/anawawelberg.com.br\/wp-content\/uploads\/2019\/09\/Almofada_Estampada_Amarela_5de8_05x05_Ana_Luiza_Wawelberg_AL10952_9-300x300.jpg 300w, https:\/\/anawawelberg.com.br\/wp-content\/uploads\/2019\/09\/Almofada_Estampada_Amarela_5de8_05x05_Ana_Luiza_Wawelberg_AL10952_9-768x768.jpg 768w, https:\/\/anawawelberg.com.br\/wp-content\/uploads\/2019\/09\/Almofada_Estampada_Amarela_5de8_05x05_Ana_Luiza_Wawelberg_AL10952_9.jpg 1000w\" sizes=\"auto, (max-width: 650px) 100vw, 650px\" \/>\t\t\t\t\t            <\/a>\r\n\t            \t        <div class=\"noo-product-meta\">\r\n\t            \t            <span data-id=\"2440\" class=\"noo-quick-view icon_zoom-in_alt\"><\/span>\r\n\t        <\/div>\r\n\t        \t        <\/div>\r\n\t    <h3><a href=\"https:\/\/anawawelberg.com.br\/?product=almofada-tecido-estampado-importado-indiano-e-tecido-liso-nas-costas\">Almofada Tecido Estampado Importado Indiano na Frente e Tecido Liso nas Costas<\/a><\/h3><div class=\"shop-loo-after-item\">\n<\/div><div class=\"noo-loop-cart\">\t\t\t<input type=\"hidden\" class=\"wpmProductId\" data-id=\"2440\">\n\t\t\t\t\t<script>\n\t\t\t(window.wpmDataLayer = window.wpmDataLayer || {}).products             = window.wpmDataLayer.products || {};\n\t\t\twindow.wpmDataLayer.products[2440] = {\"id\":\"2440\",\"sku\":\"AL10952\",\"price\":364,\"brand\":\"\",\"quantity\":1,\"dyn_r_ids\":{\"post_id\":\"2440\",\"sku\":\"AL10952\",\"gpf\":\"woocommerce_gpf_2440\",\"gla\":\"gla_2440\"},\"is_variable\":false,\"type\":\"simple\",\"name\":\"Almofada Tecido Estampado Importado Indiano na Frente e Tecido Liso nas Costas\",\"category\":[\"Almofadas\",\"Sale\"],\"is_variation\":false};\n\t\t\t\t\twindow.pmw_product_position = window.pmw_product_position || 1;\n\t\twindow.wpmDataLayer.products[2440]['position'] = window.pmw_product_position++;\n\t\t\t\t<\/script>\n\t\t<\/div>    <\/div><!--end .noo-product-inner-->\n<\/div>\n<div class=\"noo-product-item noo-product-sm-4 not_featured post-2441 product type-product status-publish has-post-thumbnail product_cat-almofadas product_cat-sale product_tag-almofada-bege-e-cinza-2de2 product_tag-almofada-linho-bege-com-apliques-de-tecido-e-bordados product_tag-costas-linho-cor-lisa has-featured last outofstock featured taxable shipping-taxable purchasable product-type-simple\">\n    <div class=\"noo-product-inner noo-product-inner2\">\n        \t        <div class=\"noo-product-thumbnail\">\r\n\t            <a href=\"https:\/\/anawawelberg.com.br\/?product=almofada-linho-bege-com-apliques-de-tecido-e-bordados-costas-linho-e-cor-lisa\" class=\"noo-thumbnail-product hover-device\">\r\n\t\t\t\t\t\t                <img loading=\"lazy\" decoding=\"async\" width=\"650\" height=\"650\" src=\"https:\/\/anawawelberg.com.br\/wp-content\/uploads\/2019\/09\/Almofada_Bege_e_Cinza_2de2_050x050_Ana_Luiza_Wawelberg_AL11809_3-650x650.jpg\" class=\"attachment-noo-thumbnail-product size-noo-thumbnail-product wp-post-image\" alt=\"\" srcset=\"https:\/\/anawawelberg.com.br\/wp-content\/uploads\/2019\/09\/Almofada_Bege_e_Cinza_2de2_050x050_Ana_Luiza_Wawelberg_AL11809_3-650x650.jpg 650w, https:\/\/anawawelberg.com.br\/wp-content\/uploads\/2019\/09\/Almofada_Bege_e_Cinza_2de2_050x050_Ana_Luiza_Wawelberg_AL11809_3-150x150.jpg 150w, https:\/\/anawawelberg.com.br\/wp-content\/uploads\/2019\/09\/Almofada_Bege_e_Cinza_2de2_050x050_Ana_Luiza_Wawelberg_AL11809_3-100x100.jpg 100w, https:\/\/anawawelberg.com.br\/wp-content\/uploads\/2019\/09\/Almofada_Bege_e_Cinza_2de2_050x050_Ana_Luiza_Wawelberg_AL11809_3-600x600.jpg 600w, https:\/\/anawawelberg.com.br\/wp-content\/uploads\/2019\/09\/Almofada_Bege_e_Cinza_2de2_050x050_Ana_Luiza_Wawelberg_AL11809_3-300x300.jpg 300w, https:\/\/anawawelberg.com.br\/wp-content\/uploads\/2019\/09\/Almofada_Bege_e_Cinza_2de2_050x050_Ana_Luiza_Wawelberg_AL11809_3-768x768.jpg 768w, https:\/\/anawawelberg.com.br\/wp-content\/uploads\/2019\/09\/Almofada_Bege_e_Cinza_2de2_050x050_Ana_Luiza_Wawelberg_AL11809_3.jpg 1000w\" sizes=\"auto, (max-width: 650px) 100vw, 650px\" \/><img loading=\"lazy\" decoding=\"async\" width=\"650\" height=\"650\" src=\"https:\/\/anawawelberg.com.br\/wp-content\/uploads\/2019\/09\/Almofada_Bege_e_Cinza_2de2_050x050_Ana_Luiza_Wawelberg_AL11809_4-650x650.jpg\" class=\"second-img\" alt=\"\" srcset=\"https:\/\/anawawelberg.com.br\/wp-content\/uploads\/2019\/09\/Almofada_Bege_e_Cinza_2de2_050x050_Ana_Luiza_Wawelberg_AL11809_4-650x650.jpg 650w, https:\/\/anawawelberg.com.br\/wp-content\/uploads\/2019\/09\/Almofada_Bege_e_Cinza_2de2_050x050_Ana_Luiza_Wawelberg_AL11809_4-150x150.jpg 150w, https:\/\/anawawelberg.com.br\/wp-content\/uploads\/2019\/09\/Almofada_Bege_e_Cinza_2de2_050x050_Ana_Luiza_Wawelberg_AL11809_4-100x100.jpg 100w, https:\/\/anawawelberg.com.br\/wp-content\/uploads\/2019\/09\/Almofada_Bege_e_Cinza_2de2_050x050_Ana_Luiza_Wawelberg_AL11809_4-600x600.jpg 600w, https:\/\/anawawelberg.com.br\/wp-content\/uploads\/2019\/09\/Almofada_Bege_e_Cinza_2de2_050x050_Ana_Luiza_Wawelberg_AL11809_4-300x300.jpg 300w, https:\/\/anawawelberg.com.br\/wp-content\/uploads\/2019\/09\/Almofada_Bege_e_Cinza_2de2_050x050_Ana_Luiza_Wawelberg_AL11809_4-768x768.jpg 768w, https:\/\/anawawelberg.com.br\/wp-content\/uploads\/2019\/09\/Almofada_Bege_e_Cinza_2de2_050x050_Ana_Luiza_Wawelberg_AL11809_4.jpg 1000w\" sizes=\"auto, (max-width: 650px) 100vw, 650px\" \/>\t\t\t\t\t            <\/a>\r\n\t            \t        <div class=\"noo-product-meta\">\r\n\t            \t            <span data-id=\"2441\" class=\"noo-quick-view icon_zoom-in_alt\"><\/span>\r\n\t        <\/div>\r\n\t        \t        <\/div>\r\n\t    <h3><a href=\"https:\/\/anawawelberg.com.br\/?product=almofada-linho-bege-com-apliques-de-tecido-e-bordados-costas-linho-e-cor-lisa\">Almofada Linho Bege com Apliques de Tecido e Bordados, Costas Linho e Cor Lisa<\/a><\/h3><div class=\"shop-loo-after-item\">\n<\/div><div class=\"noo-loop-cart\">\t\t\t<input type=\"hidden\" class=\"wpmProductId\" data-id=\"2441\">\n\t\t\t\t\t<script>\n\t\t\t(window.wpmDataLayer = window.wpmDataLayer || {}).products             = window.wpmDataLayer.products || {};\n\t\t\twindow.wpmDataLayer.products[2441] = {\"id\":\"2441\",\"sku\":\"AL11809\",\"price\":160,\"brand\":\"\",\"quantity\":1,\"dyn_r_ids\":{\"post_id\":\"2441\",\"sku\":\"AL11809\",\"gpf\":\"woocommerce_gpf_2441\",\"gla\":\"gla_2441\"},\"is_variable\":false,\"type\":\"simple\",\"name\":\"Almofada Linho Bege com Apliques de Tecido e Bordados, Costas Linho e Cor Lisa\",\"category\":[\"Almofadas\",\"Sale\"],\"is_variation\":false};\n\t\t\t\t\twindow.pmw_product_position = window.pmw_product_position || 1;\n\t\twindow.wpmDataLayer.products[2441]['position'] = window.pmw_product_position++;\n\t\t\t\t<\/script>\n\t\t<\/div>    <\/div><!--end .noo-product-inner-->\n<\/div>\n<div class=\"noo-product-item noo-product-sm-4 not_featured post-2442 product type-product status-publish has-post-thumbnail product_cat-almofadas product_cat-sale product_tag-almofada-linho-bege-com-apliques-de-tecido-e-bordados product_tag-almofada-linho-beige-losango-cinza-1de2 product_tag-costas-linho-cor-lisa has-featured first outofstock sale featured purchasable product-type-simple\">\n    <div class=\"noo-product-inner noo-product-inner2\">\n        \t        <div class=\"noo-product-thumbnail\">\r\n\t            <a href=\"https:\/\/anawawelberg.com.br\/?product=almofada-linho-bege-com-apliques-de-tecido-e-bordados-costas-linho-cor-lisa-2\" class=\"noo-thumbnail-product hover-device\">\r\n\t\t\t\t\t\t                <img loading=\"lazy\" decoding=\"async\" width=\"650\" height=\"650\" src=\"https:\/\/anawawelberg.com.br\/wp-content\/uploads\/2019\/09\/Almofada_Linho_Beige_Losango_Cinza_1de2_050x050_Ana_Luiza_Wawelberg_AL11818_3-650x650.jpg\" class=\"attachment-noo-thumbnail-product size-noo-thumbnail-product wp-post-image\" alt=\"\" srcset=\"https:\/\/anawawelberg.com.br\/wp-content\/uploads\/2019\/09\/Almofada_Linho_Beige_Losango_Cinza_1de2_050x050_Ana_Luiza_Wawelberg_AL11818_3-650x650.jpg 650w, https:\/\/anawawelberg.com.br\/wp-content\/uploads\/2019\/09\/Almofada_Linho_Beige_Losango_Cinza_1de2_050x050_Ana_Luiza_Wawelberg_AL11818_3-150x150.jpg 150w, https:\/\/anawawelberg.com.br\/wp-content\/uploads\/2019\/09\/Almofada_Linho_Beige_Losango_Cinza_1de2_050x050_Ana_Luiza_Wawelberg_AL11818_3-100x100.jpg 100w, https:\/\/anawawelberg.com.br\/wp-content\/uploads\/2019\/09\/Almofada_Linho_Beige_Losango_Cinza_1de2_050x050_Ana_Luiza_Wawelberg_AL11818_3-600x600.jpg 600w, https:\/\/anawawelberg.com.br\/wp-content\/uploads\/2019\/09\/Almofada_Linho_Beige_Losango_Cinza_1de2_050x050_Ana_Luiza_Wawelberg_AL11818_3-300x300.jpg 300w, https:\/\/anawawelberg.com.br\/wp-content\/uploads\/2019\/09\/Almofada_Linho_Beige_Losango_Cinza_1de2_050x050_Ana_Luiza_Wawelberg_AL11818_3-768x768.jpg 768w, https:\/\/anawawelberg.com.br\/wp-content\/uploads\/2019\/09\/Almofada_Linho_Beige_Losango_Cinza_1de2_050x050_Ana_Luiza_Wawelberg_AL11818_3.jpg 1000w\" sizes=\"auto, (max-width: 650px) 100vw, 650px\" \/><img loading=\"lazy\" decoding=\"async\" width=\"650\" height=\"650\" src=\"https:\/\/anawawelberg.com.br\/wp-content\/uploads\/2019\/09\/Almofada_Linho_Beige_Losango_Cinza_1de2_050x050_Ana_Luiza_Wawelberg_AL11818_4-650x650.jpg\" class=\"second-img\" alt=\"\" srcset=\"https:\/\/anawawelberg.com.br\/wp-content\/uploads\/2019\/09\/Almofada_Linho_Beige_Losango_Cinza_1de2_050x050_Ana_Luiza_Wawelberg_AL11818_4-650x650.jpg 650w, https:\/\/anawawelberg.com.br\/wp-content\/uploads\/2019\/09\/Almofada_Linho_Beige_Losango_Cinza_1de2_050x050_Ana_Luiza_Wawelberg_AL11818_4-150x150.jpg 150w, https:\/\/anawawelberg.com.br\/wp-content\/uploads\/2019\/09\/Almofada_Linho_Beige_Losango_Cinza_1de2_050x050_Ana_Luiza_Wawelberg_AL11818_4-100x100.jpg 100w, https:\/\/anawawelberg.com.br\/wp-content\/uploads\/2019\/09\/Almofada_Linho_Beige_Losango_Cinza_1de2_050x050_Ana_Luiza_Wawelberg_AL11818_4-600x600.jpg 600w, https:\/\/anawawelberg.com.br\/wp-content\/uploads\/2019\/09\/Almofada_Linho_Beige_Losango_Cinza_1de2_050x050_Ana_Luiza_Wawelberg_AL11818_4-300x300.jpg 300w, https:\/\/anawawelberg.com.br\/wp-content\/uploads\/2019\/09\/Almofada_Linho_Beige_Losango_Cinza_1de2_050x050_Ana_Luiza_Wawelberg_AL11818_4-768x768.jpg 768w, https:\/\/anawawelberg.com.br\/wp-content\/uploads\/2019\/09\/Almofada_Linho_Beige_Losango_Cinza_1de2_050x050_Ana_Luiza_Wawelberg_AL11818_4.jpg 1000w\" sizes=\"auto, (max-width: 650px) 100vw, 650px\" \/>\t\t\t\t\t            <\/a>\r\n\t            \t        <div class=\"noo-product-meta\">\r\n\t            \t            <span data-id=\"2442\" class=\"noo-quick-view icon_zoom-in_alt\"><\/span>\r\n\t        <\/div>\r\n\t        \t        <\/div>\r\n\t    <h3><a href=\"https:\/\/anawawelberg.com.br\/?product=almofada-linho-bege-com-apliques-de-tecido-e-bordados-costas-linho-cor-lisa-2\">Almofada Linho Bege com Apliques de Tecido e Bordados, Costas Linho e Cor Lisa<\/a><\/h3><div class=\"shop-loo-after-item\">\n<\/div><div class=\"noo-loop-cart\">\t\t\t<input type=\"hidden\" class=\"wpmProductId\" data-id=\"2442\">\n\t\t\t\t\t<script>\n\t\t\t(window.wpmDataLayer = window.wpmDataLayer || {}).products             = window.wpmDataLayer.products || {};\n\t\t\twindow.wpmDataLayer.products[2442] = {\"id\":\"2442\",\"sku\":\"AL11818\",\"price\":280,\"brand\":\"\",\"quantity\":1,\"dyn_r_ids\":{\"post_id\":\"2442\",\"sku\":\"AL11818\",\"gpf\":\"woocommerce_gpf_2442\",\"gla\":\"gla_2442\"},\"is_variable\":false,\"type\":\"simple\",\"name\":\"Almofada Linho Bege com Apliques de Tecido e Bordados, Costas Linho e Cor Lisa\",\"category\":[\"Almofadas\",\"Sale\"],\"is_variation\":false};\n\t\t\t\t\twindow.pmw_product_position = window.pmw_product_position || 1;\n\t\twindow.wpmDataLayer.products[2442]['position'] = window.pmw_product_position++;\n\t\t\t\t<\/script>\n\t\t<\/div>    <\/div><!--end .noo-product-inner-->\n<\/div>\n<div class=\"noo-product-item noo-product-sm-4 not_featured post-2443 product type-product status-publish has-post-thumbnail product_cat-almofadas product_cat-sale product_tag-almofada-linho-bege-com-bordado-zigzag-amarelo-e-branco product_tag-almofada-linho-bege-zigzag-amarelo-e-branco-2de2 has-featured  instock sale featured taxable shipping-taxable purchasable product-type-simple\">\n    <div class=\"noo-product-inner noo-product-inner2\">\n        \t        <div class=\"noo-product-thumbnail\">\r\n\t            <a href=\"https:\/\/anawawelberg.com.br\/?product=almofada-linho-bege-com-bordado-zigzag-amarelo-e-branco-costa-linho-e-cor-beige-liso\" class=\"noo-thumbnail-product hover-device\">\r\n\t\t\t\t\t\t                <img loading=\"lazy\" decoding=\"async\" width=\"650\" height=\"650\" src=\"https:\/\/anawawelberg.com.br\/wp-content\/uploads\/2019\/09\/Almofada_Linho_Bege_Zigzag_Amarelo_e_Branco_2de2_050x050_Ana_Luiza_Wawelberg_AL11821_2-650x650.jpg\" class=\"attachment-noo-thumbnail-product size-noo-thumbnail-product wp-post-image\" alt=\"\" srcset=\"https:\/\/anawawelberg.com.br\/wp-content\/uploads\/2019\/09\/Almofada_Linho_Bege_Zigzag_Amarelo_e_Branco_2de2_050x050_Ana_Luiza_Wawelberg_AL11821_2-650x650.jpg 650w, https:\/\/anawawelberg.com.br\/wp-content\/uploads\/2019\/09\/Almofada_Linho_Bege_Zigzag_Amarelo_e_Branco_2de2_050x050_Ana_Luiza_Wawelberg_AL11821_2-150x150.jpg 150w, https:\/\/anawawelberg.com.br\/wp-content\/uploads\/2019\/09\/Almofada_Linho_Bege_Zigzag_Amarelo_e_Branco_2de2_050x050_Ana_Luiza_Wawelberg_AL11821_2-100x100.jpg 100w, https:\/\/anawawelberg.com.br\/wp-content\/uploads\/2019\/09\/Almofada_Linho_Bege_Zigzag_Amarelo_e_Branco_2de2_050x050_Ana_Luiza_Wawelberg_AL11821_2-600x600.jpg 600w, https:\/\/anawawelberg.com.br\/wp-content\/uploads\/2019\/09\/Almofada_Linho_Bege_Zigzag_Amarelo_e_Branco_2de2_050x050_Ana_Luiza_Wawelberg_AL11821_2-300x300.jpg 300w, https:\/\/anawawelberg.com.br\/wp-content\/uploads\/2019\/09\/Almofada_Linho_Bege_Zigzag_Amarelo_e_Branco_2de2_050x050_Ana_Luiza_Wawelberg_AL11821_2-768x768.jpg 768w, https:\/\/anawawelberg.com.br\/wp-content\/uploads\/2019\/09\/Almofada_Linho_Bege_Zigzag_Amarelo_e_Branco_2de2_050x050_Ana_Luiza_Wawelberg_AL11821_2.jpg 1000w\" sizes=\"auto, (max-width: 650px) 100vw, 650px\" \/><img loading=\"lazy\" decoding=\"async\" width=\"650\" height=\"650\" src=\"https:\/\/anawawelberg.com.br\/wp-content\/uploads\/2019\/09\/Almofada_Linho_Bege_Zigzag_Amarelo_e_Branco_2de2_050x050_Ana_Luiza_Wawelberg_AL11821_4-650x650.jpg\" class=\"second-img\" alt=\"\" srcset=\"https:\/\/anawawelberg.com.br\/wp-content\/uploads\/2019\/09\/Almofada_Linho_Bege_Zigzag_Amarelo_e_Branco_2de2_050x050_Ana_Luiza_Wawelberg_AL11821_4-650x650.jpg 650w, https:\/\/anawawelberg.com.br\/wp-content\/uploads\/2019\/09\/Almofada_Linho_Bege_Zigzag_Amarelo_e_Branco_2de2_050x050_Ana_Luiza_Wawelberg_AL11821_4-150x150.jpg 150w, https:\/\/anawawelberg.com.br\/wp-content\/uploads\/2019\/09\/Almofada_Linho_Bege_Zigzag_Amarelo_e_Branco_2de2_050x050_Ana_Luiza_Wawelberg_AL11821_4-100x100.jpg 100w, https:\/\/anawawelberg.com.br\/wp-content\/uploads\/2019\/09\/Almofada_Linho_Bege_Zigzag_Amarelo_e_Branco_2de2_050x050_Ana_Luiza_Wawelberg_AL11821_4-600x600.jpg 600w, https:\/\/anawawelberg.com.br\/wp-content\/uploads\/2019\/09\/Almofada_Linho_Bege_Zigzag_Amarelo_e_Branco_2de2_050x050_Ana_Luiza_Wawelberg_AL11821_4-300x300.jpg 300w, https:\/\/anawawelberg.com.br\/wp-content\/uploads\/2019\/09\/Almofada_Linho_Bege_Zigzag_Amarelo_e_Branco_2de2_050x050_Ana_Luiza_Wawelberg_AL11821_4-768x768.jpg 768w, https:\/\/anawawelberg.com.br\/wp-content\/uploads\/2019\/09\/Almofada_Linho_Bege_Zigzag_Amarelo_e_Branco_2de2_050x050_Ana_Luiza_Wawelberg_AL11821_4.jpg 1000w\" sizes=\"auto, (max-width: 650px) 100vw, 650px\" \/>\t\t\t\t\t            <\/a>\r\n\t            \t        <div class=\"noo-product-meta\">\r\n\t            \t            <span data-id=\"2443\" class=\"noo-quick-view icon_zoom-in_alt\"><\/span>\r\n\t        <\/div>\r\n\t        \t        <\/div>\r\n\t    <h3><a href=\"https:\/\/anawawelberg.com.br\/?product=almofada-linho-bege-com-bordado-zigzag-amarelo-e-branco-costa-linho-e-cor-beige-liso\">Almofada Linho Bege com Bordado Zigzag Amarelo e Branco<\/a><\/h3><div class=\"shop-loo-after-item\">\n<\/div><div class=\"noo-loop-cart\">\t\t\t<input type=\"hidden\" class=\"wpmProductId\" data-id=\"2443\">\n\t\t\t\t\t<script>\n\t\t\t(window.wpmDataLayer = window.wpmDataLayer || {}).products             = window.wpmDataLayer.products || {};\n\t\t\twindow.wpmDataLayer.products[2443] = {\"id\":\"2443\",\"sku\":\"AL11821\",\"price\":280,\"brand\":\"\",\"quantity\":1,\"dyn_r_ids\":{\"post_id\":\"2443\",\"sku\":\"AL11821\",\"gpf\":\"woocommerce_gpf_2443\",\"gla\":\"gla_2443\"},\"is_variable\":false,\"type\":\"simple\",\"name\":\"Almofada Linho Bege com Bordado Zigzag Amarelo e Branco\",\"category\":[\"Almofadas\",\"Sale\"],\"is_variation\":false};\n\t\t\t\t\twindow.pmw_product_position = window.pmw_product_position || 1;\n\t\twindow.wpmDataLayer.products[2443]['position'] = window.pmw_product_position++;\n\t\t\t\t<\/script>\n\t\t<\/div>    <\/div><!--end .noo-product-inner-->\n<\/div>\n<div class=\"noo-product-item noo-product-sm-4 not_featured post-2444 product type-product status-publish has-post-thumbnail product_cat-almofadas product_tag-almofada-de-fragmento-aubusson-com-veludo-caramelo-com-grelot product_tag-ana-wawelberg product_tag-costas-veludo-bege-liso has-featured  outofstock featured taxable shipping-taxable purchasable product-type-simple\">\n    <div class=\"noo-product-inner noo-product-inner2\">\n        \t        <div class=\"noo-product-thumbnail\">\r\n\t            <a href=\"https:\/\/anawawelberg.com.br\/?product=almofada-de-fragmento-aubusson-com-veludo-caramelo-com-grilot-costa-veludo-beige-liso\" class=\"noo-thumbnail-product hover-device\">\r\n\t\t\t\t\t\t                <img loading=\"lazy\" decoding=\"async\" width=\"650\" height=\"650\" src=\"https:\/\/anawawelberg.com.br\/wp-content\/uploads\/2019\/09\/Almofada_de_Tape\u00e7aria_com_Veludo_Caramelo_1de1_058x035_Ana_Luiza_Wawelberg_AL12004_2-650x650.jpg\" class=\"attachment-noo-thumbnail-product size-noo-thumbnail-product wp-post-image\" alt=\"\" srcset=\"https:\/\/anawawelberg.com.br\/wp-content\/uploads\/2019\/09\/Almofada_de_Tape\u00e7aria_com_Veludo_Caramelo_1de1_058x035_Ana_Luiza_Wawelberg_AL12004_2-650x650.jpg 650w, https:\/\/anawawelberg.com.br\/wp-content\/uploads\/2019\/09\/Almofada_de_Tape\u00e7aria_com_Veludo_Caramelo_1de1_058x035_Ana_Luiza_Wawelberg_AL12004_2-150x150.jpg 150w, https:\/\/anawawelberg.com.br\/wp-content\/uploads\/2019\/09\/Almofada_de_Tape\u00e7aria_com_Veludo_Caramelo_1de1_058x035_Ana_Luiza_Wawelberg_AL12004_2-100x100.jpg 100w, https:\/\/anawawelberg.com.br\/wp-content\/uploads\/2019\/09\/Almofada_de_Tape\u00e7aria_com_Veludo_Caramelo_1de1_058x035_Ana_Luiza_Wawelberg_AL12004_2-600x600.jpg 600w, https:\/\/anawawelberg.com.br\/wp-content\/uploads\/2019\/09\/Almofada_de_Tape\u00e7aria_com_Veludo_Caramelo_1de1_058x035_Ana_Luiza_Wawelberg_AL12004_2-300x300.jpg 300w, https:\/\/anawawelberg.com.br\/wp-content\/uploads\/2019\/09\/Almofada_de_Tape\u00e7aria_com_Veludo_Caramelo_1de1_058x035_Ana_Luiza_Wawelberg_AL12004_2-768x768.jpg 768w, https:\/\/anawawelberg.com.br\/wp-content\/uploads\/2019\/09\/Almofada_de_Tape\u00e7aria_com_Veludo_Caramelo_1de1_058x035_Ana_Luiza_Wawelberg_AL12004_2.jpg 1000w\" sizes=\"auto, (max-width: 650px) 100vw, 650px\" \/><img loading=\"lazy\" decoding=\"async\" width=\"650\" height=\"650\" src=\"https:\/\/anawawelberg.com.br\/wp-content\/uploads\/2019\/09\/Almofada_de_Tape\u00e7aria_com_Veludo_Caramelo_1de1_058x035_Ana_Luiza_Wawelberg_AL12004_3-650x650.jpg\" class=\"second-img\" alt=\"\" srcset=\"https:\/\/anawawelberg.com.br\/wp-content\/uploads\/2019\/09\/Almofada_de_Tape\u00e7aria_com_Veludo_Caramelo_1de1_058x035_Ana_Luiza_Wawelberg_AL12004_3-650x650.jpg 650w, https:\/\/anawawelberg.com.br\/wp-content\/uploads\/2019\/09\/Almofada_de_Tape\u00e7aria_com_Veludo_Caramelo_1de1_058x035_Ana_Luiza_Wawelberg_AL12004_3-150x150.jpg 150w, https:\/\/anawawelberg.com.br\/wp-content\/uploads\/2019\/09\/Almofada_de_Tape\u00e7aria_com_Veludo_Caramelo_1de1_058x035_Ana_Luiza_Wawelberg_AL12004_3-100x100.jpg 100w, https:\/\/anawawelberg.com.br\/wp-content\/uploads\/2019\/09\/Almofada_de_Tape\u00e7aria_com_Veludo_Caramelo_1de1_058x035_Ana_Luiza_Wawelberg_AL12004_3-600x600.jpg 600w, https:\/\/anawawelberg.com.br\/wp-content\/uploads\/2019\/09\/Almofada_de_Tape\u00e7aria_com_Veludo_Caramelo_1de1_058x035_Ana_Luiza_Wawelberg_AL12004_3-300x300.jpg 300w, https:\/\/anawawelberg.com.br\/wp-content\/uploads\/2019\/09\/Almofada_de_Tape\u00e7aria_com_Veludo_Caramelo_1de1_058x035_Ana_Luiza_Wawelberg_AL12004_3-768x768.jpg 768w, https:\/\/anawawelberg.com.br\/wp-content\/uploads\/2019\/09\/Almofada_de_Tape\u00e7aria_com_Veludo_Caramelo_1de1_058x035_Ana_Luiza_Wawelberg_AL12004_3.jpg 1000w\" sizes=\"auto, (max-width: 650px) 100vw, 650px\" \/>\t\t\t\t\t            <\/a>\r\n\t            \t        <div class=\"noo-product-meta\">\r\n\t            \t            <span data-id=\"2444\" class=\"noo-quick-view icon_zoom-in_alt\"><\/span>\r\n\t        <\/div>\r\n\t        \t        <\/div>\r\n\t    <h3><a href=\"https:\/\/anawawelberg.com.br\/?product=almofada-de-fragmento-aubusson-com-veludo-caramelo-com-grilot-costa-veludo-beige-liso\">Almofada de Fragmento Aubusson com Veludo Caramelo com Grelot, Costas Veludo Bege Liso<\/a><\/h3><div class=\"shop-loo-after-item\">\n<\/div><div class=\"noo-loop-cart\">\t\t\t<input type=\"hidden\" class=\"wpmProductId\" data-id=\"2444\">\n\t\t\t\t\t<script>\n\t\t\t(window.wpmDataLayer = window.wpmDataLayer || {}).products             = window.wpmDataLayer.products || {};\n\t\t\twindow.wpmDataLayer.products[2444] = {\"id\":\"2444\",\"sku\":\"AL12004\",\"price\":1250,\"brand\":\"\",\"quantity\":1,\"dyn_r_ids\":{\"post_id\":\"2444\",\"sku\":\"AL12004\",\"gpf\":\"woocommerce_gpf_2444\",\"gla\":\"gla_2444\"},\"is_variable\":false,\"type\":\"simple\",\"name\":\"Almofada de Fragmento Aubusson com Veludo Caramelo com Grelot, Costas Veludo Bege Liso\",\"category\":[\"Almofadas\"],\"is_variation\":false};\n\t\t\t\t\twindow.pmw_product_position = window.pmw_product_position || 1;\n\t\twindow.wpmDataLayer.products[2444]['position'] = window.pmw_product_position++;\n\t\t\t\t<\/script>\n\t\t<\/div>    <\/div><!--end .noo-product-inner-->\n<\/div>\n<div class=\"noo-product-item noo-product-sm-4 not_featured post-2445 product type-product status-publish has-post-thumbnail product_cat-almofadas product_tag-almofada-jacquard-bege-com-folhas-e-costas-linho-bege product_tag-ana-wawelberg has-featured  instock featured taxable shipping-taxable purchasable product-type-simple\">\n    <div class=\"noo-product-inner noo-product-inner2\">\n        \t        <div class=\"noo-product-thumbnail\">\r\n\t            <a href=\"https:\/\/anawawelberg.com.br\/?product=almofada-tecido-jacquard-bege-com-folhas-e-costas-linho-bege\" class=\"noo-thumbnail-product hover-device\">\r\n\t\t\t\t\t\t                <img loading=\"lazy\" decoding=\"async\" width=\"650\" height=\"650\" src=\"https:\/\/anawawelberg.com.br\/wp-content\/uploads\/2019\/09\/Almofada_de_Linho_com_Detalhes_de_Folhas_Bege_2de6_050x050_Ana_Luiza_Wawelberg_AL12082_3-650x650.jpg\" class=\"attachment-noo-thumbnail-product size-noo-thumbnail-product wp-post-image\" alt=\"\" srcset=\"https:\/\/anawawelberg.com.br\/wp-content\/uploads\/2019\/09\/Almofada_de_Linho_com_Detalhes_de_Folhas_Bege_2de6_050x050_Ana_Luiza_Wawelberg_AL12082_3-650x650.jpg 650w, https:\/\/anawawelberg.com.br\/wp-content\/uploads\/2019\/09\/Almofada_de_Linho_com_Detalhes_de_Folhas_Bege_2de6_050x050_Ana_Luiza_Wawelberg_AL12082_3-150x150.jpg 150w, https:\/\/anawawelberg.com.br\/wp-content\/uploads\/2019\/09\/Almofada_de_Linho_com_Detalhes_de_Folhas_Bege_2de6_050x050_Ana_Luiza_Wawelberg_AL12082_3-100x100.jpg 100w, https:\/\/anawawelberg.com.br\/wp-content\/uploads\/2019\/09\/Almofada_de_Linho_com_Detalhes_de_Folhas_Bege_2de6_050x050_Ana_Luiza_Wawelberg_AL12082_3-600x600.jpg 600w, https:\/\/anawawelberg.com.br\/wp-content\/uploads\/2019\/09\/Almofada_de_Linho_com_Detalhes_de_Folhas_Bege_2de6_050x050_Ana_Luiza_Wawelberg_AL12082_3-300x300.jpg 300w, https:\/\/anawawelberg.com.br\/wp-content\/uploads\/2019\/09\/Almofada_de_Linho_com_Detalhes_de_Folhas_Bege_2de6_050x050_Ana_Luiza_Wawelberg_AL12082_3-768x768.jpg 768w, https:\/\/anawawelberg.com.br\/wp-content\/uploads\/2019\/09\/Almofada_de_Linho_com_Detalhes_de_Folhas_Bege_2de6_050x050_Ana_Luiza_Wawelberg_AL12082_3.jpg 1000w\" sizes=\"auto, (max-width: 650px) 100vw, 650px\" \/><img loading=\"lazy\" decoding=\"async\" width=\"650\" height=\"650\" src=\"https:\/\/anawawelberg.com.br\/wp-content\/uploads\/2019\/09\/Almofada_de_Linho_com_Detalhes_de_Folhas_Bege_2de6_050x050_Ana_Luiza_Wawelberg_AL12082_4-650x650.jpg\" class=\"second-img\" alt=\"\" srcset=\"https:\/\/anawawelberg.com.br\/wp-content\/uploads\/2019\/09\/Almofada_de_Linho_com_Detalhes_de_Folhas_Bege_2de6_050x050_Ana_Luiza_Wawelberg_AL12082_4-650x650.jpg 650w, https:\/\/anawawelberg.com.br\/wp-content\/uploads\/2019\/09\/Almofada_de_Linho_com_Detalhes_de_Folhas_Bege_2de6_050x050_Ana_Luiza_Wawelberg_AL12082_4-150x150.jpg 150w, https:\/\/anawawelberg.com.br\/wp-content\/uploads\/2019\/09\/Almofada_de_Linho_com_Detalhes_de_Folhas_Bege_2de6_050x050_Ana_Luiza_Wawelberg_AL12082_4-100x100.jpg 100w, https:\/\/anawawelberg.com.br\/wp-content\/uploads\/2019\/09\/Almofada_de_Linho_com_Detalhes_de_Folhas_Bege_2de6_050x050_Ana_Luiza_Wawelberg_AL12082_4-600x600.jpg 600w, https:\/\/anawawelberg.com.br\/wp-content\/uploads\/2019\/09\/Almofada_de_Linho_com_Detalhes_de_Folhas_Bege_2de6_050x050_Ana_Luiza_Wawelberg_AL12082_4-300x300.jpg 300w, https:\/\/anawawelberg.com.br\/wp-content\/uploads\/2019\/09\/Almofada_de_Linho_com_Detalhes_de_Folhas_Bege_2de6_050x050_Ana_Luiza_Wawelberg_AL12082_4-768x768.jpg 768w, https:\/\/anawawelberg.com.br\/wp-content\/uploads\/2019\/09\/Almofada_de_Linho_com_Detalhes_de_Folhas_Bege_2de6_050x050_Ana_Luiza_Wawelberg_AL12082_4.jpg 1000w\" sizes=\"auto, (max-width: 650px) 100vw, 650px\" \/>\t\t\t\t\t            <\/a>\r\n\t            \t        <div class=\"noo-product-meta\">\r\n\t            \t            <span data-id=\"2445\" class=\"noo-quick-view icon_zoom-in_alt\"><\/span>\r\n\t        <\/div>\r\n\t        \t        <\/div>\r\n\t    <h3><a href=\"https:\/\/anawawelberg.com.br\/?product=almofada-tecido-jacquard-bege-com-folhas-e-costas-linho-bege\">Almofada Jacquard Bege com Folhas e Costas Linho Bege<\/a><\/h3><div class=\"shop-loo-after-item\">\n<\/div><div class=\"noo-loop-cart\">\t\t\t<input type=\"hidden\" class=\"wpmProductId\" data-id=\"2445\">\n\t\t\t\t\t<script>\n\t\t\t(window.wpmDataLayer = window.wpmDataLayer || {}).products             = window.wpmDataLayer.products || {};\n\t\t\twindow.wpmDataLayer.products[2445] = {\"id\":\"2445\",\"sku\":\"AL12082\",\"price\":1157,\"brand\":\"\",\"quantity\":1,\"dyn_r_ids\":{\"post_id\":\"2445\",\"sku\":\"AL12082\",\"gpf\":\"woocommerce_gpf_2445\",\"gla\":\"gla_2445\"},\"is_variable\":false,\"type\":\"simple\",\"name\":\"Almofada Jacquard Bege com Folhas e Costas Linho Bege\",\"category\":[\"Almofadas\"],\"is_variation\":false};\n\t\t\t\t\twindow.pmw_product_position = window.pmw_product_position || 1;\n\t\twindow.wpmDataLayer.products[2445]['position'] = window.pmw_product_position++;\n\t\t\t\t<\/script>\n\t\t<\/div>    <\/div><!--end .noo-product-inner-->\n<\/div>\n<div class=\"noo-product-item noo-product-sm-4 not_featured post-2446 product type-product status-publish has-post-thumbnail product_cat-almofadas product_tag-almofada-seda-estampada-multicolorida-e-costas-seda-bege product_tag-ana-wawelberg has-featured last instock featured taxable shipping-taxable purchasable product-type-simple\">\n    <div class=\"noo-product-inner noo-product-inner2\">\n        \t        <div class=\"noo-product-thumbnail\">\r\n\t            <a href=\"https:\/\/anawawelberg.com.br\/?product=almofada-seda-estampada-multicolorida-e-costas-seda-beige\" class=\"noo-thumbnail-product hover-device\">\r\n\t\t\t\t\t\t                <img loading=\"lazy\" decoding=\"async\" width=\"650\" height=\"650\" src=\"https:\/\/anawawelberg.com.br\/wp-content\/uploads\/2019\/09\/Almofada_Estampa_Colorida_de_Seda_8de12_050x050_Ana_Luiza_Wawelberg_AL12598_2-650x650.jpg\" class=\"attachment-noo-thumbnail-product size-noo-thumbnail-product wp-post-image\" alt=\"\" srcset=\"https:\/\/anawawelberg.com.br\/wp-content\/uploads\/2019\/09\/Almofada_Estampa_Colorida_de_Seda_8de12_050x050_Ana_Luiza_Wawelberg_AL12598_2-650x650.jpg 650w, https:\/\/anawawelberg.com.br\/wp-content\/uploads\/2019\/09\/Almofada_Estampa_Colorida_de_Seda_8de12_050x050_Ana_Luiza_Wawelberg_AL12598_2-150x150.jpg 150w, https:\/\/anawawelberg.com.br\/wp-content\/uploads\/2019\/09\/Almofada_Estampa_Colorida_de_Seda_8de12_050x050_Ana_Luiza_Wawelberg_AL12598_2-100x100.jpg 100w, https:\/\/anawawelberg.com.br\/wp-content\/uploads\/2019\/09\/Almofada_Estampa_Colorida_de_Seda_8de12_050x050_Ana_Luiza_Wawelberg_AL12598_2-600x600.jpg 600w, https:\/\/anawawelberg.com.br\/wp-content\/uploads\/2019\/09\/Almofada_Estampa_Colorida_de_Seda_8de12_050x050_Ana_Luiza_Wawelberg_AL12598_2-300x300.jpg 300w, https:\/\/anawawelberg.com.br\/wp-content\/uploads\/2019\/09\/Almofada_Estampa_Colorida_de_Seda_8de12_050x050_Ana_Luiza_Wawelberg_AL12598_2-768x768.jpg 768w, https:\/\/anawawelberg.com.br\/wp-content\/uploads\/2019\/09\/Almofada_Estampa_Colorida_de_Seda_8de12_050x050_Ana_Luiza_Wawelberg_AL12598_2.jpg 1000w\" sizes=\"auto, (max-width: 650px) 100vw, 650px\" \/><img loading=\"lazy\" decoding=\"async\" width=\"650\" height=\"650\" src=\"https:\/\/anawawelberg.com.br\/wp-content\/uploads\/2019\/09\/Almofada_Estampa_Colorida_de_Seda_8de12_050x050_Ana_Luiza_Wawelberg_AL12598_4-650x650.jpg\" class=\"second-img\" alt=\"\" srcset=\"https:\/\/anawawelberg.com.br\/wp-content\/uploads\/2019\/09\/Almofada_Estampa_Colorida_de_Seda_8de12_050x050_Ana_Luiza_Wawelberg_AL12598_4-650x650.jpg 650w, https:\/\/anawawelberg.com.br\/wp-content\/uploads\/2019\/09\/Almofada_Estampa_Colorida_de_Seda_8de12_050x050_Ana_Luiza_Wawelberg_AL12598_4-150x150.jpg 150w, https:\/\/anawawelberg.com.br\/wp-content\/uploads\/2019\/09\/Almofada_Estampa_Colorida_de_Seda_8de12_050x050_Ana_Luiza_Wawelberg_AL12598_4-100x100.jpg 100w, https:\/\/anawawelberg.com.br\/wp-content\/uploads\/2019\/09\/Almofada_Estampa_Colorida_de_Seda_8de12_050x050_Ana_Luiza_Wawelberg_AL12598_4-600x600.jpg 600w, https:\/\/anawawelberg.com.br\/wp-content\/uploads\/2019\/09\/Almofada_Estampa_Colorida_de_Seda_8de12_050x050_Ana_Luiza_Wawelberg_AL12598_4-300x300.jpg 300w, https:\/\/anawawelberg.com.br\/wp-content\/uploads\/2019\/09\/Almofada_Estampa_Colorida_de_Seda_8de12_050x050_Ana_Luiza_Wawelberg_AL12598_4-768x768.jpg 768w, https:\/\/anawawelberg.com.br\/wp-content\/uploads\/2019\/09\/Almofada_Estampa_Colorida_de_Seda_8de12_050x050_Ana_Luiza_Wawelberg_AL12598_4.jpg 1000w\" sizes=\"auto, (max-width: 650px) 100vw, 650px\" \/>\t\t\t\t\t            <\/a>\r\n\t            \t        <div class=\"noo-product-meta\">\r\n\t            \t            <span data-id=\"2446\" class=\"noo-quick-view icon_zoom-in_alt\"><\/span>\r\n\t        <\/div>\r\n\t        \t        <\/div>\r\n\t    <h3><a href=\"https:\/\/anawawelberg.com.br\/?product=almofada-seda-estampada-multicolorida-e-costas-seda-beige\">Almofada Seda Estampada Multicolorida e Costas Seda Bege<\/a><\/h3><div class=\"shop-loo-after-item\">\n<\/div><div class=\"noo-loop-cart\">\t\t\t<input type=\"hidden\" class=\"wpmProductId\" data-id=\"2446\">\n\t\t\t\t\t<script>\n\t\t\t(window.wpmDataLayer = window.wpmDataLayer || {}).products             = window.wpmDataLayer.products || {};\n\t\t\twindow.wpmDataLayer.products[2446] = {\"id\":\"2446\",\"sku\":\"AL12598\",\"price\":650,\"brand\":\"\",\"quantity\":1,\"dyn_r_ids\":{\"post_id\":\"2446\",\"sku\":\"AL12598\",\"gpf\":\"woocommerce_gpf_2446\",\"gla\":\"gla_2446\"},\"is_variable\":false,\"type\":\"simple\",\"name\":\"Almofada Seda Estampada Multicolorida e Costas Seda Bege\",\"category\":[\"Almofadas\"],\"is_variation\":false};\n\t\t\t\t\twindow.pmw_product_position = window.pmw_product_position || 1;\n\t\twindow.wpmDataLayer.products[2446]['position'] = window.pmw_product_position++;\n\t\t\t\t<\/script>\n\t\t<\/div>    <\/div><!--end .noo-product-inner-->\n<\/div>\n                    <\/div><!--end .noo-sh-product-html-->\n                <\/div><!--end .noo-sh-product-grid-->\n            <\/div><!--end .noo-shortcode-product-wrap-->\n                        [vc_empty_space height=&#8221;50px&#8221;][\/vc_column][\/vc_row][vc_row full_width=&#8221;stretch_row_content&#8221; gap=&#8221;20&#8243; equal_height=&#8221;yes&#8221; content_placement=&#8221;middle&#8221; parallax=&#8221;content-moving&#8221; parallax_image=&#8221;1340&#8243; parallax_speed_bg=&#8221;1.2&#8243; css=&#8221;.vc_custom_1592790525573{padding-top: 0px !important;padding-bottom: 0px !important;}&#8221;][vc_column width=&#8221;1\/4&#8243;][\/vc_column][vc_column width=&#8221;1\/2&#8243; css=&#8221;.vc_custom_1592790433309{padding-top: 30px !important;padding-right: 30px !important;padding-bottom: 30px !important;padding-left: 30px !important;background-color: rgba(255,255,255,0.85) !important;*background-color: rgb(255,255,255) !important;}&#8221;][vc_column_text]<\/p>\n<h2 style=\"text-align: center;\">Cadastre-se na nossa Newsletter<\/h2>\n<p style=\"text-align: center;\">Receba as novidades da Ana Luiza Wawelberg no seu email.<\/p>\n<p>[\/vc_column_text][vc_column_text]<\/p>\n<p style=\"text-align: center;\"><div class=\"wpforms-container wpforms-container-full\" id=\"wpforms-1338\"><form id=\"wpforms-form-1338\" class=\"wpforms-validate wpforms-form\" data-formid=\"1338\" method=\"post\" enctype=\"multipart\/form-data\" action=\"\/index.php?rest_route=%2Fwp%2Fv2%2Fpages%2F351\" data-token=\"29babe73da6ab24f9bf379b0eefe7ed4\" data-token-time=\"1777805638\"><noscript class=\"wpforms-error-noscript\">Ative o JavaScript no seu navegador para preencher este formul\u00e1rio.<\/noscript><div class=\"wpforms-field-container\"><div id=\"wpforms-1338-field_2-container\" class=\"wpforms-field wpforms-field-name wpforms-one-half wpforms-first\" data-field-id=\"2\"><label class=\"wpforms-field-label\" for=\"wpforms-1338-field_2\">Name <span class=\"wpforms-required-label\">*<\/span><\/label><input type=\"text\" id=\"wpforms-1338-field_2\" class=\"wpforms-field-large wpforms-field-required\" name=\"wpforms[fields][2]\" required><\/div><div id=\"wpforms-1338-field_3-container\" class=\"wpforms-field wpforms-field-email wpforms-one-half\" data-field-id=\"3\"><label class=\"wpforms-field-label\" for=\"wpforms-1338-field_3\">Email <span class=\"wpforms-required-label\">*<\/span><\/label><input type=\"email\" id=\"wpforms-1338-field_3\" class=\"wpforms-field-large wpforms-field-required\" name=\"wpforms[fields][3]\" spellcheck=\"false\" required><\/div><\/div><!-- .wpforms-field-container --><div class=\"wpforms-field wpforms-field-hp\"><label for=\"wpforms-1338-field-hp\" class=\"wpforms-field-label\">Name<\/label><input type=\"text\" name=\"wpforms[hp]\" id=\"wpforms-1338-field-hp\" class=\"wpforms-field-medium\"><\/div><div class=\"wpforms-submit-container\" ><input type=\"hidden\" name=\"wpforms[id]\" value=\"1338\"><input type=\"hidden\" name=\"page_title\" value=\"\"><input type=\"hidden\" name=\"page_url\" value=\"https:\/\/anawawelberg.com.br\/index.php?rest_route=\/wp\/v2\/pages\/351\"><input type=\"hidden\" name=\"url_referer\" value=\"\"><button type=\"submit\" name=\"wpforms[submit]\" id=\"wpforms-submit-1338\" class=\"wpforms-submit\" data-alt-text=\"Cadastrando...\" data-submit-text=\"Cadastrar\" aria-live=\"assertive\" value=\"wpforms-submit\">Cadastrar<\/button><\/div><\/form><\/div>  <!-- .wpforms-container --><\/p>\n<p>[\/vc_column_text][\/vc_column][vc_column width=&#8221;1\/4&#8243;][\/vc_column][\/vc_row]<\/p>\n<\/div>","protected":false},"excerpt":{"rendered":"<p>[vc_row full_width=&#8221;stretch_row_content&#8221; content_placement=&#8221;top&#8221;][vc_column][vc_empty_space height=&#8221;10px&#8221;][vc_column_text css=&#8221;.vc_custom_1646940021542{margin-top: -1px !important;padding-top: 10px !important;padding-right: 10px !important;padding-bottom: 10px !important;padding-left: 10px !important;background-color: #154d4b !important;}&#8221;] Visite nossa loja f\u00edsica ou solicite um or\u00e7amento na p\u00e1gina do produto ou via WhatsApp [\/vc_column_text][vc_column_text css=&#8221;.vc_custom_1605994290631{margin-top: -1px !important;padding-right: 10px !important;padding-bottom: 10px !important;padding-left: 10px !important;background-color: #154d4b !important;}&#8221;] Alameda Gabriel Monteiro da Silva, 1113 &#8211; Jardim Am\u00e9rica, S\u00e3o Paulo &#8211; SP, CEP: 01441-000 [\/vc_column_text][vc_empty_space [&hellip;]<\/p>\n","protected":false},"author":1,"featured_media":0,"parent":0,"menu_order":0,"comment_status":"closed","ping_status":"closed","template":"","meta":{"_joinchat":[],"footnotes":""},"class_list":["post-351","page","type-page","status-publish","hentry","has-featured"],"yoast_head":"<!-- This site is optimized with the Yoast SEO plugin v24.8.1 - https:\/\/yoast.com\/wordpress\/plugins\/seo\/ -->\n<title>Home Ana Luiza Wawelberg - Ana Luiza Wawelberg<\/title>\n<meta name=\"description\" content=\"Produtos do Moderno ao Cl\u00e1ssico para Decorar a Sua Casa com muita Eleg\u00e2ncia e Originalidade \u2013 Almofada, Abajur, Cristal de Murano, M\u00f3vel, Lumin\u00e1ria, Tapete, Lustres e muito mais - Loja Ana Luiza Wawelberg\" \/>\n<meta name=\"robots\" content=\"index, follow, max-snippet:-1, max-image-preview:large, max-video-preview:-1\" \/>\n<link rel=\"canonical\" href=\"http:\/\/anawawelberg.com.br\/\" \/>\n<meta property=\"og:locale\" content=\"pt_BR\" \/>\n<meta property=\"og:type\" content=\"article\" \/>\n<meta property=\"og:title\" content=\"Home Ana Luiza Wawelberg - Ana Luiza Wawelberg\" \/>\n<meta property=\"og:description\" content=\"Produtos do Moderno ao Cl\u00e1ssico para Decorar a Sua Casa com muita Eleg\u00e2ncia e Originalidade \u2013 Almofada, Abajur, Cristal de Murano, M\u00f3vel, Lumin\u00e1ria, Tapete, Lustres e muito mais - Loja Ana Luiza Wawelberg\" \/>\n<meta property=\"og:url\" content=\"http:\/\/anawawelberg.com.br\/\" \/>\n<meta property=\"og:site_name\" content=\"Ana Luiza Wawelberg\" \/>\n<meta property=\"article:publisher\" content=\"https:\/\/www.facebook.com\/lojaanaluizawawelberg\/\" \/>\n<meta property=\"article:modified_time\" content=\"2024-05-15T06:14:20+00:00\" \/>\n<meta name=\"twitter:card\" content=\"summary_large_image\" \/>\n<meta name=\"twitter:label1\" content=\"Est. tempo de leitura\" \/>\n\t<meta name=\"twitter:data1\" content=\"1 minuto\" \/>\n<script type=\"application\/ld+json\" class=\"yoast-schema-graph\">{\"@context\":\"https:\/\/schema.org\",\"@graph\":[{\"@type\":\"WebPage\",\"@id\":\"http:\/\/anawawelberg.com.br\/\",\"url\":\"http:\/\/anawawelberg.com.br\/\",\"name\":\"Home Ana Luiza Wawelberg - Ana Luiza Wawelberg\",\"isPartOf\":{\"@id\":\"http:\/\/anawawelberg.com.br\/#website\"},\"datePublished\":\"2016-05-05T08:08:33+00:00\",\"dateModified\":\"2024-05-15T06:14:20+00:00\",\"description\":\"Produtos do Moderno ao Cl\u00e1ssico para Decorar a Sua Casa com muita Eleg\u00e2ncia e Originalidade \u2013 Almofada, Abajur, Cristal de Murano, M\u00f3vel, Lumin\u00e1ria, Tapete, Lustres e muito mais - Loja Ana Luiza Wawelberg\",\"breadcrumb\":{\"@id\":\"http:\/\/anawawelberg.com.br\/#breadcrumb\"},\"inLanguage\":\"pt-BR\",\"potentialAction\":[{\"@type\":\"ReadAction\",\"target\":[\"http:\/\/anawawelberg.com.br\/\"]}]},{\"@type\":\"BreadcrumbList\",\"@id\":\"http:\/\/anawawelberg.com.br\/#breadcrumb\",\"itemListElement\":[{\"@type\":\"ListItem\",\"position\":1,\"name\":\"In\u00edcio\",\"item\":\"http:\/\/anawawelberg.com.br\/\"},{\"@type\":\"ListItem\",\"position\":2,\"name\":\"Home Ana Luiza Wawelberg\"}]},{\"@type\":\"WebSite\",\"@id\":\"http:\/\/anawawelberg.com.br\/#website\",\"url\":\"http:\/\/anawawelberg.com.br\/\",\"name\":\"Ana Wawelberg\",\"description\":\"Produtos do Moderno ao Cl\u00e1ssico para Decorar a Sua Casa com muita Eleg\u00e2ncia e Originalidade \u2013 Almofada, Abajur, Cristal de Murano, M\u00f3vel, Lumin\u00e1ria, Tapete, Lustres e muito mais. Loja Decora\u00e7\u00e3o Alameda Gabriel Monteiro da Silva, S\u00e3o Paulo - SP\",\"publisher\":{\"@id\":\"http:\/\/anawawelberg.com.br\/#organization\"},\"potentialAction\":[{\"@type\":\"SearchAction\",\"target\":{\"@type\":\"EntryPoint\",\"urlTemplate\":\"http:\/\/anawawelberg.com.br\/?s={search_term_string}\"},\"query-input\":{\"@type\":\"PropertyValueSpecification\",\"valueRequired\":true,\"valueName\":\"search_term_string\"}}],\"inLanguage\":\"pt-BR\"},{\"@type\":\"Organization\",\"@id\":\"http:\/\/anawawelberg.com.br\/#organization\",\"name\":\"Ana Luiza Wawelberg\",\"url\":\"http:\/\/anawawelberg.com.br\/\",\"logo\":{\"@type\":\"ImageObject\",\"inLanguage\":\"pt-BR\",\"@id\":\"http:\/\/anawawelberg.com.br\/#\/schema\/logo\/image\/\",\"url\":\"http:\/\/anawawelberg.com.br\/wp-content\/uploads\/2020\/06\/Ana_Wawelberg_Logotipo-1.png\",\"contentUrl\":\"http:\/\/anawawelberg.com.br\/wp-content\/uploads\/2020\/06\/Ana_Wawelberg_Logotipo-1.png\",\"width\":248,\"height\":130,\"caption\":\"Ana Luiza Wawelberg\"},\"image\":{\"@id\":\"http:\/\/anawawelberg.com.br\/#\/schema\/logo\/image\/\"},\"sameAs\":[\"https:\/\/www.facebook.com\/lojaanaluizawawelberg\/\",\"https:\/\/www.instagram.com\/analuizawawelberg\/\"]}]}<\/script>\n<!-- \/ Yoast SEO plugin. -->","yoast_head_json":{"title":"Home Ana Luiza Wawelberg - Ana Luiza Wawelberg","description":"Produtos do Moderno ao Cl\u00e1ssico para Decorar a Sua Casa com muita Eleg\u00e2ncia e Originalidade \u2013 Almofada, Abajur, Cristal de Murano, M\u00f3vel, Lumin\u00e1ria, Tapete, Lustres e muito mais - Loja Ana Luiza Wawelberg","robots":{"index":"index","follow":"follow","max-snippet":"max-snippet:-1","max-image-preview":"max-image-preview:large","max-video-preview":"max-video-preview:-1"},"canonical":"http:\/\/anawawelberg.com.br\/","og_locale":"pt_BR","og_type":"article","og_title":"Home Ana Luiza Wawelberg - Ana Luiza Wawelberg","og_description":"Produtos do Moderno ao Cl\u00e1ssico para Decorar a Sua Casa com muita Eleg\u00e2ncia e Originalidade \u2013 Almofada, Abajur, Cristal de Murano, M\u00f3vel, Lumin\u00e1ria, Tapete, Lustres e muito mais - Loja Ana Luiza Wawelberg","og_url":"http:\/\/anawawelberg.com.br\/","og_site_name":"Ana Luiza Wawelberg","article_publisher":"https:\/\/www.facebook.com\/lojaanaluizawawelberg\/","article_modified_time":"2024-05-15T06:14:20+00:00","twitter_card":"summary_large_image","twitter_misc":{"Est. tempo de leitura":"1 minuto"},"schema":{"@context":"https:\/\/schema.org","@graph":[{"@type":"WebPage","@id":"http:\/\/anawawelberg.com.br\/","url":"http:\/\/anawawelberg.com.br\/","name":"Home Ana Luiza Wawelberg - Ana Luiza Wawelberg","isPartOf":{"@id":"http:\/\/anawawelberg.com.br\/#website"},"datePublished":"2016-05-05T08:08:33+00:00","dateModified":"2024-05-15T06:14:20+00:00","description":"Produtos do Moderno ao Cl\u00e1ssico para Decorar a Sua Casa com muita Eleg\u00e2ncia e Originalidade \u2013 Almofada, Abajur, Cristal de Murano, M\u00f3vel, Lumin\u00e1ria, Tapete, Lustres e muito mais - Loja Ana Luiza Wawelberg","breadcrumb":{"@id":"http:\/\/anawawelberg.com.br\/#breadcrumb"},"inLanguage":"pt-BR","potentialAction":[{"@type":"ReadAction","target":["http:\/\/anawawelberg.com.br\/"]}]},{"@type":"BreadcrumbList","@id":"http:\/\/anawawelberg.com.br\/#breadcrumb","itemListElement":[{"@type":"ListItem","position":1,"name":"In\u00edcio","item":"http:\/\/anawawelberg.com.br\/"},{"@type":"ListItem","position":2,"name":"Home Ana Luiza Wawelberg"}]},{"@type":"WebSite","@id":"http:\/\/anawawelberg.com.br\/#website","url":"http:\/\/anawawelberg.com.br\/","name":"Ana Wawelberg","description":"Produtos do Moderno ao Cl\u00e1ssico para Decorar a Sua Casa com muita Eleg\u00e2ncia e Originalidade \u2013 Almofada, Abajur, Cristal de Murano, M\u00f3vel, Lumin\u00e1ria, Tapete, Lustres e muito mais. Loja Decora\u00e7\u00e3o Alameda Gabriel Monteiro da Silva, S\u00e3o Paulo - SP","publisher":{"@id":"http:\/\/anawawelberg.com.br\/#organization"},"potentialAction":[{"@type":"SearchAction","target":{"@type":"EntryPoint","urlTemplate":"http:\/\/anawawelberg.com.br\/?s={search_term_string}"},"query-input":{"@type":"PropertyValueSpecification","valueRequired":true,"valueName":"search_term_string"}}],"inLanguage":"pt-BR"},{"@type":"Organization","@id":"http:\/\/anawawelberg.com.br\/#organization","name":"Ana Luiza Wawelberg","url":"http:\/\/anawawelberg.com.br\/","logo":{"@type":"ImageObject","inLanguage":"pt-BR","@id":"http:\/\/anawawelberg.com.br\/#\/schema\/logo\/image\/","url":"http:\/\/anawawelberg.com.br\/wp-content\/uploads\/2020\/06\/Ana_Wawelberg_Logotipo-1.png","contentUrl":"http:\/\/anawawelberg.com.br\/wp-content\/uploads\/2020\/06\/Ana_Wawelberg_Logotipo-1.png","width":248,"height":130,"caption":"Ana Luiza Wawelberg"},"image":{"@id":"http:\/\/anawawelberg.com.br\/#\/schema\/logo\/image\/"},"sameAs":["https:\/\/www.facebook.com\/lojaanaluizawawelberg\/","https:\/\/www.instagram.com\/analuizawawelberg\/"]}]}},"_links":{"self":[{"href":"https:\/\/anawawelberg.com.br\/index.php?rest_route=\/wp\/v2\/pages\/351","targetHints":{"allow":["GET"]}}],"collection":[{"href":"https:\/\/anawawelberg.com.br\/index.php?rest_route=\/wp\/v2\/pages"}],"about":[{"href":"https:\/\/anawawelberg.com.br\/index.php?rest_route=\/wp\/v2\/types\/page"}],"author":[{"embeddable":true,"href":"https:\/\/anawawelberg.com.br\/index.php?rest_route=\/wp\/v2\/users\/1"}],"replies":[{"embeddable":true,"href":"https:\/\/anawawelberg.com.br\/index.php?rest_route=%2Fwp%2Fv2%2Fcomments&post=351"}],"version-history":[{"count":106,"href":"https:\/\/anawawelberg.com.br\/index.php?rest_route=\/wp\/v2\/pages\/351\/revisions"}],"predecessor-version":[{"id":10673,"href":"https:\/\/anawawelberg.com.br\/index.php?rest_route=\/wp\/v2\/pages\/351\/revisions\/10673"}],"wp:attachment":[{"href":"https:\/\/anawawelberg.com.br\/index.php?rest_route=%2Fwp%2Fv2%2Fmedia&parent=351"}],"curies":[{"name":"wp","href":"https:\/\/api.w.org\/{rel}","templated":true}]}}